{"id":4390,"date":"2019-05-27T06:35:29","date_gmt":"2019-05-27T06:35:29","guid":{"rendered":"https:\/\/new.rothszki.hu\/?page_id=4390"},"modified":"2019-05-28T06:02:17","modified_gmt":"2019-05-28T06:02:17","slug":"ekreta-adatkezelesi-tajekoztato","status":"publish","type":"page","link":"https:\/\/new.rothszki.hu\/index.php\/ekreta-adatkezelesi-tajekoztato\/","title":{"rendered":"Adatkezel\u00e9si t\u00e1j\u00e9koztat\u00f3"},"content":{"rendered":"\n<p><strong>Adatkezel\u00e9si\nt\u00e1j\u00e9koztat\u00f3<\/strong><\/p>\n\n\n\n<p>Jelen adatkezel\u00e9si t\u00e1j\u00e9koztat\u00f3 a <a href=\"https:\/\/eugyintezes.e-kreta.hu\/kezdolap\">https:\/\/eugyintezes.e-kreta.hu\/kezdolap<\/a>\nhonlapon (a tov\u00e1bbiakban: \u201e<strong>Honlap<\/strong>\u201d) el\u00e9rhet\u0151\n\u00fcgyint\u00e9z\u00e9si men\u00fcpontok haszn\u00e1lata sor\u00e1n t\u00f6rt\u00e9n\u0151 adatkezel\u00e9sekhez kapcsol\u00f3d\u00f3an\nk\u00e9sz\u00fclt, \u00f6sszhangban a term\u00e9szetes szem\u00e9lyeknek a szem\u00e9lyes adatok kezel\u00e9se\ntekintet\u00e9ben t\u00f6rt\u00e9n\u0151 v\u00e9delm\u00e9r\u0151l \u00e9s az ilyen adatok szabad \u00e1raml\u00e1s\u00e1r\u00f3l, valamint\na 95\/46\/EK rendelet hat\u00e1lyon k\u00edv\u00fcl helyez\u00e9s\u00e9r\u0151l sz\u00f3l\u00f3, az Eur\u00f3pai Parlament \u00e9s\na Tan\u00e1cs (EU) 2016. \u00e1prilis 27. napj\u00e1n kelt, 2016\/679 rendelet (a tov\u00e1bbiakban \u201e<strong>GDPR<\/strong>\u201d)\n13-14. cikk\u00e9ben foglaltakkal \u00e9s az inform\u00e1ci\u00f3s \u00f6nrendelkez\u00e9si jogr\u00f3l \u00e9s az\ninform\u00e1ci\u00f3szabads\u00e1gr\u00f3l sz\u00f3l\u00f3 2011. \u00e9vi CXII. t\u00f6rv\u00e9nynek az adatkezel\u00e9sre\nir\u00e1nyad\u00f3 szakaszaiban foglaltakkal. &nbsp;&nbsp;<\/p>\n\n\n\n<ol class=\"wp-block-list\"><li><strong>Adatkezel\u0151<\/strong><\/li><\/ol>\n\n\n\n<p>Az Adatkezel\u0151 a nemzeti\nk\u00f6znevel\u00e9sr\u0151l sz\u00f3l\u00f3 2011. \u00e9vi CXC. t\u00f6rv\u00e9ny (a tov\u00e1bbiakban: \u201e<strong>Nkt<\/strong>.\u201d), valamint a k\u00f6zalkalmazottak\njog\u00e1ll\u00e1s\u00e1r\u00f3l sz\u00f3l\u00f3 1992. \u00e9vi XXXIII. t\u00f6rv\u00e9ny \u00e9rtelm\u00e9ben minden esetben az\nint\u00e9zm\u00e9ny (a tov\u00e1bbiakban: \u201e<strong>Adatkezel\u0151<\/strong>\u201d).<\/p>\n\n\n\n<ul class=\"wp-block-list\"><li><strong>Adatkezel\u00e9s szab\u00e1lyai<\/strong><\/li><\/ul>\n\n\n\n<p>Jelen adatkezel\u00e9si t\u00e1j\u00e9koztat\u00f3 id\u0151beli hat\u00e1lya 2019. j\u00fanius 1. napj\u00e1t\u00f3l, visszavon\u00e1sig tart.<\/p>\n\n\n\n<p>A jelen szab\u00e1lyzat fogalmi\nrendszer\u00e9ben meghat\u00e1rozottakra ir\u00e1nyad\u00f3 a term\u00e9szetes szem\u00e9lyeknek a\nszem\u00e9lyes adatok kezel\u00e9se tekintet\u00e9ben t\u00f6rt\u00e9n\u0151 v\u00e9delm\u00e9r\u0151l \u00e9s az ilyen adatok\nszabad \u00e1raml\u00e1s\u00e1r\u00f3l, valamint a 95\/46\/EK rendelet hat\u00e1lyon k\u00edv\u00fcl helyez\u00e9s\u00e9r\u0151l\nsz\u00f3l\u00f3, az Eur\u00f3pai Parlament \u00e9s a Tan\u00e1cs (EU) 2016. \u00e1prilis 27. napj\u00e1n kelt,\n2016\/679 rendelet (a tov\u00e1bbiakban \u201e<strong>GDPR<\/strong>\u201d) 4. cikk\u00e9ben meghat\u00e1rozott\n\u00e9rtelmez\u0151 fogalommagyar\u00e1zatok tartalma, \u00f6sszhangban a hat\u00e1lyos Infotv. 3. \u00a7\n\u00e9rtelmez\u0151 rendelkez\u00e9seivel. <\/p>\n\n\n\n<p>Ezek alapj\u00e1n teh\u00e1t:<\/p>\n\n\n\n<ul class=\"wp-block-list\"><li><em>szem\u00e9lyes adat:<\/em> azonos\u00edtott vagy azonos\u00edthat\u00f3 term\u00e9szetes szem\u00e9lyre\n(\u201e\u00e9rintett\u201d) vonatkoz\u00f3 b\u00e1rmely inform\u00e1ci\u00f3; azonos\u00edthat\u00f3 az a term\u00e9szetes\nszem\u00e9ly, aki k\u00f6zvetlen vagy k\u00f6zvetett m\u00f3don, k\u00fcl\u00f6n\u00f6sen valamely azonos\u00edt\u00f3,\np\u00e9ld\u00e1ul n\u00e9v, sz\u00e1m, helymeghat\u00e1roz\u00f3 adat, online azonos\u00edt\u00f3 vagy a term\u00e9szetes\nszem\u00e9ly testi, fiziol\u00f3giai, genetikai, szellemi, gazdas\u00e1gi, kultur\u00e1lis vagy\nszoci\u00e1lis azonoss\u00e1g\u00e1ra vonatkoz\u00f3 egy vagy t\u00f6bb t\u00e9nyez\u0151 alapj\u00e1n azonos\u00edthat\u00f3;<\/li><\/ul>\n\n\n\n<ul class=\"wp-block-list\"><li><em>hozz\u00e1j\u00e1rul\u00e1s:<\/em> az \u00e9rintett akarat\u00e1nak \u00f6nk\u00e9ntes, konkr\u00e9t \u00e9s megfelel\u0151\nt\u00e1j\u00e9koztat\u00e1son alapul\u00f3 \u00e9s egy\u00e9rtelm\u0171 kinyilv\u00e1n\u00edt\u00e1sa, amellyel az \u00e9rintett\nnyilatkozat vagy a meger\u0151s\u00edt\u00e9st f\u00e9lre\u00e9rthetetlen\u00fcl kifejez\u0151 cselekedet \u00fatj\u00e1n\njelzi, hogy beleegyez\u00e9s\u00e9t adja az \u0151t \u00e9rint\u0151 szem\u00e9lyes adatok kezel\u00e9s\u00e9hez;<\/li><\/ul>\n\n\n\n<ul class=\"wp-block-list\"><li><em>adatkezel\u0151:<\/em> az a term\u00e9szetes vagy jogi szem\u00e9ly, k\u00f6zhatalmi szerv,\n\u00fcgyn\u00f6ks\u00e9g vagy b\u00e1rmely egy\u00e9b szerv, amely a szem\u00e9lyes adatok kezel\u00e9s\u00e9nek\nc\u00e9ljait \u00e9s eszk\u00f6zeit \u00f6n\u00e1ll\u00f3an vagy m\u00e1sokkal egy\u00fctt meghat\u00e1rozza; ha az\nadatkezel\u00e9s c\u00e9ljait \u00e9s eszk\u00f6zeit az uni\u00f3s vagy a tag\u00e1llami jog hat\u00e1rozza meg,\naz adatkezel\u0151t vagy az adatkezel\u0151 kijel\u00f6l\u00e9s\u00e9re vonatkoz\u00f3 k\u00fcl\u00f6n\u00f6s szempontokat\naz uni\u00f3s vagy a tag\u00e1llami jog is meghat\u00e1rozhatja;<\/li><\/ul>\n\n\n\n<ul class=\"wp-block-list\"><li><em>adatkezel\u00e9s:<\/em> a szem\u00e9lyes adatokon vagy adat\u00e1llom\u00e1nyokon\nautomatiz\u00e1lt vagy nem automatiz\u00e1lt m\u00f3don v\u00e9gzett b\u00e1rmely m\u0171velet vagy m\u0171veletek\n\u00f6sszess\u00e9ge, \u00edgy a gy\u0171jt\u00e9s, r\u00f6gz\u00edt\u00e9s, rendszerez\u00e9s, tagol\u00e1s, t\u00e1rol\u00e1s, \u00e1talak\u00edt\u00e1s\nvagy megv\u00e1ltoztat\u00e1s, lek\u00e9rdez\u00e9s, betekint\u00e9s, felhaszn\u00e1l\u00e1s, k\u00f6zl\u00e9s tov\u00e1bb\u00edt\u00e1s,\nterjeszt\u00e9s vagy egy\u00e9b m\u00f3don t\u00f6rt\u00e9n\u0151 hozz\u00e1f\u00e9rhet\u0151v\u00e9 t\u00e9tel \u00fatj\u00e1n, \u00f6sszehangol\u00e1s\nvagy \u00f6sszekapcsol\u00e1s, korl\u00e1toz\u00e1s, t\u00f6rl\u00e9s, illetve megsemmis\u00edt\u00e9s;<\/li><\/ul>\n\n\n\n<ul class=\"wp-block-list\"><li><em>adatfeldolgoz\u00f3:<\/em> az a term\u00e9szetes vagy jogi szem\u00e9ly, k\u00f6zhatalmi szerv,\n\u00fcgyn\u00f6ks\u00e9g vagy b\u00e1rmely egy\u00e9b szerv, amely az adatkezel\u0151 nev\u00e9ben szem\u00e9lyes\nadatokat kezel.<\/li><\/ul>\n\n\n\n<p><strong>Tov\u00e1bbi fogalmak:<\/strong><\/p>\n\n\n\n<ul class=\"wp-block-list\"><li><em>Felhaszn\u00e1l\u00f3: a KR\u00c9TA\nrendszerben saj\u00e1t felhaszn\u00e1l\u00f3n\u00e9vvel \u00e9s jelsz\u00f3val rendelkez\u0151, a KR\u00c9TA rendszer\nszolg\u00e1ltat\u00e1sait megfelel\u0151 jogosults\u00e1ggal ig\u00e9nybe vev\u0151 term\u00e9szetes szem\u00e9lyek;<\/em><\/li><\/ul>\n\n\n\n<ul class=\"wp-block-list\"><li><em>Viszontazonos\u00edt\u00e1s: Olyan\nellen\u0151rz\u00e9si folyamat, melynek sor\u00e1n az Adatkezel\u0151 megk\u00fcldi az \u00e1ltala jogszer\u0171en\nkezelt term\u00e9szetes szem\u00e9lyazonos\u00edt\u00f3 adatokat az azonos\u00edt\u00e1si szolg\u00e1ltat\u00f3nak,\namely t\u00e1j\u00e9koztat\u00e1st ad a megk\u00fcld\u00f6tt adatoknak a regisztr\u00e1ci\u00f3 sor\u00e1n felvett\nadatokkal val\u00f3 egyez\u0151s\u00e9g\u00e9r\u0151l, illetve az esetleges elt\u00e9r\u00e9sr\u0151l;<\/em><\/li><\/ul>\n\n\n\n<ul class=\"wp-block-list\"><li><em>Term\u00e9szetes\nszem\u00e9lyazonos\u00edt\u00f3 adat: a polg\u00e1r a) csal\u00e1di \u00e9s ut\u00f3neve, sz\u00fclet\u00e9si csal\u00e1di \u00e9s\nut\u00f3neve, b) sz\u00fclet\u00e9si helye, c)<\/em> sz\u00fclet\u00e9si ideje \u00e9s d)\nanyja sz\u00fclet\u00e9si csal\u00e1di \u00e9s ut\u00f3neve.<\/li><\/ul>\n\n\n\n<p>Az Adatkezel\u0151 a szem\u00e9lyes\nadatok kezel\u00e9s\u00e9t jogszer\u0171en \u00e9s tisztess\u00e9gesen, valamint az \u00e9rintett sz\u00e1m\u00e1ra\n\u00e1tl\u00e1that\u00f3 m\u00f3don v\u00e9gzi. Az Adatkezel\u0151 \u00e1ltal gy\u0171jt\u00f6tt szem\u00e9lyes adatok kezel\u00e9se csak\nmeghat\u00e1rozott, egy\u00e9rtelm\u0171 \u00e9s jogszer\u0171 c\u00e9lb\u00f3l t\u00f6rt\u00e9nik, azokat az Adatkezel\u0151 nem\nkezeli ezekkel a c\u00e9lokkal \u00f6ssze nem egyeztethet\u0151 m\u00f3don. Az adatok &nbsp;t\u00e1rol\u00e1sa olyan form\u00e1ban t\u00f6rt\u00e9nik, amely az\n\u00e9rintettek azonos\u00edt\u00e1s\u00e1t csak a szem\u00e9lyes adatok kezel\u00e9se c\u00e9ljainak el\u00e9r\u00e9s\u00e9hez\nsz\u00fcks\u00e9ges ideig teszi lehet\u0151v\u00e9.<\/p>\n\n\n\n<p>Az Adatkezel\u0151 munkat\u00e1rsai\nmunk\u00e1juk sor\u00e1n gondoskodnak arr\u00f3l, hogy jogosulatlan szem\u00e9lyek ne\ntekinthessenek be szem\u00e9lyes adatokba, tov\u00e1bb\u00e1 arr\u00f3l, hogy a szem\u00e9lyes adat\nt\u00e1rol\u00e1sa, elhelyez\u00e9se \u00fagy ker\u00fclj\u00f6n kialak\u00edt\u00e1sra, hogy az jogosulatlan szem\u00e9ly\nr\u00e9sz\u00e9re ne legyen hozz\u00e1f\u00e9rhet\u0151, megismerhet\u0151, megv\u00e1ltoztathat\u00f3,\nmegsemmis\u00edthet\u0151.<\/p>\n\n\n\n<p>Az Adatkezel\u0151 szem\u00e9lyes\nadatot csak a GDPR 6. cikk\u00e9ben meghat\u00e1rozott jogalapok alapj\u00e1n kezel. <\/p>\n\n\n\n<ul class=\"wp-block-list\"><li><strong>Az adatkezel\u00e9s sor\u00e1n\nalkalmazand\u00f3 jogszab\u00e1lyok<\/strong><\/li><\/ul>\n\n\n\n<ul class=\"wp-block-list\"><li>a term\u00e9szetes szem\u00e9lyeknek\na szem\u00e9lyes adatok kezel\u00e9se tekintet\u00e9ben t\u00f6rt\u00e9n\u0151 v\u00e9delm\u00e9r\u0151l \u00e9s az ilyen adatok szabad\n\u00e1raml\u00e1s\u00e1r\u00f3l, valamint a 95\/46\/EK ir\u00e1nyelv hat\u00e1lyon k\u00edv\u00fcl helyez\u00e9s\u00e9r\u0151l sz\u00f3l\u00f3 az\nEur\u00f3pai Parlament \u00e9s a Tan\u00e1cs 2016. \u00e1prilis 27. napj\u00e1n elfogadott 2016\/679.\nsz\u00e1m\u00fa rendelete (a tov\u00e1bbiakban: \u201e<strong>GDPR<\/strong>\u201d\nvagy \u201e<strong>Rendelet<\/strong>\u201d) <\/li><li>az inform\u00e1ci\u00f3s\n\u00f6nrendelkez\u00e9si jogr\u00f3l \u00e9s az inform\u00e1ci\u00f3szabads\u00e1gr\u00f3l sz\u00f3l\u00f3 2011. \u00e9vi CXII.\nt\u00f6rv\u00e9ny (a tov\u00e1bbiakban: \u201e<strong>Infotv.<\/strong>\u201d)<\/li><li>a nemzeti k\u00f6znevel\u00e9sr\u0151l\nsz\u00f3l\u00f3 2011. \u00e9vi CXC. t\u00f6rv\u00e9ny (a tov\u00e1bbiakban: \u201e<strong>Nkt<\/strong>\u201d)<\/li><li>&nbsp;a nevel\u00e9si-oktat\u00e1si int\u00e9zm\u00e9nyek m\u0171k\u00f6d\u00e9s\u00e9r\u0151l \u00e9s\na k\u00f6znevel\u00e9si int\u00e9zm\u00e9nyek n\u00e9vhaszn\u00e1lat\u00e1r\u00f3l sz\u00f3l\u00f3 20\/2012. (VIII.31.) EMMI rendelet\n(a tov\u00e1bbiakban: \u201e<strong>EMMI rendelet<\/strong>\u201d)<\/li><li>a Polg\u00e1ri T\u00f6rv\u00e9nyk\u00f6nyvr\u0151l\nsz\u00f3l\u00f3 2013. \u00e9vi V. t\u00f6rv\u00e9ny (a tov\u00e1bbiakban: <strong>Ptk<\/strong>.\u201d)<\/li><\/ul>\n\n\n\n<ul class=\"wp-block-list\"><li><strong>A Honlapon el\u00e9rhet\u0151 egyes\n\u00fcgyint\u00e9z\u00e9si men\u00fcpontok \u00e1ttekint\u00e9se r\u00f6viden<\/strong><strong><\/strong><\/li><\/ul>\n\n\n\n<p><strong>A Honlapon t\u00f6rt\u00e9n\u0151 elektronikus \u00fcgyint\u00e9z\u00e9s minden\nesetben \u00f6nk\u00e9ntes, a Felhaszn\u00e1l\u00f3 d\u00f6nthet \u00fagy is, hogy kiz\u00e1r\u00f3lag szem\u00e9lyesen j\u00e1r\nel. Az elektronikus \u00fcgyint\u00e9z\u00e9s els\u0151dleges c\u00e9lja az adminisztr\u00e1ci\u00f3s id\u0151szak\nler\u00f6vid\u00edt\u00e9se.<\/strong><\/p>\n\n\n\n<p>A Honlapon a Felhaszn\u00e1l\u00f3k\nn\u00e9gy \u00fcgyint\u00e9z\u00e9si f\u0151men\u00fcpont k\u00f6z\u00fcl v\u00e1laszthatnak, melyeken bel\u00fcl tov\u00e1bbi\nalmen\u00fcpontok tal\u00e1lhat\u00f3ak.<\/p>\n\n\n\n<p>A n\u00e9gy \u00fcgyint\u00e9z\u00e9si\nf\u0151men\u00fcpont a k\u00f6vetkez\u0151:<\/p>\n\n\n\n<ol class=\"wp-block-list\"><li>Beiratkoz\u00e1s,<\/li><li>Kiiratkoz\u00e1s,<\/li><li>Bizony\u00edtv\u00e1nnyal kapcsolatos \u00fcgyint\u00e9z\u00e9s,<\/li><li>Tanulm\u00e1nyokkal kapcsolatos \u00fcgyint\u00e9z\u00e9s.<\/li><\/ol>\n\n\n\n<p>Amennyiben a Felhaszn\u00e1l\u00f3 a Beiratkoz\u00e1s \u00fcgyint\u00e9z\u00e9si\nf\u0151men\u00fcpontot v\u00e1lasztja \u00fcgyint\u00e9z\u00e9se sor\u00e1n, \u00fagy az al\u00e1bbi almen\u00fcpontok k\u00f6z\u00fcl\nv\u00e1laszthat:<\/p>\n\n\n\n<ul class=\"wp-block-list\"><li>Beiratkoz\u00e1s \u00e1ltal\u00e1nos iskol\u00e1ba (r\u00f6viden: B\u00c1I),<\/li><li>Beiratkoz\u00e1s k\u00f6z\u00e9pfok\u00fa int\u00e9zm\u00e9nybe (r\u00f6viden: BKI),<\/li><li>Beiratkoz\u00e1s a magyar k\u00f6znevel\u00e9sbe (r\u00f6viden: BMK),<\/li><li>Beiratkoz\u00e1s nem tank\u00f6telezetts\u00e9get teljes\u00edt\u0151\njogviszonnyal (r\u00f6viden: BNTTJ),<\/li><li>\u00c1tiratkoz\u00e1s int\u00e9zm\u00e9nyek k\u00f6z\u00f6tt (r\u00f6viden: \u00c1IK).<\/li><\/ul>\n\n\n\n<p>Amennyiben a Felhaszn\u00e1l\u00f3 a Kiiratkoz\u00e1s\n\u00fcgyint\u00e9z\u00e9si f\u0151men\u00fcpontot v\u00e1lasztja \u00fcgyint\u00e9z\u00e9se sor\u00e1n, \u00fagy az al\u00e1bbi\nalmen\u00fcpontok k\u00f6z\u00fcl v\u00e1laszthat:<\/p>\n\n\n\n<ul class=\"wp-block-list\"><li>Kiiratkoz\u00e1s a k\u00f6znevel\u00e9sb\u0151l (r\u00f6viden: KIK),<\/li><li>Kiiratkoz\u00e1s nem tank\u00f6telezetts\u00e9get teljes\u00edt\u0151\njogviszonyb\u00f3l (r\u00f6viden: KNTTJ),<\/li><li>K\u00fclf\u00f6ld\u00f6n t\u00f6lt\u00f6tt ideiglenes tanulm\u00e1nyi id\u0151szak\nbejelent\u00e9se (r\u00f6viden: KTIT),<\/li><li>Mag\u00e1ntanul\u00f3i jogviszony ir\u00e1nti k\u00e9rv\u00e9ny\nbejelent\u00e9se (r\u00f6viden: MJIK),<\/li><li>Vend\u00e9gtanul\u00f3i jogviszony ir\u00e1nti k\u00e9rv\u00e9ny\nbeny\u00fajt\u00e1sa (r\u00f6viden: VJB).<\/li><\/ul>\n\n\n\n<p>Amennyiben a Felhaszn\u00e1l\u00f3 a Bizony\u00edtv\u00e1nnyal\nkapcsolatos \u00fcgyint\u00e9z\u00e9si f\u0151men\u00fcpontot v\u00e1lasztja \u00fcgyint\u00e9z\u00e9se sor\u00e1n, \u00fagy az al\u00e1bbi\nalmen\u00fcpontok k\u00f6z\u00fcl v\u00e1laszthat:<\/p>\n\n\n\n<ul class=\"wp-block-list\"><li>Bizony\u00edtv\u00e1ny- vagy t\u00f6rzslapm\u00e1sodlat ig\u00e9nyl\u00e9se (r\u00f6viden:\nBTI),<\/li><li>Szem\u00e9lyes adatokban bek\u00f6vetkezett v\u00e1ltoz\u00e1s\nbejelent\u00e9se (r\u00f6viden: SZAV).<\/li><\/ul>\n\n\n\n<p>Amennyiben a Felhaszn\u00e1l\u00f3 a Tanulm\u00e1nyokkal\nkapcsolatos \u00fcgyint\u00e9z\u00e9si f\u0151men\u00fcpontot v\u00e1lasztja \u00fcgyint\u00e9z\u00e9se sor\u00e1n, \u00fagy az al\u00e1bbi\nalmen\u00fcpontok k\u00f6z\u00fcl v\u00e1laszthat:<\/p>\n\n\n\n<ul class=\"wp-block-list\"><li>Oszt\u00e1ly vagy tan\u00f3rai csoport v\u00e1ltoztat\u00e1si k\u00e9relem\nbeny\u00fajt\u00e1sa (r\u00f6viden: OTCSK),<\/li><li>Igazgat\u00f3i enged\u00e9ly di\u00e1k mulaszt\u00e1s\u00e1nak igazol\u00e1s\u00e1ra\ngondvisel\u0151i k\u00e9relem beny\u00fajt\u00e1sa (r\u00f6viden: IEDM),<\/li><li>Tanul\u00f3i mulaszt\u00e1s igazol\u00e1sa (r\u00f6viden: TMGI),<\/li><li>Tanul\u00f3i felment\u00e9sre, mentess\u00e9gre szolg\u00e1l\u00f3\ngondvisel\u0151i k\u00e9relem beny\u00fajt\u00e1sa (r\u00f6viden: TKST),<\/li><li>K\u00f6z\u00f6ss\u00e9gi szolg\u00e1lat teljes\u00edt\u00e9s\u00e9r\u0151l igazol\u00e1s\nbeny\u00fajt\u00e1sa (r\u00f6viden: TKST),<\/li><li>Gyakorlati hely megad\u00e1sa \u00e9s tanul\u00f3szerz\u0151d\u00e9s\nfelt\u00f6lt\u00e9se (r\u00f6viden: TSMT).<\/li><\/ul>\n\n\n\n<p>Jelen t\u00e1j\u00e9koztat\u00f3 a\nHonlapr\u00f3l el\u00e9rhet\u0151 \u00fcgyint\u00e9z\u00e9si men\u00fcpontok haszn\u00e1lata sor\u00e1n kezelt szem\u00e9lyes\nadatok adatkezel\u00e9si c\u00e9ljait, jellemz\u0151it hat\u00e1rozza meg, t\u00e1bl\u00e1zatos form\u00e1ban,\nannak \u00e9rdek\u00e9ben, hogy a men\u00fcpontokhoz kapcsol\u00f3d\u00f3 adatkezel\u00e9sek sor\u00e1n az\n\u00e9rintettek \u00e1tl\u00e1that\u00f3bban, \u00e9s k\u00f6nnyebben t\u00e1j\u00e9koz\u00f3dhassanak az egyes adatkezel\u00e9si\nc\u00e9lokr\u00f3l, illetve azok jellemz\u0151ir\u0151l.<\/p>\n\n\n\n<ul class=\"wp-block-list\"><li><strong>Az adatkezel\u00e9sek\nismertet\u00e9se<\/strong><\/li><\/ul>\n\n\n\n<ul class=\"wp-block-list\"><li><strong>A Beiratkoz\u00e1s \u00fcgyint\u00e9z\u00e9si f\u0151men\u00fcponton bel\u00fcl el\u00e9rhet\u0151 almen\u00fcpontokhoz\nkapcsol\u00f3d\u00f3 adatkezel\u00e9sek a k\u00f6vetkez\u0151k<\/strong><\/li><\/ul>\n\n\n\n<ul class=\"wp-block-list\"><li><strong>Az\n\u00e1ltal\u00e1nos iskol\u00e1ba t\u00f6rt\u00e9n\u0151 beiratkoz\u00e1shoz kapcsol\u00f3d\u00f3 adatkezel\u00e9s<\/strong><strong><\/strong><\/li><\/ul>\n\n\n\n<table class=\"wp-block-table\"><tbody><tr><td>\n  <strong>Adatkezel\u00e9s\n  c\u00e9lja<\/strong>\n  <\/td><td>\n  Az \u00e1ltal\u00e1nos iskol\u00e1ba beiratkoz\u00e1s elektronikus\n  \u00faton t\u00f6rt\u00e9n\u0151 biztos\u00edt\u00e1sa, ennek keret\u00e9n bel\u00fcl a beiratkoz\u00e1shoz sz\u00fcks\u00e9ges adatoknak,\n  dokumentumoknak (k\u00e9relemnek, mell\u00e9kleteknek) a kezel\u00e9se. \n  <\/td><\/tr><tr><td>\n  <strong>Kezelt\n  adatok k\u00f6re<\/strong>\n  <\/td><td>\n  K\u00f6telez\u0151en megadand\u00f3 adatok k\u00f6re: gyermek\n  (tanul\u00f3) neve, oktat\u00e1si azonos\u00edt\u00f3ja, sz\u00fclet\u00e9si orsz\u00e1ga, sz\u00fclet\u00e9si helye \u00e9s\n  ideje, anyja sz\u00fclet\u00e9si neve, \u00e1lland\u00f3 lakc\u00edme, esetleg tart\u00f3zkod\u00e1si c\u00edme,\n  sz\u00fcl\u0151\/t\u00f6rv\u00e9nyes k\u00e9pvisel\u0151 teljes neve, sz\u00fclet\u00e9si neve, anyja sz\u00fclet\u00e9si neve,\n  t\u00f6rv\u00e9nyes k\u00e9pviselet jogalapja (sz\u00fcl\u0151, gy\u00e1m), lakc\u00edme, \u00e9rtes\u00edt\u00e9si c\u00edme, \u00f3voda\n  neve \u00e9s c\u00edme az iskol\u00e1ba l\u00e9p\u00e9shez sz\u00fcks\u00e9ges fejletts\u00e9g igazol\u00e1sa \u00e9rdek\u00e9ben,\n  sz\u00fcks\u00e9ges gyermek h\u00e1tr\u00e1nyos helyzete kapcs\u00e1n nyilatkozni, valamint arr\u00f3l is,\n  hogy a sz\u00fcl\u0151 az etika \u00f3r\u00e1t vagy a hit- \u00e9s erk\u00f6lcstan \u00f3r\u00e1t v\u00e1lasztja-e a\n  gyermek sz\u00e1m\u00e1ra, ezen fel\u00fcl amennyiben akk\u00e9nt nyilatkozik a sz\u00fcl\u0151\/t\u00f6rv\u00e9nyes\n  k\u00e9pvisel\u0151, hogy a gyermek adott tan\u00e9vben meghat\u00e1rozott id\u0151pontokban t\u00e1vozhat\n  az int\u00e9zm\u00e9nyb\u0151l, \u00fagy egy\u00e9b k\u00eds\u00e9r\u0151 eset\u00e9ben sz\u00fcks\u00e9ges a k\u00eds\u00e9r\u0151 nev\u00e9nek\n  megad\u00e1sa is.\n  &nbsp;\n  A gyermek nem\u00e9nek, \u00e1llampolg\u00e1rs\u00e1g\u00e1nak, anyanyelv\u00e9nek,\n  szem\u00e9lyi igazolv\u00e1ny sz\u00e1m\u00e1nak, TAJ sz\u00e1m\u00e1nak, ad\u00f3azonos\u00edt\u00f3 jel\u00e9nek megad\u00e1sa nem\n  k\u00f6telez\u0151, valamint a gyermek \u00e9s a t\u00f6rv\u00e9nyes k\u00e9pvisel\u0151 rokons\u00e1gi fok\u00e1r\u00f3l,\n  e-mail c\u00edm\u00e9r\u0151l \u00e9s telefonsz\u00e1m\u00e1r\u00f3l nem k\u00f6telez\u0151 nyilatkozni, \u00f6nk\u00e9ntesen\n  megadhat\u00f3ak ezek az adatok, nyilatkozatok, ahogyan az \u00f3vod\u00e1ban elt\u00f6lt\u00f6tt \u00e9vek\n  sz\u00e1m\u00e1r\u00f3l is \u00f6nk\u00e9ntesen lehet nyilatkozni. A k\u00e9relmez\u0151 nyilatkozhat tov\u00e1bb\u00e1 a\n  gyermek nemzetis\u00e9g\u00e9r\u0151l, valamint arr\u00f3l, hogy szak\u00e9rt\u0151i v\u00e9lem\u00e9ny alapj\u00e1n\n  saj\u00e1tos nevel\u00e9s\u0171-e a gyermek, illetve szak\u00e9rt\u0151i v\u00e9lem\u00e9ny alapj\u00e1n\n  beilleszked\u00e9si, tanul\u00e1si, magatart\u00e1si neh\u00e9zs\u00e9ggel k\u00fczd-e a gyermek, a\n  sz\u00fcl\u0151je, testv\u00e9re tart\u00f3san beteg-e vagy fogyat\u00e9kkal \u00e9l\u0151-e, tov\u00e1bb\u00e1 a testv\u00e9re\n  az adott int\u00e9zm\u00e9ny tanul\u00f3ja-e, valamint munk\u00e1ltat\u00f3i igazol\u00e1s alapj\u00e1n a\n  gyermek sz\u00fcl\u0151j\u00e9nek munkahelye az iskola k\u00f6rzet\u00e9ben tal\u00e1lhat\u00f3-e, \u00e9s az iskola\n  a lak\u00f3hely\u00e9t\u0151l, ennek hi\u00e1ny\u00e1ban tart\u00f3zkod\u00e1si hely\u00e9t\u0151l egy kilom\u00e9teren bel\u00fcl\n  tal\u00e1lhat\u00f3-e, illetve a gyermek sz\u00e1m\u00e1ra k\u00e9r-e \u00e9tkeztet\u00e9st adott tan\u00e9vre\n  vonatkoz\u00f3an.\n  <\/td><\/tr><tr><td>\n  <strong>Adatkezel\u00e9s\n  jogalapja<\/strong>\n  <\/td><td>\n  <a>A nem k\u00f6telez\u0151en megadand\u00f3\n  szem\u00e9lyes adatok tekintet\u00e9ben az adatkezel\u00e9s jogalapja a GDPR 6. cikk (1)\n  bekezd\u00e9s a) pontja szerinti \u00e9rintetti hozz\u00e1j\u00e1rul\u00e1s, m\u00edg a k\u00f6telez\u0151en\n  megadand\u00f3 adatok tekintet\u00e9ben a jogalap a GDPR 6. cikk (1) bekezd\u00e9s c) pontja\n  szerinti jogi k\u00f6telezetts\u00e9g teljes\u00edt\u00e9se, illetve k\u00fcl\u00f6nleges szem\u00e9lyes adatok\n  vonatkoz\u00e1s\u00e1ban a GDPR 9. cikk (2) bek. b) \u00e9s h) pontj\u00e1n alapulnak.<\/a>\n  <\/td><\/tr><tr><td>\n  <strong>Adatt\u00e1rol\u00e1s\n  hat\u00e1rideje<\/strong>\n  <\/td><td>\n  <a>Az Nkt. 41.\u00a7 (10) bekezd\u00e9s\n  alapj\u00e1n, az Adatkezel\u0151 a nyilv\u00e1ntartott gyermek \u00e9s tanul\u00f3i adatokat a\n  jogviszony megsz\u0171n\u00e9s\u00e9t\u0151l sz\u00e1m\u00edtott t\u00edz \u00e9vig kezeli, m\u00edg a <\/a>hozz\u00e1j\u00e1rul\u00e1son\n  alapul\u00f3 adatokat az \u00e9rintett hozz\u00e1j\u00e1rul\u00e1s\u00e1nak visszavon\u00e1s\u00e1ig, ennek hi\u00e1ny\u00e1ban\n  az adatkezel\u00e9si c\u00e9l megval\u00f3sul\u00e1s\u00e1ig.\n  <\/td><\/tr><tr><td>\n  <strong>Adatt\u00e1rol\u00e1s\n  m\u00f3dja<\/strong>\n  <\/td><td>\n  Elektronikus\n  <\/td><\/tr><tr><td>\n  <strong>Adat\n  forr\u00e1sa<\/strong>\n  <\/td><td>\n  \u00c9rintett\u0151l felvett adat\n  <\/td><\/tr><tr><td>\n  <strong>Az\n  adatszolg\u00e1ltat\u00e1s elmarad\u00e1s\u00e1nak lehets\u00e9ges k\u00f6vetkezm\u00e9nyei<\/strong>\n  <\/td><td>\n  Az adatszolg\u00e1ltat\u00e1s elmarad\u00e1sa eset\u00e9n az\n  Adatkezel\u0151 nem tudja teljes\u00edteni a Felhaszn\u00e1l\u00f3 \u00e1ltal k\u00e9relmezett elektronikus\n  \u00fcgyint\u00e9z\u00e9s lefolytat\u00e1s\u00e1t, \u00edgy az \u00e9rintetteknek nem \u00e1ll m\u00f3dj\u00e1ban a gyermek\n  beiratkoz\u00e1s\u00e1t elektronikus m\u00f3don int\u00e9zni. \n  <\/td><\/tr><tr><td>\n  <strong>Automatiz\u00e1lt\n  d\u00f6nt\u00e9shozatal \u00e9s profilalkot\u00e1s<\/strong>\n  <\/td><td>\n  Az Adatkezel\u0151 nem alkalmaz automatiz\u00e1lt\n  d\u00f6nt\u00e9shozatalt \u00e9s nem v\u00e9gez profilalkot\u00e1st.\n  <\/td><\/tr><tr><td>\n  <strong>Kik\n  ismerhetik meg a szem\u00e9lyes adatokat?<\/strong>\n  <\/td><td>\n  A k\u00e9relmez\u0151 (\u00e9rintett) \u00e1ltal megadott adatokat\n  az Adatkezel\u0151 &#8211; az oktat\u00e1si, nevel\u00e9si\n  feladatot ell\u00e1t\u00f3 int\u00e9zm\u00e9ny \u2013 felhatalmazott munkat\u00e1rsai ismerhetik meg. Az\n  Adatkezel\u0151 tov\u00e1bb\u00e1 az Nkt. 41. \u00a7 (5), (7) \u00e9s (8) bekezd\u00e9se, 42. \u00a7 (3)\n  bekezd\u00e9se, valamint az EMMI rendelet rendelkez\u00e9sei szerint tov\u00e1bb\u00edtja a\n  szem\u00e9lyes adatokat az Nkt.-ban \u00e9s az EMMI rendeletben meghat\u00e1rozott c\u00edmzetti\n  k\u00f6rnek.\n  <\/td><\/tr><tr><td>\n  <strong>Adattov\u00e1bb\u00edt\u00e1s\n  harmadik orsz\u00e1gba vagy nemzetk\u00f6zi szervezet r\u00e9sz\u00e9re<\/strong>\n  <\/td><td>\n  Nem t\u00f6rt\u00e9nik harmadik orsz\u00e1gba vagy nemzetk\u00f6zi\n  szervezet r\u00e9sz\u00e9re adattov\u00e1bb\u00edt\u00e1s. \n  <\/td><\/tr><\/tbody><\/table>\n\n\n\n<ul class=\"wp-block-list\"><li><strong>A k\u00f6z\u00e9pfok\u00fa\nint\u00e9zm\u00e9nybe t\u00f6rt\u00e9n\u0151 beiratkoz\u00e1shoz kapcsol\u00f3d\u00f3 adatkezel\u00e9s<\/strong><\/li><\/ul>\n\n\n\n<table class=\"wp-block-table\"><tbody><tr><td>\n  <strong>Adatkezel\u00e9s\n  c\u00e9lja<\/strong>\n  <\/td><td>\n  A k\u00f6z\u00e9pfok\u00fa int\u00e9zm\u00e9nybe beiratkoz\u00e1s elektronikus\n  \u00faton t\u00f6rt\u00e9n\u0151 biztos\u00edt\u00e1sa. \n  <\/td><\/tr><tr><td>\n  <strong>Kezelt\n  adatok k\u00f6re<\/strong>\n  <\/td><td>\n  A tanul\u00f3 teljes neve, tanul\u00f3 oktat\u00e1si\n  azonos\u00edt\u00f3ja, sz\u00fclet\u00e9si helye \u00e9s ideje, anyja sz\u00fclet\u00e9si neve, lakc\u00edme\n  k\u00f6telez\u0151en megadand\u00f3.\n  K\u00f6telez\u0151en csatoland\u00f3 mell\u00e9kletk\u00e9nt: adatlap,\n  ig\u00e9nyl\u0151lap ingyenes tank\u00f6nyvt\u00e1mogat\u00e1shoz, nyilatkozat adatkezel\u00e9sr\u0151l,\n  nyilatkozat di\u00e1kigazolv\u00e1ny ig\u00e9nyl\u00e9s\u00e9r\u0151l, nyilatkozat az \u00e9letviteli\n  lak\u00f3helyr\u0151l, nyilatkozat \u00e9tkez\u00e9s ig\u00e9nyl\u00e9s\u00e9r\u0151l, nyilatkozat f\u00e9nyk\u00e9pek\n  nyilv\u00e1noss\u00e1gra hozatal\u00e1r\u00f3l, nyilatkozat koll\u00e9giumi elhelyez\u00e9sr\u0151l, nyilatkozat\n  t\u00f6rv\u00e9nyes k\u00e9pvisel\u0151r\u0151l.\n  <\/td><\/tr><tr><td>\n  <strong>Adatkezel\u00e9s\n  jogalapja<\/strong>\n  <\/td><td>\n  A k\u00f6telez\u0151en megadand\u00f3 adatok tekintet\u00e9ben a\n  jogalap a GDPR 6. cikk (1) bekezd\u00e9s c) pontja, illetve k\u00fcl\u00f6nleges szem\u00e9lyes\n  adatok vonatkoz\u00e1s\u00e1ban (speci\u00e1lis \u00e9trend ig\u00e9nyl\u00e9se) a GDPR 9. cikk (2) bek. b)\n  \u00e9s h) pontj\u00e1n alapulnak.\n  <\/td><\/tr><tr><td>\n  <strong>Adatt\u00e1rol\u00e1s\n  hat\u00e1rideje<\/strong>\n  <\/td><td>\n  Az Nkt. 41.\u00a7 (10) bekezd\u00e9s alapj\u00e1n, az\n  Adatkezel\u0151 a nyilv\u00e1ntartott gyermek \u00e9s tanul\u00f3i adatokat a jogviszony\n  megsz\u0171n\u00e9s\u00e9t\u0151l sz\u00e1m\u00edtott t\u00edz \u00e9vig kezeli, m\u00edg a hozz\u00e1j\u00e1rul\u00e1son alapul\u00f3 adatokat az \u00e9rintett\n  hozz\u00e1j\u00e1rul\u00e1s\u00e1nak visszavon\u00e1s\u00e1ig, ennek hi\u00e1ny\u00e1ban az adatkezel\u00e9si c\u00e9l\n  megval\u00f3sul\u00e1s\u00e1ig.\n  <\/td><\/tr><tr><td>\n  <strong>Adatt\u00e1rol\u00e1s\n  m\u00f3dja<\/strong>\n  <\/td><td>\n  Elektronikus\n  <\/td><\/tr><tr><td>\n  <strong>Adat\n  forr\u00e1sa<\/strong>\n  <\/td><td>\n  \u00c9rintett\u0151l felvett adat\n  <\/td><\/tr><tr><td>\n  <strong>Az\n  adatszolg\u00e1ltat\u00e1s elmarad\u00e1s\u00e1nak lehets\u00e9ges k\u00f6vetkezm\u00e9nyei<\/strong>\n  <\/td><td>\n  Az adatszolg\u00e1ltat\u00e1s elmarad\u00e1sa eset\u00e9n az\n  Adatkezel\u0151 nem tudja teljes\u00edteni a Felhaszn\u00e1l\u00f3 \u00e1ltal k\u00e9relmezett \u00fcgyint\u00e9z\u00e9s\n  lefolytat\u00e1s\u00e1t, \u00edgy nem \u00e1ll m\u00f3dj\u00e1ban az \u00e9rintett sz\u00e1m\u00e1ra az elektronikus \u00faton\n  biztos\u00edtani a k\u00f6z\u00e9pfok\u00fa int\u00e9zm\u00e9nybe t\u00f6rt\u00e9n\u0151 beiratkoz\u00e1st.\n  <\/td><\/tr><tr><td>\n  <strong>Automatiz\u00e1lt\n  d\u00f6nt\u00e9shozatal \u00e9s profilalkot\u00e1s<\/strong>\n  <\/td><td>\n  Az Adatkezel\u0151 nem alkalmaz automatiz\u00e1lt\n  d\u00f6nt\u00e9shozatalt \u00e9s nem v\u00e9gez profilalkot\u00e1st.\n  <\/td><\/tr><tr><td>\n  <strong>Kik\n  ismerhetik meg a szem\u00e9lyes adatokat?<\/strong>\n  <\/td><td>\n  A k\u00e9relmez\u0151 (\u00e9rintett) \u00e1ltal megadott adatokat\n  az Adatkezel\u0151 &#8211; az oktat\u00e1si, nevel\u00e9si\n  feladatot ell\u00e1t\u00f3 int\u00e9zm\u00e9ny \u2013 felhatalmazott munkat\u00e1rsai ismerhetik meg. Az\n  Adatkezel\u0151 tov\u00e1bb\u00e1 az Nkt. 41. \u00a7 (5), (7) \u00e9s (8) bekezd\u00e9se, 42. \u00a7 (3)\n  bekezd\u00e9se, valamint az EMMI rendelet rendelkez\u00e9sei szerint tov\u00e1bb\u00edtja a\n  szem\u00e9lyes adatokat az Nkt.-ban \u00e9s az EMMI rendeletben meghat\u00e1rozott c\u00edmzetti\n  k\u00f6rnek.\n  <\/td><\/tr><tr><td>\n  <strong>Adattov\u00e1bb\u00edt\u00e1s\n  harmadik orsz\u00e1gba vagy nemzetk\u00f6zi szervezet r\u00e9sz\u00e9re<\/strong>\n  <\/td><td>\n  Nem t\u00f6rt\u00e9nik harmadik orsz\u00e1gba vagy nemzetk\u00f6zi\n  szervezet r\u00e9sz\u00e9re adattov\u00e1bb\u00edt\u00e1s.\n  <\/td><\/tr><\/tbody><\/table>\n\n\n\n<ul class=\"wp-block-list\"><li><strong>A magyar\nk\u00f6znevel\u00e9sbe t\u00f6rt\u00e9n\u0151 beiratkoz\u00e1shoz kapcsol\u00f3d\u00f3 adatkezel\u00e9s<\/strong><\/li><\/ul>\n\n\n\n<table class=\"wp-block-table\"><tbody><tr><td>\n  <strong>Adatkezel\u00e9s\n  c\u00e9lja<\/strong>\n  <\/td><td>\n  A magyar k\u00f6znevel\u00e9sbe beiratkoz\u00e1s elektronikus\n  \u00faton t\u00f6rt\u00e9n\u0151 biztos\u00edt\u00e1sa.\n  <\/td><\/tr><tr><td>\n  <strong>Kezelt\n  adatok k\u00f6re<\/strong>\n  <\/td><td>\n  A tanul\u00f3 teljes neve, sz\u00fclet\u00e9si helye \u00e9s ideje,\n  anyja sz\u00fclet\u00e9si neve, lakc\u00edme k\u00f6telez\u0151en megadand\u00f3, illetve a k\u00fclf\u00f6ld\u00f6n\n  megszerzett bizony\u00edtv\u00e1ny m\u00e1solat\u00e1t is sz\u00fcks\u00e9ges beny\u00fajtani.\n  A tanul\u00f3 oktat\u00e1si azonos\u00edt\u00f3j\u00e1t nem k\u00f6telez\u0151en\n  megadand\u00f3 adat.\n  <\/td><\/tr><tr><td>\n  <strong>Adatkezel\u00e9s\n  jogalapja<\/strong>\n  <\/td><td>\n  A nem k\u00f6telez\u0151en megadand\u00f3 adatok eset\u00e9ben az\n  adatkezel\u00e9s jogalapja a GDPR 6. cikk (1) bekezd\u00e9s a) pontja szerinti\n  \u00e9rintetti hozz\u00e1j\u00e1rul\u00e1s, m\u00edg a k\u00f6telez\u0151en megadand\u00f3 adatok tekintet\u00e9ben a\n  jogalap a GDPR 6. cikk (1) bekezd\u00e9s c) pontja, illetve k\u00fcl\u00f6nleges szem\u00e9lyes\n  adatok vonatkoz\u00e1s\u00e1ban a GDPR 9. cikk (2) bek. b) \u00e9s h) pontj\u00e1n alapulnak.\n  <\/td><\/tr><tr><td>\n  <strong>Adatt\u00e1rol\u00e1s\n  hat\u00e1rideje<\/strong>\n  <\/td><td>\n  Az Nkt. 41.\u00a7 (10) bekezd\u00e9s alapj\u00e1n, az\n  Adatkezel\u0151 a nyilv\u00e1ntartott gyermek \u00e9s tanul\u00f3i adatokat a jogviszony\n  megsz\u0171n\u00e9s\u00e9t\u0151l sz\u00e1m\u00edtott t\u00edz \u00e9vig kezeli, m\u00edg a hozz\u00e1j\u00e1rul\u00e1son alapul\u00f3 adatokat az \u00e9rintett\n  hozz\u00e1j\u00e1rul\u00e1s\u00e1nak visszavon\u00e1s\u00e1ig, ennek hi\u00e1ny\u00e1ban az adatkezel\u00e9si c\u00e9l\n  megval\u00f3sul\u00e1s\u00e1ig.\n  <\/td><\/tr><tr><td>\n  <strong>Adatt\u00e1rol\u00e1s\n  m\u00f3dja<\/strong>\n  <\/td><td>\n  Elektronikus\n  <\/td><\/tr><tr><td>\n  <strong>Adat\n  forr\u00e1sa<\/strong>\n  <\/td><td>\n  \u00c9rintett\u0151l felvett adat\n  <\/td><\/tr><tr><td>\n  <strong>Az\n  adatszolg\u00e1ltat\u00e1s elmarad\u00e1s\u00e1nak lehets\u00e9ges k\u00f6vetkezm\u00e9nyei<\/strong>\n  <\/td><td>\n  Az adatszolg\u00e1ltat\u00e1s elmarad\u00e1sa eset\u00e9n az\n  Adatkezel\u0151 nem tudja teljes\u00edteni a Felhaszn\u00e1l\u00f3 \u00e1ltal k\u00e9relmezett \u00fcgyint\u00e9z\u00e9s\n  lefolytat\u00e1s\u00e1t.\n  <\/td><\/tr><tr><td>\n  <strong>Automatiz\u00e1lt\n  d\u00f6nt\u00e9shozatal \u00e9s profilalkot\u00e1s<\/strong>\n  <\/td><td>\n  Az Adatkezel\u0151 nem alkalmaz automatiz\u00e1lt\n  d\u00f6nt\u00e9shozatalt \u00e9s nem v\u00e9gez profilalkot\u00e1st.\n  <\/td><\/tr><tr><td>\n  <strong>Kik\n  ismerhetik meg a szem\u00e9lyes adatokat?<\/strong>\n  <\/td><td>\n  A k\u00e9relmez\u0151 (\u00e9rintett) \u00e1ltal megadott adatokat\n  az Adatkezel\u0151 &#8211; az oktat\u00e1si, nevel\u00e9si\n  feladatot ell\u00e1t\u00f3 int\u00e9zm\u00e9ny \u2013 felhatalmazott munkat\u00e1rsai ismerhetik meg. Az\n  Adatkezel\u0151 tov\u00e1bb\u00e1 az Nkt. 41. \u00a7 (5), (7) \u00e9s (8) bekezd\u00e9se, 42. \u00a7 (3)\n  bekezd\u00e9se, valamint az EMMI rendelet rendelkez\u00e9sei szerint tov\u00e1bb\u00edtja a\n  szem\u00e9lyes adatokat az Nkt.-ban \u00e9s az EMMI rendeletben meghat\u00e1rozott c\u00edmzetti\n  k\u00f6rnek.\n  <\/td><\/tr><tr><td>\n  <strong>Adattov\u00e1bb\u00edt\u00e1s\n  harmadik orsz\u00e1gba vagy nemzetk\u00f6zi szervezet r\u00e9sz\u00e9re<\/strong>\n  <\/td><td>\n  Nem t\u00f6rt\u00e9nik harmadik orsz\u00e1gba vagy nemzetk\u00f6zi\n  szervezet r\u00e9sz\u00e9re adattov\u00e1bb\u00edt\u00e1s. \n  <\/td><\/tr><\/tbody><\/table>\n\n\n\n<ul class=\"wp-block-list\"><li><strong>A nem\ntank\u00f6telezetts\u00e9get teljes\u00edt\u0151 jogviszonyhoz kapcsol\u00f3d\u00f3 beiratkoz\u00e1ssal \u00f6sszef\u00fcgg\u0151\nadatkezel\u00e9s<\/strong><\/li><\/ul>\n\n\n\n<table class=\"wp-block-table\"><tbody><tr><td>\n  <strong>Adatkezel\u00e9s\n  c\u00e9lja<\/strong>\n  <\/td><td>\n  A nem tank\u00f6telezetts\u00e9get teljes\u00edt\u0151 jogviszony\n  l\u00e9tes\u00edt\u00e9s\u00e9hez sz\u00fcks\u00e9ges beiratkoz\u00e1s elektronikus \u00faton t\u00f6rt\u00e9n\u0151 biztos\u00edt\u00e1sa. \n  <\/td><\/tr><tr><td>\n  <strong>Kezelt\n  adatok k\u00f6re<\/strong>\n  <\/td><td>\n  A tanul\u00f3 teljes neve, tanul\u00f3 oktat\u00e1si\n  azonos\u00edt\u00f3ja, sz\u00fclet\u00e9si helye \u00e9s ideje, anyja sz\u00fclet\u00e9si neve, lakc\u00edme\n  k\u00f6telez\u0151en kezelend\u0151.\n  K\u00f6telez\u0151en csatoland\u00f3 mell\u00e9kletk\u00e9nt: adatlap, jelentkez\u00e9s\n  szakk\u00e9pz\u00e9sre, nyilatkozat adatkezel\u00e9sr\u0151l, nyilatkozat di\u00e1kigazolv\u00e1ny\n  ig\u00e9nyl\u00e9s\u00e9r\u0151l, nyilatkozat az \u00e9letviteli lak\u00f3helyr\u0151l, nyilatkozat \u00e9tkez\u00e9s\n  ig\u00e9nyl\u00e9s\u00e9r\u0151l, nyilatkozat f\u00e9nyk\u00e9pek nyilv\u00e1noss\u00e1gra hozatal\u00e1r\u00f3l, nyilatkozat\n  koll\u00e9giumi elhelyez\u00e9sr\u0151l, nyilatkozat t\u00f6rv\u00e9nyes k\u00e9pvisel\u0151r\u0151l.\n  <\/td><\/tr><tr><td>\n  <strong>Adatkezel\u00e9s\n  jogalapja<\/strong>\n  <\/td><td>\n  A k\u00f6telez\u0151en megadand\u00f3 adatok tekintet\u00e9ben a\n  jogalap a GDPR 6. cikk (1) bekezd\u00e9s c) pontja, illetve k\u00fcl\u00f6nleges szem\u00e9lyes\n  adatok vonatkoz\u00e1s\u00e1ban a GDPR 9. cikk (2) bek. b) \u00e9s h) pontj\u00e1n alapulnak.\n  <\/td><\/tr><tr><td>\n  <strong>Adatt\u00e1rol\u00e1s\n  hat\u00e1rideje<\/strong>\n  <\/td><td>\n  Az Nkt. 41.\u00a7 (10) bekezd\u00e9s alapj\u00e1n, az\n  Adatkezel\u0151 a nyilv\u00e1ntartott gyermek \u00e9s tanul\u00f3i adatokat a jogviszony\n  megsz\u0171n\u00e9s\u00e9t\u0151l sz\u00e1m\u00edtott t\u00edz \u00e9vig kezeli, m\u00edg a hozz\u00e1j\u00e1rul\u00e1son alapul\u00f3 adatokat az \u00e9rintett\n  hozz\u00e1j\u00e1rul\u00e1s\u00e1nak visszavon\u00e1s\u00e1ig, ennek hi\u00e1ny\u00e1ban az adatkezel\u00e9si c\u00e9l\n  megval\u00f3sul\u00e1s\u00e1ig.\n  <\/td><\/tr><tr><td>\n  <strong>Adatt\u00e1rol\u00e1s\n  m\u00f3dja<\/strong>\n  <\/td><td>\n  Elektronikus\n  <\/td><\/tr><tr><td>\n  <strong>Adat\n  forr\u00e1sa<\/strong>\n  <\/td><td>\n  \u00c9rintett\u0151l felvett adat\n  <\/td><\/tr><tr><td>\n  <strong>Az\n  adatszolg\u00e1ltat\u00e1s elmarad\u00e1s\u00e1nak lehets\u00e9ges k\u00f6vetkezm\u00e9nyei<\/strong>\n  <\/td><td>\n  Az adatszolg\u00e1ltat\u00e1s elmarad\u00e1sa eset\u00e9n az\n  Adatkezel\u0151 nem tudja teljes\u00edteni a Felhaszn\u00e1l\u00f3 \u00e1ltal k\u00e9relmezett \u00fcgyint\u00e9z\u00e9s\n  lefolytat\u00e1s\u00e1t.\n  <\/td><\/tr><tr><td>\n  <strong>Automatiz\u00e1lt\n  d\u00f6nt\u00e9shozatal \u00e9s profilalkot\u00e1s<\/strong>\n  <\/td><td>\n  Az Adatkezel\u0151 nem alkalmaz automatiz\u00e1lt\n  d\u00f6nt\u00e9shozatalt \u00e9s nem v\u00e9gez profilalkot\u00e1st.\n  <\/td><\/tr><tr><td>\n  <strong>Kik\n  ismerhetik meg a szem\u00e9lyes adatokat?<\/strong>\n  <\/td><td>\n  A k\u00e9relmez\u0151 (\u00e9rintett) \u00e1ltal megadott adatokat\n  az Adatkezel\u0151 &#8211; az oktat\u00e1si, nevel\u00e9si\n  feladatot ell\u00e1t\u00f3 int\u00e9zm\u00e9ny \u2013 felhatalmazott munkat\u00e1rsai ismerhetik meg. Az\n  Adatkezel\u0151 tov\u00e1bb\u00e1 az Nkt. 41. \u00a7 (5), (7) \u00e9s (8) bekezd\u00e9se, 42. \u00a7 (3)\n  bekezd\u00e9se, valamint az EMMI rendelet rendelkez\u00e9sei szerint tov\u00e1bb\u00edtja a\n  szem\u00e9lyes adatokat az Nkt.-ban \u00e9s az EMMI rendeletben meghat\u00e1rozott c\u00edmzetti\n  k\u00f6rnek\n  <\/td><\/tr><tr><td>\n  <strong>Adattov\u00e1bb\u00edt\u00e1s\n  harmadik orsz\u00e1gba vagy nemzetk\u00f6zi szervezet r\u00e9sz\u00e9re<\/strong>\n  <\/td><td>\n  Nem t\u00f6rt\u00e9nik harmadik orsz\u00e1gba vagy nemzetk\u00f6zi\n  szervezet r\u00e9sz\u00e9re adattov\u00e1bb\u00edt\u00e1s. \n  <\/td><\/tr><\/tbody><\/table>\n\n\n\n<ul class=\"wp-block-list\"><li><strong>Az int\u00e9zm\u00e9nyek\nk\u00f6z\u00f6tti \u00e1tiratkoz\u00e1shoz kapcsol\u00f3d\u00f3 adatkezel\u00e9s<\/strong><\/li><\/ul>\n\n\n\n<table class=\"wp-block-table\"><tbody><tr><td>\n  <strong>Adatkezel\u00e9s\n  c\u00e9lja<\/strong>\n  <\/td><td>\n  Az int\u00e9zm\u00e9nyek k\u00f6z\u00f6tti \u00e1tiratkoz\u00e1s elektronikus\n  \u00faton t\u00f6rt\u00e9n\u0151 biztos\u00edt\u00e1sa\n  <\/td><\/tr><tr><td>\n  <strong>Kezelt\n  adatok k\u00f6re<\/strong>\n  <\/td><td>\n  K\u00f6telez\u0151en\n  megadand\u00f3 adatok k\u00f6re: a tanul\u00f3 teljes neve, oktat\u00e1si azonos\u00edt\u00f3ja, tov\u00e1bb\u00e1 \u00e1tvev\u0151\n  int\u00e9zm\u00e9ny nev\u00e9t, valamint az \u00e1tad\u00f3 int\u00e9zm\u00e9ny nev\u00e9t \u00e9s azonos\u00edt\u00f3j\u00e1t.\n  Az \u00e1tvev\u0151 int\u00e9zm\u00e9ny azonos\u00edt\u00f3j\u00e1nak megad\u00e1sa nem\n  k\u00f6telez\u0151, a k\u00e9relemhez csatolhat\u00f3k mell\u00e9kletek is, valamint a k\u00e9relem\n  indokolhat\u00f3.\n  &nbsp;\n  Az EMMI rendelet 23.\u00a7 (6) bekezd\u00e9s\u00e9re tekintettel\n  az \u00e1tv\u00e9teli k\u00e9relemhez sz\u00fcks\u00e9ges bemutatni a tanul\u00f3 nev\u00e9re ki\u00e1ll\u00edtott\n  szem\u00e9lyi azonos\u00edt\u00f3t \u00e9s lakc\u00edmet igazol\u00f3 hat\u00f3s\u00e1gi igazolv\u00e1nyt, tov\u00e1bb\u00e1 az iskol\u00e1ba\n  l\u00e9p\u00e9shez sz\u00fcks\u00e9ges fejletts\u00e9g el\u00e9r\u00e9s\u00e9t tan\u00fas\u00edt\u00f3 igazol\u00e1st, ezen fel\u00fcl amennyiben\n  iskolat\u00edpust k\u00edv\u00e1n v\u00e1ltani az \u00e1ltal\u00e1nos iskolai tanul\u00f3, \u00fagy az \u00e1tv\u00e9tel\n  sor\u00e1n&nbsp; a tanul\u00f3 felv\u00e9telre meg\u00e1llap\u00edtott\n  rendelkez\u00e9seket sz\u00fcks\u00e9ges az int\u00e9zm\u00e9nyeknek alkalmaznia, ily m\u00f3don sz\u00fcks\u00e9ges\n  lehet a beiratkoz\u00e1s sor\u00e1n r\u00f6gz\u00edtett dokumentumok bemutat\u00e1sa, ugyanakkor jelen\n  adatkezel\u00e9ssel \u00f6sszef\u00fcgg\u0151 k\u00e9relem beny\u00fajt\u00e1sakor, az elektronikusan fel\u00fcleten\n  az ezen pontban meghat\u00e1rozott adatok megad\u00e1sa k\u00f6telez\u0151.\n  <\/td><\/tr><tr><td>\n  <strong>Adatkezel\u00e9s\n  jogalapja<\/strong>\n  <\/td><td>\n  A nem k\u00f6telez\u0151en megadand\u00f3 szem\u00e9lyes adatok\n  tekintet\u00e9ben az adatkezel\u00e9s jogalapja a GDPR 6. cikk (1) bekezd\u00e9s a) pontja\n  szerinti \u00e9rintetti hozz\u00e1j\u00e1rul\u00e1s, m\u00edg a k\u00f6telez\u0151en megadand\u00f3 adatok\n  tekintet\u00e9ben a jogalap a GDPR 6. cikk (1) bekezd\u00e9s c) pontja, illetve\n  k\u00fcl\u00f6nleges szem\u00e9lyes adatok vonatkoz\u00e1s\u00e1ban a GDPR 9. cikk (2) bek. b) \u00e9s h)\n  pontj\u00e1n alapulnak.\n  <\/td><\/tr><tr><td>\n  <strong>Adatt\u00e1rol\u00e1s\n  hat\u00e1rideje<\/strong>\n  <\/td><td>\n  Az Nkt. 41.\u00a7 (10) bekezd\u00e9s alapj\u00e1n, az\n  Adatkezel\u0151 a nyilv\u00e1ntartott gyermek \u00e9s tanul\u00f3i adatokat a jogviszony\n  megsz\u0171n\u00e9s\u00e9t\u0151l sz\u00e1m\u00edtott t\u00edz \u00e9vig kezeli, m\u00edg a hozz\u00e1j\u00e1rul\u00e1son alapul\u00f3 adatokat az \u00e9rintett\n  hozz\u00e1j\u00e1rul\u00e1s\u00e1nak visszavon\u00e1s\u00e1ig, ennek hi\u00e1ny\u00e1ban az adatkezel\u00e9si c\u00e9l\n  megval\u00f3sul\u00e1s\u00e1ig.\n  <\/td><\/tr><tr><td>\n  <strong>Adatt\u00e1rol\u00e1s\n  m\u00f3dja<\/strong>\n  <\/td><td>\n  Elektronikus\n  <\/td><\/tr><tr><td>\n  <strong>Adat\n  forr\u00e1sa<\/strong>\n  <\/td><td>\n  \u00c9rintett\u0151l felvett adat\n  <\/td><\/tr><tr><td>\n  <strong>Az\n  adatszolg\u00e1ltat\u00e1s elmarad\u00e1s\u00e1nak lehets\u00e9ges k\u00f6vetkezm\u00e9nyei<\/strong>\n  <\/td><td>\n  Az adatszolg\u00e1ltat\u00e1s elmarad\u00e1sa eset\u00e9n az\n  Adatkezel\u0151 nem tudja teljes\u00edteni a Felhaszn\u00e1l\u00f3 \u00e1ltal k\u00e9relmezett \u00fcgyint\u00e9z\u00e9s\n  lefolytat\u00e1s\u00e1t.\n  <\/td><\/tr><tr><td>\n  <strong>Automatiz\u00e1lt\n  d\u00f6nt\u00e9shozatal \u00e9s profilalkot\u00e1s<\/strong>\n  <\/td><td>\n  Az Adatkezel\u0151 nem alkalmaz automatiz\u00e1lt\n  d\u00f6nt\u00e9shozatalt \u00e9s nem v\u00e9gez profilalkot\u00e1st.\n  <\/td><\/tr><tr><td>\n  <strong>Kik\n  ismerhetik meg a szem\u00e9lyes adatokat?<\/strong>\n  <\/td><td>\n  A k\u00e9relmez\u0151 (\u00e9rintett) \u00e1ltal megadott adatokat\n  az Adatkezel\u0151 &#8211; az oktat\u00e1si, nevel\u00e9si\n  feladatot ell\u00e1t\u00f3 int\u00e9zm\u00e9ny \u2013 felhatalmazott munkat\u00e1rsai ismerhetik meg. Az\n  Adatkezel\u0151 tov\u00e1bb\u00e1 az Nkt. 41. \u00a7 (5), (7) \u00e9s (8) bekezd\u00e9se, 42. \u00a7 (3)\n  bekezd\u00e9se, valamint az EMMI rendelet rendelkez\u00e9sei szerint tov\u00e1bb\u00edtja a\n  szem\u00e9lyes adatokat az Nkt.-ban \u00e9s az EMMI rendeletben meghat\u00e1rozott c\u00edmzetti\n  k\u00f6rnek\n  <\/td><\/tr><tr><td>\n  <strong>Adattov\u00e1bb\u00edt\u00e1s\n  harmadik orsz\u00e1gba vagy nemzetk\u00f6zi szervezet r\u00e9sz\u00e9re<\/strong>\n  <\/td><td>\n  Nem t\u00f6rt\u00e9nik harmadik orsz\u00e1gba vagy nemzetk\u00f6zi\n  szervezet r\u00e9sz\u00e9re adattov\u00e1bb\u00edt\u00e1s. \n  <\/td><\/tr><\/tbody><\/table>\n\n\n\n<ul class=\"wp-block-list\"><li><strong>A Kiiratkoz\u00e1s \u00fcgyint\u00e9z\u00e9si f\u0151men\u00fcponton bel\u00fcl el\u00e9rhet\u0151\nalmen\u00fcpontokhoz kapcsol\u00f3d\u00f3 adatkezel\u00e9sek a k\u00f6vetkez\u0151k:<\/strong><\/li><\/ul>\n\n\n\n<ul class=\"wp-block-list\"><li><strong>A\nk\u00f6znevel\u00e9sb\u0151l t\u00f6rt\u00e9n\u0151 kiiratkoz\u00e1shoz kapcsol\u00f3d\u00f3 adatkezel\u00e9s<\/strong><\/li><\/ul>\n\n\n\n<table class=\"wp-block-table\"><tbody><tr><td>\n  <strong>Adatkezel\u00e9s\n  c\u00e9lja<\/strong>\n  <\/td><td>\n  A k\u00f6znevel\u00e9sb\u0151l t\u00f6rt\u00e9n\u0151 kiiratkoz\u00e1s\n  elektronikus \u00faton t\u00f6rt\u00e9n\u0151 biztos\u00edt\u00e1sa. &nbsp;\n  <\/td><\/tr><tr><td>\n  <strong>Kezelt\n  adatok k\u00f6re<\/strong>\n  <\/td><td>\n  K\u00f6telez\u0151 adatok a k\u00f6vetkez\u0151k: a tanul\u00f3 teljes\n  neve, oktat\u00e1si azonos\u00edt\u00f3ja, ezen fel\u00fcl sz\u00fcks\u00e9ges nyilatkozni a kiiratkoz\u00e1s ok\u00e1r\u00f3l\n  is. A k\u00e9relemhez csatolhat\u00f3k mell\u00e9kletek is, valamint a k\u00e9relem indokolhat\u00f3,\n  illetve nyilatkozhat a k\u00e9relmez\u0151 a tanul\u00f3 megszerzett legmagasabb iskolai\n  v\u00e9gzetts\u00e9g\u00e9r\u0151l, amennyiben szeretne.\n  <\/td><\/tr><tr><td>\n  <strong>Adatkezel\u00e9s\n  jogalapja<\/strong>\n  <\/td><td>\n  A nem k\u00f6telez\u0151en megadand\u00f3 szem\u00e9lyes adatok\n  tekintet\u00e9ben az adatkezel\u00e9s jogalapja a GDPR 6. cikk (1) bekezd\u00e9s a) pontja\n  szerinti \u00e9rintetti hozz\u00e1j\u00e1rul\u00e1s, m\u00edg a k\u00f6telez\u0151en megadand\u00f3 adatok\n  tekintet\u00e9ben a jogalap a GDPR 6. cikk (1) bekezd\u00e9s c) pontja.\n  <\/td><\/tr><tr><td>\n  <strong>Adatt\u00e1rol\u00e1s\n  hat\u00e1rideje<\/strong>\n  <\/td><td>\n  Az Nkt. 41.\u00a7 (10) bekezd\u00e9s alapj\u00e1n, az\n  Adatkezel\u0151 a nyilv\u00e1ntartott gyermek \u00e9s tanul\u00f3i adatokat a jogviszony\n  megsz\u0171n\u00e9s\u00e9t\u0151l sz\u00e1m\u00edtott t\u00edz \u00e9vig kezeli, m\u00edg a hozz\u00e1j\u00e1rul\u00e1son alapul\u00f3 adatokat az \u00e9rintett\n  hozz\u00e1j\u00e1rul\u00e1s\u00e1nak visszavon\u00e1s\u00e1ig, ennek hi\u00e1ny\u00e1ban az adatkezel\u00e9si c\u00e9l\n  megval\u00f3sul\u00e1s\u00e1ig.\n  <\/td><\/tr><tr><td>\n  <strong>Adatt\u00e1rol\u00e1s\n  m\u00f3dja<\/strong>\n  <\/td><td>\n  Elektronikus\n  <\/td><\/tr><tr><td>\n  <strong>Adat\n  forr\u00e1sa<\/strong>\n  <\/td><td>\n  \u00c9rintett\u0151l felvett adat\n  <\/td><\/tr><tr><td>\n  <strong>Az\n  adatszolg\u00e1ltat\u00e1s elmarad\u00e1s\u00e1nak lehets\u00e9ges k\u00f6vetkezm\u00e9nyei<\/strong>\n  <\/td><td>\n  Az adatszolg\u00e1ltat\u00e1s elmarad\u00e1sa eset\u00e9n az\n  Adatkezel\u0151 nem tudja teljes\u00edteni a Felhaszn\u00e1l\u00f3 \u00e1ltal k\u00e9relmezett \u00fcgyint\u00e9z\u00e9s\n  lefolytat\u00e1s\u00e1t.\n  <\/td><\/tr><tr><td>\n  <strong>Automatiz\u00e1lt\n  d\u00f6nt\u00e9shozatal \u00e9s profilalkot\u00e1s<\/strong>\n  <\/td><td>\n  Az Adatkezel\u0151 nem alkalmaz automatiz\u00e1lt\n  d\u00f6nt\u00e9shozatalt \u00e9s nem v\u00e9gez profilalkot\u00e1st.\n  <\/td><\/tr><tr><td>\n  <strong>Kik\n  ismerhetik meg a szem\u00e9lyes adatokat?<\/strong>\n  <\/td><td>\n  A k\u00e9relmez\u0151 (\u00e9rintett) \u00e1ltal megadott adatokat\n  az Adatkezel\u0151 &#8211; az oktat\u00e1si, nevel\u00e9si\n  feladatot ell\u00e1t\u00f3 int\u00e9zm\u00e9ny \u2013 felhatalmazott munkat\u00e1rsai ismerhetik meg. Az\n  Adatkezel\u0151 tov\u00e1bb\u00e1 az Nkt. 41. \u00a7 (5), (7) \u00e9s (8) bekezd\u00e9se, 42. \u00a7 (3)\n  bekezd\u00e9se, valamint az EMMI rendelet rendelkez\u00e9sei szerint tov\u00e1bb\u00edtja a\n  szem\u00e9lyes adatokat az Nkt.-ban \u00e9s az EMMI rendeletben meghat\u00e1rozott c\u00edmzetti\n  k\u00f6rnek\n  <\/td><\/tr><tr><td>\n  <strong>Adattov\u00e1bb\u00edt\u00e1s\n  harmadik orsz\u00e1gba vagy nemzetk\u00f6zi szervezet r\u00e9sz\u00e9re<\/strong>\n  <\/td><td>\n  Nem t\u00f6rt\u00e9nik harmadik orsz\u00e1gba vagy nemzetk\u00f6zi\n  szervezet r\u00e9sz\u00e9re adattov\u00e1bb\u00edt\u00e1s.\n  <\/td><\/tr><\/tbody><\/table>\n\n\n\n<ul class=\"wp-block-list\"><li><strong>A nem\ntank\u00f6telezetts\u00e9get teljes\u00edt\u0151 jogviszonyhoz kapcsol\u00f3d\u00f3 kiiratkoz\u00e1ssal \u00f6sszef\u00fcgg\u0151\nadatkezel\u00e9s<\/strong><\/li><\/ul>\n\n\n\n<table class=\"wp-block-table\"><tbody><tr><td>\n  <strong>Adatkezel\u00e9s\n  c\u00e9lja<\/strong>\n  <\/td><td>\n  A nem tank\u00f6telezetts\u00e9get teljes\u00edt\u0151 jogviszonyb\u00f3l\n  t\u00f6rt\u00e9n\u0151 kiiratkoz\u00e1s elektronikus \u00faton t\u00f6rt\u00e9n\u0151 biztos\u00edt\u00e1sa.\n  <\/td><\/tr><tr><td>\n  <strong>Kezelt\n  adatok k\u00f6re<\/strong>\n  <\/td><td>\n  K\u00f6telez\u0151 adatok a k\u00f6vetkez\u0151k: a tanul\u00f3 teljes\n  neve, oktat\u00e1si azonos\u00edt\u00f3ja, ezen fel\u00fcl sz\u00fcks\u00e9ges nyilatkozni a kiiratkoz\u00e1s\n  ok\u00e1r\u00f3l is. A k\u00e9relemhez csatolhat\u00f3k mell\u00e9kletek is, valamint a k\u00e9relem\n  indokolhat\u00f3, illetve nyilatkozhat a k\u00e9relmez\u0151 a tanul\u00f3 megszerzett\n  legmagasabb iskolai v\u00e9gzetts\u00e9g\u00e9r\u0151l, amennyiben szeretne.\n  <\/td><\/tr><tr><td>\n  <strong>Adatkezel\u00e9s\n  jogalapja<\/strong>\n  <\/td><td>\n  A nem k\u00f6telez\u0151en megadand\u00f3 szem\u00e9lyes adatok\n  tekintet\u00e9ben az adatkezel\u00e9s jogalapja a GDPR 6. cikk (1) bekezd\u00e9s a) pontja\n  szerinti \u00e9rintetti hozz\u00e1j\u00e1rul\u00e1s, m\u00edg a k\u00f6telez\u0151en megadand\u00f3 adatok\n  tekintet\u00e9ben a jogalap a GDPR 6. cikk (1) bekezd\u00e9s c) pontja. \n  <\/td><\/tr><tr><td>\n  <strong>Adatt\u00e1rol\u00e1s\n  hat\u00e1rideje<\/strong>\n  <\/td><td>\n  Az Nkt. 41.\u00a7 (10) bekezd\u00e9s alapj\u00e1n, az\n  Adatkezel\u0151 a nyilv\u00e1ntartott gyermek \u00e9s tanul\u00f3i adatokat a jogviszony\n  megsz\u0171n\u00e9s\u00e9t\u0151l sz\u00e1m\u00edtott t\u00edz \u00e9vig kezeli, m\u00edg a hozz\u00e1j\u00e1rul\u00e1son alapul\u00f3 adatokat az \u00e9rintett\n  hozz\u00e1j\u00e1rul\u00e1s\u00e1nak visszavon\u00e1s\u00e1ig, ennek hi\u00e1ny\u00e1ban az adatkezel\u00e9si c\u00e9l\n  megval\u00f3sul\u00e1s\u00e1ig.\n  <\/td><\/tr><tr><td>\n  <strong>Adatt\u00e1rol\u00e1s\n  m\u00f3dja<\/strong>\n  <\/td><td>\n  Elektronikus\n  <\/td><\/tr><tr><td>\n  <strong>Adat\n  forr\u00e1sa<\/strong>\n  <\/td><td>\n  \u00c9rintett\u0151l felvett adat\n  <\/td><\/tr><tr><td>\n  <strong>Az\n  adatszolg\u00e1ltat\u00e1s elmarad\u00e1s\u00e1nak lehets\u00e9ges k\u00f6vetkezm\u00e9nyei<\/strong>\n  <\/td><td>\n  Az adatszolg\u00e1ltat\u00e1s elmarad\u00e1sa eset\u00e9n az\n  Adatkezel\u0151 nem tudja teljes\u00edteni a Felhaszn\u00e1l\u00f3 \u00e1ltal k\u00e9relmezett \u00fcgyint\u00e9z\u00e9s\n  lefolytat\u00e1s\u00e1t.\n  <\/td><\/tr><tr><td>\n  <strong>Automatiz\u00e1lt\n  d\u00f6nt\u00e9shozatal \u00e9s profilalkot\u00e1s<\/strong>\n  <\/td><td>\n  Az Adatkezel\u0151 nem alkalmaz automatiz\u00e1lt\n  d\u00f6nt\u00e9shozatalt \u00e9s nem v\u00e9gez profilalkot\u00e1st.\n  <\/td><\/tr><tr><td>\n  <strong>Kik\n  ismerhetik meg a szem\u00e9lyes adatokat?<\/strong>\n  <\/td><td>\n  A k\u00e9relmez\u0151 (\u00e9rintett) \u00e1ltal megadott adatokat\n  az Adatkezel\u0151 &#8211; az oktat\u00e1si, nevel\u00e9si\n  feladatot ell\u00e1t\u00f3 int\u00e9zm\u00e9ny \u2013 felhatalmazott munkat\u00e1rsai ismerhetik meg. Az\n  Adatkezel\u0151 tov\u00e1bb\u00e1 az Nkt. 41. \u00a7 (5), (7) \u00e9s (8) bekezd\u00e9se, 42. \u00a7 (3)\n  bekezd\u00e9se, valamint az EMMI rendelet rendelkez\u00e9sei szerint tov\u00e1bb\u00edtja a\n  szem\u00e9lyes adatokat az Nkt.-ban \u00e9s az EMMI rendeletben meghat\u00e1rozott c\u00edmzetti\n  k\u00f6rnek.\n  <\/td><\/tr><tr><td>\n  <strong>Adattov\u00e1bb\u00edt\u00e1s\n  harmadik orsz\u00e1gba vagy nemzetk\u00f6zi szervezet r\u00e9sz\u00e9re<\/strong>\n  <\/td><td>\n  Nem t\u00f6rt\u00e9nik harmadik orsz\u00e1gba vagy nemzetk\u00f6zi\n  szervezet r\u00e9sz\u00e9re adattov\u00e1bb\u00edt\u00e1s.\n  <\/td><\/tr><\/tbody><\/table>\n\n\n\n<ul class=\"wp-block-list\"><li><strong>K\u00fclf\u00f6ld\u00f6n\nt\u00f6lt\u00f6tt ideiglenes tanulm\u00e1nyi id\u0151szak bejelent\u00e9s\u00e9hez kapcsol\u00f3d\u00f3 adatkezel\u00e9s<\/strong><\/li><\/ul>\n\n\n\n<table class=\"wp-block-table\"><tbody><tr><td>\n  <strong>Adatkezel\u00e9s\n  c\u00e9lja<\/strong>\n  <\/td><td>\n  A k\u00fclf\u00f6ld\u00f6n t\u00f6lt\u00f6tt ideiglenes tanulm\u00e1nyi\n  id\u0151szak bejelent\u00e9s\u00e9vel \u00f6sszef\u00fcgg\u0151 adatoknak, dokumentumoknak (k\u00e9relemnek,\n  mell\u00e9kleteknek) a kezel\u00e9se, annak \u00e9rdek\u00e9ben, hogy a gyermek (tanul\u00f3)\n  ideiglenesen tanulm\u00e1nyi id\u0151szak\u00e1t folytathassa k\u00fclf\u00f6ld\u00f6n, illetve, hogy az\n  Adatkezel\u0151 teljes\u00edthesse az Nkt. 91. \u00a7 (2) bekezd\u00e9s\u00e9vel \u00f6sszef\u00fcgg\u0151\n  k\u00f6telezetts\u00e9geit.\n  <\/td><\/tr><tr><td>\n  <strong>Kezelt\n  adatok k\u00f6re<\/strong>\n  <\/td><td>\n  K\u00f6telez\u0151en\n  megadand\u00f3 adatok k\u00f6re: a tanul\u00f3 teljes neve, oktat\u00e1si azonos\u00edt\u00f3ja, k\u00fclf\u00f6ldi\n  tart\u00f3zkod\u00e1s kezdet\u00e9nek pontos id\u0151pontja.\n  &nbsp;\n  A k\u00e9relemhez csatolhat\u00f3k mell\u00e9kletek is,\n  valamint a k\u00e9relem indokolhat\u00f3, illetve nyilatkozhat a k\u00e9relmez\u0151 a k\u00fclf\u00f6ldi\n  tart\u00f3zkod\u00e1s z\u00e1r\u00f3d\u00e1tum\u00e1r\u00f3l, illetve megnevezhet\u0151 a v\u00e1ros \u00e9s az int\u00e9zm\u00e9ny, ahol\n  a tanul\u00f3 a tanulm\u00e1nyait folytatni k\u00edv\u00e1nja.\n  <\/td><\/tr><tr><td>\n  <strong>Adatkezel\u00e9s\n  jogalapja<\/strong>\n  <\/td><td>\n  A nem k\u00f6telez\u0151en megadand\u00f3 szem\u00e9lyes adatok\n  tekintet\u00e9ben az adatkezel\u00e9s jogalapja a GDPR 6. cikk (1) bekezd\u00e9s a) pontja\n  szerinti \u00e9rintetti hozz\u00e1j\u00e1rul\u00e1s, m\u00edg a k\u00f6telez\u0151en megadand\u00f3 adatok\n  tekintet\u00e9ben a jogalap a GDPR 6. cikk (1) bekezd\u00e9s c) pontja szerinti jogi k\u00f6telezetts\u00e9g\n  teljes\u00edt\u00e9se.\n  <\/td><\/tr><tr><td>\n  <strong>Adatt\u00e1rol\u00e1s\n  hat\u00e1rideje<\/strong>\n  <\/td><td>\n  Az Nkt. 41.\u00a7 (10) bekezd\u00e9s alapj\u00e1n, az\n  Adatkezel\u0151 a nyilv\u00e1ntartott gyermek \u00e9s tanul\u00f3i adatokat a jogviszony\n  megsz\u0171n\u00e9s\u00e9t\u0151l sz\u00e1m\u00edtott t\u00edz \u00e9vig kezeli, m\u00edg a hozz\u00e1j\u00e1rul\u00e1son alapul\u00f3 adatokat az \u00e9rintett hozz\u00e1j\u00e1rul\u00e1s\u00e1nak\n  visszavon\u00e1s\u00e1ig, ennek hi\u00e1ny\u00e1ban az adatkezel\u00e9si c\u00e9l megval\u00f3sul\u00e1s\u00e1ig.\n  <\/td><\/tr><tr><td>\n  <strong>Adatt\u00e1rol\u00e1s\n  m\u00f3dja<\/strong>\n  <\/td><td>\n  Elektronikus\n  <\/td><\/tr><tr><td>\n  <strong>Adat\n  forr\u00e1sa<\/strong>\n  <\/td><td>\n  \u00c9rintett\u0151l felvett adat\n  <\/td><\/tr><tr><td>\n  <strong>Az\n  adatszolg\u00e1ltat\u00e1s elmarad\u00e1s\u00e1nak lehets\u00e9ges k\u00f6vetkezm\u00e9nyei<\/strong>\n  <\/td><td>\n  Az adatszolg\u00e1ltat\u00e1s elmarad\u00e1sa eset\u00e9n az Adatkezel\u0151\n  nem tudja teljes\u00edteni a Felhaszn\u00e1l\u00f3 \u00e1ltal k\u00e9relmezett \u00fcgyint\u00e9z\u00e9s\n  lefolytat\u00e1s\u00e1t.\n  <\/td><\/tr><tr><td>\n  <strong>Automatiz\u00e1lt\n  d\u00f6nt\u00e9shozatal \u00e9s profilalkot\u00e1s<\/strong>\n  <\/td><td>\n  Az Adatkezel\u0151 nem alkalmaz automatiz\u00e1lt\n  d\u00f6nt\u00e9shozatalt \u00e9s nem v\u00e9gez profilalkot\u00e1st.\n  <\/td><\/tr><tr><td>\n  <strong>Kik\n  ismerhetik meg a szem\u00e9lyes adatokat?<\/strong>\n  <\/td><td>\n  A k\u00e9relmez\u0151 (\u00e9rintett) \u00e1ltal megadott adatokat\n  az Adatkezel\u0151 &#8211; az oktat\u00e1si, nevel\u00e9si\n  feladatot ell\u00e1t\u00f3 int\u00e9zm\u00e9ny \u2013 felhatalmazott munkat\u00e1rsai ismerhetik meg. Az\n  Adatkezel\u0151 tov\u00e1bb\u00e1 az Nkt. 41. \u00a7 (5), (7) \u00e9s (8) bekezd\u00e9se, 42. \u00a7 (3)\n  bekezd\u00e9se, valamint az EMMI rendelet rendelkez\u00e9sei szerint tov\u00e1bb\u00edtja a\n  szem\u00e9lyes adatokat az Nkt.-ban \u00e9s az EMMI rendeletben meghat\u00e1rozott c\u00edmzetti\n  k\u00f6rnek.\n  <\/td><\/tr><tr><td>\n  <strong>Adattov\u00e1bb\u00edt\u00e1s\n  harmadik orsz\u00e1gba vagy nemzetk\u00f6zi szervezet r\u00e9sz\u00e9re<\/strong>\n  <\/td><td>\n  &nbsp;Nem\n  t\u00f6rt\u00e9nik harmadik orsz\u00e1gba vagy nemzetk\u00f6zi szervezet r\u00e9sz\u00e9re adattov\u00e1bb\u00edt\u00e1s.\n  <\/td><\/tr><\/tbody><\/table>\n\n\n\n<ul class=\"wp-block-list\"><li><strong>Mag\u00e1ntanul\u00f3i\njogviszony ir\u00e1nti k\u00e9rv\u00e9ny bejelent\u00e9s\u00e9hez kapcsol\u00f3d\u00f3 adatkezel\u00e9s<\/strong><\/li><\/ul>\n\n\n\n<table class=\"wp-block-table\"><tbody><tr><td>\n  <strong>Adatkezel\u00e9s\n  c\u00e9lja<\/strong>\n  <\/td><td>\n  A mag\u00e1ntanul\u00f3i jogviszony ir\u00e1nti k\u00e9rv\u00e9ny elektronikus\n  \u00faton t\u00f6rt\u00e9n\u0151 bejelent\u00e9s\u00e9nek biztos\u00edt\u00e1sa, illetve az Adatkezel\u0151t terhel\u0151 (az\n  EMMI rendelet 75. \u00a7 (1) bekezd\u00e9s\u00e9ben foglalt) bejelent\u00e9si k\u00f6telezetts\u00e9g\n  teljes\u00edt\u00e9se, \u00f6sszhangban az Nkt. 41. \u00a7 (4) bekezd\u00e9s\u00e9ben foglaltakkal.\n  <\/td><\/tr><tr><td>\n  <strong>Kezelt\n  adatok k\u00f6re<\/strong>\n  <\/td><td>\n  K\u00f6telez\u0151en\n  megadand\u00f3 adatok k\u00f6re: a tanul\u00f3 teljes neve, oktat\u00e1si azonos\u00edt\u00f3ja, tov\u00e1bb\u00e1\n  nyilatkozni sz\u00fcks\u00e9ges a k\u00e9relem beny\u00fajt\u00e1s\u00e1nak ok\u00e1r\u00f3l, illetve a mag\u00e1ntanul\u00f3i\n  jogviszony kezd\u0151 id\u0151pontj\u00e1r\u00f3l \u00e9s z\u00e1r\u00f3 id\u0151pontj\u00e1r\u00f3l. A k\u00e9relemhez csatolhat\u00f3k\n  mell\u00e9kletek is, valamint a k\u00e9relem indokolhat\u00f3. \n  <\/td><\/tr><tr><td>\n  <strong>Adatkezel\u00e9s\n  jogalapja<\/strong>\n  <\/td><td>\n  A nem k\u00f6telez\u0151en megadand\u00f3 szem\u00e9lyes adatok\n  tekintet\u00e9ben az adatkezel\u00e9s jogalapja a GDPR 6. cikk (1) bekezd\u00e9s a) pontja\n  szerinti \u00e9rintetti hozz\u00e1j\u00e1rul\u00e1s, m\u00edg a k\u00f6telez\u0151en megadand\u00f3 adatok\n  tekintet\u00e9ben a jogalap a GDPR 6. cikk (1) bekezd\u00e9s c) pontja szerinti jogi\n  k\u00f6telezetts\u00e9g teljes\u00edt\u00e9se.\n  <\/td><\/tr><tr><td>\n  <strong>Adatt\u00e1rol\u00e1s\n  hat\u00e1rideje<\/strong>\n  <\/td><td>\n  Az Nkt. 41.\u00a7 (10) bekezd\u00e9s alapj\u00e1n, az\n  Adatkezel\u0151 a nyilv\u00e1ntartott gyermek \u00e9s tanul\u00f3i adatokat a jogviszony\n  megsz\u0171n\u00e9s\u00e9t\u0151l sz\u00e1m\u00edtott t\u00edz \u00e9vig kezeli, m\u00edg a hozz\u00e1j\u00e1rul\u00e1son alapul\u00f3 adatokat az \u00e9rintett\n  hozz\u00e1j\u00e1rul\u00e1s\u00e1nak visszavon\u00e1s\u00e1ig, ennek hi\u00e1ny\u00e1ban az adatkezel\u00e9si c\u00e9l\n  megval\u00f3sul\u00e1s\u00e1ig.\n  <\/td><\/tr><tr><td>\n  <strong>Adatt\u00e1rol\u00e1s\n  m\u00f3dja<\/strong>\n  <\/td><td>\n  Elektronikus\n  <\/td><\/tr><tr><td>\n  <strong>Adat\n  forr\u00e1sa<\/strong>\n  <\/td><td>\n  \u00c9rintett\u0151l felvett adat\n  <\/td><\/tr><tr><td>\n  <strong>Az\n  adatszolg\u00e1ltat\u00e1s elmarad\u00e1s\u00e1nak lehets\u00e9ges k\u00f6vetkezm\u00e9nyei<\/strong>\n  <\/td><td>\n  Az adatszolg\u00e1ltat\u00e1s elmarad\u00e1sa eset\u00e9n az\n  Adatkezel\u0151 nem tudja teljes\u00edteni a Felhaszn\u00e1l\u00f3 \u00e1ltal k\u00e9relmezett \u00fcgyint\u00e9z\u00e9s\n  lefolytat\u00e1s\u00e1t.\n  <\/td><\/tr><tr><td>\n  <strong>Automatiz\u00e1lt\n  d\u00f6nt\u00e9shozatal \u00e9s profilalkot\u00e1s<\/strong>\n  <\/td><td>\n  Az Adatkezel\u0151 nem alkalmaz automatiz\u00e1lt\n  d\u00f6nt\u00e9shozatalt \u00e9s nem v\u00e9gez profilalkot\u00e1st.\n  <\/td><\/tr><tr><td>\n  <strong>Kik\n  ismerhetik meg a szem\u00e9lyes adatokat?<\/strong>\n  <\/td><td>\n  A k\u00e9relmez\u0151 (\u00e9rintett) \u00e1ltal megadott adatokat\n  az Adatkezel\u0151 &#8211; az oktat\u00e1si, nevel\u00e9si\n  feladatot ell\u00e1t\u00f3 int\u00e9zm\u00e9ny \u2013 felhatalmazott munkat\u00e1rsai ismerhetik meg. Az\n  Adatkezel\u0151 tov\u00e1bb\u00e1 az Nkt. 41. \u00a7 (5), (7) \u00e9s (8) bekezd\u00e9se, 42. \u00a7 (3)\n  bekezd\u00e9se, valamint az EMMI rendelet rendelkez\u00e9sei szerint tov\u00e1bb\u00edtja a\n  szem\u00e9lyes adatokat az Nkt.-ban \u00e9s az EMMI rendeletben meghat\u00e1rozott c\u00edmzetti\n  k\u00f6rnek.\n  <\/td><\/tr><tr><td>\n  <strong>Adattov\u00e1bb\u00edt\u00e1s\n  harmadik orsz\u00e1gba vagy nemzetk\u00f6zi szervezet r\u00e9sz\u00e9re<\/strong>\n  <\/td><td>\n  Nem t\u00f6rt\u00e9nik harmadik orsz\u00e1gba vagy nemzetk\u00f6zi\n  szervezet r\u00e9sz\u00e9re adattov\u00e1bb\u00edt\u00e1s. \n  <\/td><\/tr><\/tbody><\/table>\n\n\n\n<ul class=\"wp-block-list\"><li><strong>Vend\u00e9gtanul\u00f3i\njogviszony ir\u00e1nti k\u00e9rv\u00e9ny beny\u00fajt\u00e1s\u00e1hoz kapcsol\u00f3d\u00f3 adatkezel\u00e9s<\/strong><\/li><\/ul>\n\n\n\n<table class=\"wp-block-table\"><tbody><tr><td>\n  <strong>Adatkezel\u00e9s\n  c\u00e9lja<\/strong>\n  <\/td><td>\n  A vend\u00e9gtanul\u00f3i jogviszony ir\u00e1nti k\u00e9rv\u00e9ny elektronikus\n  \u00faton t\u00f6rt\u00e9n\u0151 bejelent\u00e9s\u00e9nek biztos\u00edt\u00e1sa, illetve az Adatkezel\u0151t (az EMMI rendelet\n  23. \u00a7 (8) bekezd\u00e9se, illetve 49. \u00a7-a alapj\u00e1n) terhel\u0151 nyilv\u00e1ntart\u00e1si&nbsp; k\u00f6telezetts\u00e9geinek teljes\u00edt\u00e9se. \n  <\/td><\/tr><tr><td>\n  <strong>Kezelt\n  adatok k\u00f6re<\/strong>\n  <\/td><td>\n  K\u00f6telez\u0151en megadand\u00f3 adatok\n  k\u00f6re: a tanul\u00f3 teljes neve, oktat\u00e1si azonos\u00edt\u00f3ja, tov\u00e1bb\u00e1 nyilatkozni\n  sz\u00fcks\u00e9ges a k\u00e9relem beny\u00fajt\u00e1s\u00e1nak ok\u00e1r\u00f3l, illetve a vend\u00e9gtanul\u00f3i jogviszony kezd\u0151\n  id\u0151pontj\u00e1r\u00f3l \u00e9s z\u00e1r\u00f3 id\u0151pontj\u00e1r\u00f3l. A k\u00e9relemhez csatolhat\u00f3k mell\u00e9kletek is,\n  valamint a k\u00e9relem indokolhat\u00f3, illetve nyilatkozhat a k\u00e9relmez\u0151 a\n  vend\u00e9gtanul\u00f3i jogviszony biztos\u00edt\u00e1s\u00e1ra v\u00e1lasztott int\u00e9zm\u00e9ny nev\u00e9r\u0151l \u00e9s int\u00e9zm\u00e9nyi\n  azonos\u00edt\u00f3j\u00e1r\u00f3l.\n  <\/td><\/tr><tr><td>\n  <strong>Adatkezel\u00e9s\n  jogalapja<\/strong>\n  <\/td><td>\n  A nem k\u00f6telez\u0151en megadand\u00f3 szem\u00e9lyes adatok\n  tekintet\u00e9ben az adatkezel\u00e9s jogalapja a GDPR 6. cikk (1) bekezd\u00e9s a) pontja\n  szerinti \u00e9rintetti hozz\u00e1j\u00e1rul\u00e1s, m\u00edg a k\u00f6telez\u0151en megadand\u00f3 adatok\n  tekintet\u00e9ben a jogalap a GDPR 6. cikk (1) bekezd\u00e9s c) pontja szerinti jogi\n  k\u00f6telezetts\u00e9g teljes\u00edt\u00e9se.\n  <\/td><\/tr><tr><td>\n  <strong>Adatt\u00e1rol\u00e1s\n  hat\u00e1rideje<\/strong>\n  <\/td><td>\n  Az Nkt. 41.\u00a7 (10) bekezd\u00e9s alapj\u00e1n, az\n  Adatkezel\u0151 a nyilv\u00e1ntartott gyermek \u00e9s tanul\u00f3i adatokat a jogviszony\n  megsz\u0171n\u00e9s\u00e9t\u0151l sz\u00e1m\u00edtott t\u00edz \u00e9vig kezeli, m\u00edg a hozz\u00e1j\u00e1rul\u00e1son alapul\u00f3 adatokat az \u00e9rintett\n  hozz\u00e1j\u00e1rul\u00e1s\u00e1nak visszavon\u00e1s\u00e1ig, ennek hi\u00e1ny\u00e1ban az adatkezel\u00e9si c\u00e9l\n  megval\u00f3sul\u00e1s\u00e1ig.\n  <\/td><\/tr><tr><td>\n  <strong>Adatt\u00e1rol\u00e1s\n  m\u00f3dja<\/strong>\n  <\/td><td>\n  Elektronikus\n  <\/td><\/tr><tr><td>\n  <strong>Adat\n  forr\u00e1sa<\/strong>\n  <\/td><td>\n  \u00c9rintett\u0151l felvett adat\n  <\/td><\/tr><tr><td>\n  <strong>Az\n  adatszolg\u00e1ltat\u00e1s elmarad\u00e1s\u00e1nak lehets\u00e9ges k\u00f6vetkezm\u00e9nyei<\/strong>\n  <\/td><td>\n  Az adatszolg\u00e1ltat\u00e1s elmarad\u00e1sa eset\u00e9n az\n  Adatkezel\u0151 nem tudja teljes\u00edteni a Felhaszn\u00e1l\u00f3 \u00e1ltal k\u00e9relmezett \u00fcgyint\u00e9z\u00e9s\n  lefolytat\u00e1s\u00e1t.\n  <\/td><\/tr><tr><td>\n  <strong>Automatiz\u00e1lt\n  d\u00f6nt\u00e9shozatal \u00e9s profilalkot\u00e1s<\/strong>\n  <\/td><td>\n  Az Adatkezel\u0151 nem alkalmaz automatiz\u00e1lt\n  d\u00f6nt\u00e9shozatalt \u00e9s nem v\u00e9gez profilalkot\u00e1st.\n  <\/td><\/tr><tr><td>\n  <strong>Kik\n  ismerhetik meg a szem\u00e9lyes adatokat?<\/strong>\n  <\/td><td>\n  A k\u00e9relmez\u0151 (\u00e9rintett) \u00e1ltal megadott adatokat\n  az Adatkezel\u0151 &#8211; az oktat\u00e1si, nevel\u00e9si\n  feladatot ell\u00e1t\u00f3 int\u00e9zm\u00e9ny \u2013 felhatalmazott munkat\u00e1rsai ismerhetik meg. Az\n  Adatkezel\u0151 tov\u00e1bb\u00e1 az Nkt. 41. \u00a7 (5), (7) \u00e9s (8) bekezd\u00e9se, 42. \u00a7 (3)\n  bekezd\u00e9se, valamint az EMMI rendelet rendelkez\u00e9sei szerint tov\u00e1bb\u00edtja a\n  szem\u00e9lyes adatokat az Nkt.-ban \u00e9s az EMMI rendeletben meghat\u00e1rozott c\u00edmzetti\n  k\u00f6rnek.\n  <\/td><\/tr><tr><td>\n  <strong>Adattov\u00e1bb\u00edt\u00e1s\n  harmadik orsz\u00e1gba vagy nemzetk\u00f6zi szervezet r\u00e9sz\u00e9re<\/strong>\n  <\/td><td>\n  Nem t\u00f6rt\u00e9nik harmadik orsz\u00e1gba vagy nemzetk\u00f6zi\n  szervezet r\u00e9sz\u00e9re adattov\u00e1bb\u00edt\u00e1s, \n  <\/td><\/tr><\/tbody><\/table>\n\n\n\n<ul class=\"wp-block-list\"><li><strong>A <\/strong><strong>Bizony\u00edtv\u00e1nnyal\nkapcsolatos \u00fcgyint\u00e9z\u00e9si<\/strong><strong> f\u0151men\u00fcponton bel\u00fcl el\u00e9rhet\u0151 almen\u00fcpontokhoz\nkapcsol\u00f3d\u00f3 adatkezel\u00e9sek a k\u00f6vetkez\u0151k:<\/strong><\/li><\/ul>\n\n\n\n<ul class=\"wp-block-list\"><li><strong>Bizony\u00edtv\u00e1ny-\nvagy t\u00f6rzslapm\u00e1solat ig\u00e9nyl\u00e9s\u00e9hez kapcsol\u00f3d\u00f3 adatkezel\u00e9s<\/strong><\/li><\/ul>\n\n\n\n<table class=\"wp-block-table\"><tbody><tr><td>\n  <strong>Adatkezel\u00e9s\n  c\u00e9lja<\/strong>\n  <\/td><td>\n  A bizony\u00edtv\u00e1ny- vagy t\u00f6rzslapm\u00e1sodlat\n  ig\u00e9nyl\u00e9s\u00e9nek teljes\u00edt\u00e9se \u00e9rdek\u00e9ben, az ig\u00e9nyl\u00e9s sor\u00e1n megadott adatoknak,\n  dokumentumoknak a kezel\u00e9se.\n  <\/td><\/tr><tr><td>\n  <strong>Kezelt\n  adatok k\u00f6re<\/strong>\n  <\/td><td>\n  A tanul\u00f3 vezet\u00e9kneve \u00e9s keresztneve, sz\u00fclet\u00e9si\n  helye \u00e9s ideje, anyja sz\u00fclet\u00e9si neve, valamint a bizony\u00edtv\u00e1ny\u00e1t ki\u00e1ll\u00edt\u00f3\n  int\u00e9zm\u00e9ny neve, az eredeti bizony\u00edtv\u00e1nyon szerepl\u0151 neve, az oszt\u00e1lynak a\n  sz\u00e1ma \u00e9s bet\u0171jele, amelyben v\u00e9gzett, a tanul\u00f3i jogviszony kezdete \u00e9s v\u00e9ge, n\u00e9vv\u00e1ltoz\u00e1s\n  eset\u00e9n a nyilatkozat\u00e1t a n\u00e9vv\u00e1ltoz\u00e1sr\u00f3l, valamint az \u00faj hivatalos nev\u00e9t,\n  amelyre a bizony\u00edtv\u00e1ny m\u00e1sodlat ki\u00e1ll\u00edt\u00e1s\u00e1t k\u00e9ri, a k\u00e9relem indokol\u00e1s\u00e1ban\n  esetlegesen el\u0151adott tov\u00e1bbi adatok, illetve mell\u00e9kletk\u00e9nt csatolhat\u00f3\n  dokumentumok.\n  &nbsp;\n  Megadhat\u00f3 tov\u00e1bb\u00e1 tanul\u00f3 oktat\u00e1si azonos\u00edt\u00f3ja,\n  illetve \u00e9rtes\u00edt\u00e9sei telefonsz\u00e1ma is, azonban ezek megad\u00e1sa nem k\u00f6telez\u0151.\n  <\/td><\/tr><tr><td>\n  <strong>Adatkezel\u00e9s\n  jogalapja<\/strong>\n  <\/td><td>\n  A nem k\u00f6telez\u0151en megadand\u00f3 adatok tekintet\u00e9ben\n  az adatkezel\u00e9s jogalapja a GDPR 6. cikk (1) bekezd\u00e9s a) pontja, az \u00e9rintett\n  hozz\u00e1j\u00e1rul\u00e1sa, m\u00edg a k\u00f6telez\u0151en megadand\u00f3 adatok tekintet\u00e9ben az adatkezel\u00e9s\n  jogalapja a GDPR 6. cikk (1) bekezd\u00e9s c) pontja szerinti jogi k\u00f6telezetts\u00e9g\n  teljes\u00edt\u00e9se.\n  <\/td><\/tr><tr><td>\n  <strong>Adatt\u00e1rol\u00e1s\n  hat\u00e1rideje<\/strong>\n  <\/td><td>\n  &nbsp;Az Nkt.\n  41.\u00a7 (10) bekezd\u00e9s alapj\u00e1n, az Adatkezel\u0151 a nyilv\u00e1ntartott gyermek \u00e9s tanul\u00f3i\n  adatokat a jogviszony megsz\u0171n\u00e9s\u00e9t\u0151l sz\u00e1m\u00edtott t\u00edz \u00e9vig kezeli, m\u00edg a hozz\u00e1j\u00e1rul\u00e1son alapul\u00f3 adatokat\n  az \u00e9rintett hozz\u00e1j\u00e1rul\u00e1s\u00e1nak visszavon\u00e1s\u00e1ig, ennek hi\u00e1ny\u00e1ban az adatkezel\u00e9si\n  c\u00e9l megval\u00f3sul\u00e1s\u00e1ig.\n  A\n  t\u00f6rzslapok, p\u00f3tt\u00f6rzslapok, be\u00edr\u00e1si napl\u00f3k nem selejtezhet\u0151k.\n  <\/td><\/tr><tr><td>\n  <strong>Adatt\u00e1rol\u00e1s\n  m\u00f3dja<\/strong>\n  <\/td><td>\n  Elektronikus\n  <\/td><\/tr><tr><td>\n  <strong>Adat\n  forr\u00e1sa<\/strong>\n  <\/td><td>\n  \u00c9rintett\u0151l felvett adat\n  <\/td><\/tr><tr><td>\n  <strong>Az\n  adatszolg\u00e1ltat\u00e1s elmarad\u00e1s\u00e1nak lehets\u00e9ges k\u00f6vetkezm\u00e9nyei<\/strong>\n  <\/td><td>\n  Az adatszolg\u00e1ltat\u00e1s elmarad\u00e1sa eset\u00e9n az\n  Adatkezel\u0151 nem tudja teljes\u00edteni a Felhaszn\u00e1l\u00f3 \u00e1ltal k\u00e9relmezett \u00fcgyint\u00e9z\u00e9s\n  lefolytat\u00e1s\u00e1t.\n  <\/td><\/tr><tr><td>\n  <strong>Automatiz\u00e1lt\n  d\u00f6nt\u00e9shozatal \u00e9s profilalkot\u00e1s<\/strong>\n  <\/td><td>\n  Az Adatkezel\u0151 nem alkalmaz automatiz\u00e1lt\n  d\u00f6nt\u00e9shozatalt \u00e9s nem v\u00e9gez profilalkot\u00e1st.\n  <\/td><\/tr><tr><td>\n  <strong>Kik\n  ismerhetik meg a szem\u00e9lyes adatokat?<\/strong>\n  <\/td><td>\n  A k\u00e9relmez\u0151 (\u00e9rintett) \u00e1ltal megadott adatokat\n  az Adatkezel\u0151 &#8211; az oktat\u00e1si, nevel\u00e9si\n  feladatot ell\u00e1t\u00f3 int\u00e9zm\u00e9ny \u2013 felhatalmazott munkat\u00e1rsai ismerhetik meg. Az\n  Adatkezel\u0151 tov\u00e1bb\u00e1 az Nkt. 41. \u00a7 (5), (7) \u00e9s (8) bekezd\u00e9se, 42. \u00a7 (3)\n  bekezd\u00e9se, valamint az EMMI rendelet rendelkez\u00e9sei szerint tov\u00e1bb\u00edtja a\n  szem\u00e9lyes adatokat az Nkt.-ban \u00e9s az EMMI rendeletben meghat\u00e1rozott c\u00edmzetti\n  k\u00f6rnek.\n  <\/td><\/tr><tr><td>\n  <strong>Adattov\u00e1bb\u00edt\u00e1s\n  harmadik orsz\u00e1gba vagy nemzetk\u00f6zi szervezet r\u00e9sz\u00e9re<\/strong>\n  <\/td><td>\n  Nem t\u00f6rt\u00e9nik harmadik orsz\u00e1gba vagy nemzetk\u00f6zi szervezet\n  r\u00e9sz\u00e9re adattov\u00e1bb\u00edt\u00e1s.\n  <\/td><\/tr><\/tbody><\/table>\n\n\n\n<ul class=\"wp-block-list\"><li><strong>Szem\u00e9lyes\nadatokban bek\u00f6vetkezett v\u00e1ltoz\u00e1s bejelent\u00e9s\u00e9hez kapcsol\u00f3d\u00f3 adatkezel\u00e9s<\/strong><\/li><\/ul>\n\n\n\n<table class=\"wp-block-table\"><tbody><tr><td>\n  <strong>Adatkezel\u00e9s\n  c\u00e9lja<\/strong>\n  <\/td><td>\n  A szem\u00e9lyes adatokban bek\u00f6vetkezett v\u00e1ltoz\u00e1s elektronikus\n  \u00faton t\u00f6rt\u00e9n\u0151 bejelent\u00e9s\u00e9nek biztos\u00edt\u00e1sa.\n  <\/td><\/tr><tr><td>\n  <strong>Kezelt\n  adatok k\u00f6re<\/strong>\n  <\/td><td>\n  K\u00f6telez\u0151en megadand\u00f3 adatok\n  k\u00f6re: a tanul\u00f3 teljes neve, oktat\u00e1si azonos\u00edt\u00f3ja. K\u00f6telez\u0151 mell\u00e9kletk\u00e9nt\n  csatolni a szem\u00e9lyes adatokban bek\u00f6vetkezett v\u00e1ltoz\u00e1s bejelent\u00e9se adatlapot.\n  A k\u00e9relem indokolhat\u00f3, valamint a k\u00e9relemhez\n  lehets\u00e9ges tov\u00e1bbi mell\u00e9kletek csatol\u00e1sa is, sz\u00fcks\u00e9g eset\u00e9n csatolhat\u00f3k a\n  v\u00e1ltoz\u00e1sban \u00e9rintett adat(ok)ra vonatkoz\u00f3 igazol\u00e1s(ok).\n  <\/td><\/tr><tr><td>\n  <strong>Adatkezel\u00e9s\n  jogalapja<\/strong>\n  <\/td><td>\n  A nem k\u00f6telez\u0151en megadand\u00f3 szem\u00e9lyes adatok\n  tekintet\u00e9ben az adatkezel\u00e9s jogalapja a GDPR 6. cikk (1) bekezd\u00e9s a) pontja\n  szerinti \u00e9rintetti hozz\u00e1j\u00e1rul\u00e1s, m\u00edg a k\u00f6telez\u0151en megadand\u00f3 adatok\n  tekintet\u00e9ben a jogalap a GDPR 6. cikk (1) bekezd\u00e9s c) pontja, illetve\n  k\u00fcl\u00f6nleges szem\u00e9lyes adatok vonatkoz\u00e1s\u00e1ban a GDPR 9. cikk (2) bek. b) \u00e9s h)\n  pontj\u00e1n alapulnak.\n  <\/td><\/tr><tr><td>\n  <strong>Adatt\u00e1rol\u00e1s\n  hat\u00e1rideje<\/strong>\n  <\/td><td>\n  Az Nkt. 41.\u00a7 (10) bekezd\u00e9s alapj\u00e1n, az\n  Adatkezel\u0151 a nyilv\u00e1ntartott gyermek \u00e9s tanul\u00f3i adatokat a jogviszony\n  megsz\u0171n\u00e9s\u00e9t\u0151l sz\u00e1m\u00edtott t\u00edz \u00e9vig kezeli, m\u00edg a hozz\u00e1j\u00e1rul\u00e1son alapul\u00f3 adatokat az \u00e9rintett\n  hozz\u00e1j\u00e1rul\u00e1s\u00e1nak visszavon\u00e1s\u00e1ig, ennek hi\u00e1ny\u00e1ban az adatkezel\u00e9si c\u00e9l\n  megval\u00f3sul\u00e1s\u00e1ig.\n  <\/td><\/tr><tr><td>\n  <strong>Adatt\u00e1rol\u00e1s\n  m\u00f3dja<\/strong>\n  <\/td><td>\n  Elektronikus\n  <\/td><\/tr><tr><td>\n  <strong>Adat\n  forr\u00e1sa<\/strong>\n  <\/td><td>\n  \u00c9rintett\u0151l felvett adat\n  <\/td><\/tr><tr><td>\n  <strong>Az\n  adatszolg\u00e1ltat\u00e1s elmarad\u00e1s\u00e1nak lehets\u00e9ges k\u00f6vetkezm\u00e9nyei<\/strong>\n  <\/td><td>\n  Az adatszolg\u00e1ltat\u00e1s elmarad\u00e1sa eset\u00e9n az\n  Adatkezel\u0151 nem tudja teljes\u00edteni a Felhaszn\u00e1l\u00f3 \u00e1ltal k\u00e9relmezett \u00fcgyint\u00e9z\u00e9s\n  lefolytat\u00e1s\u00e1t.\n  <\/td><\/tr><tr><td>\n  <strong>Automatiz\u00e1lt\n  d\u00f6nt\u00e9shozatal \u00e9s profilalkot\u00e1s<\/strong>\n  <\/td><td>\n  Az Adatkezel\u0151 nem alkalmaz automatiz\u00e1lt\n  d\u00f6nt\u00e9shozatalt \u00e9s nem v\u00e9gez profilalkot\u00e1st.\n  <\/td><\/tr><tr><td>\n  <strong>Kik\n  ismerhetik meg a szem\u00e9lyes adatokat?<\/strong>\n  <\/td><td>\n  A k\u00e9relmez\u0151 (\u00e9rintett) \u00e1ltal megadott adatokat\n  az Adatkezel\u0151 &#8211; az oktat\u00e1si, nevel\u00e9si\n  feladatot ell\u00e1t\u00f3 int\u00e9zm\u00e9ny \u2013 felhatalmazott munkat\u00e1rsai ismerhetik meg. Az\n  Adatkezel\u0151 tov\u00e1bb\u00e1 az Nkt. 41. \u00a7 (5), (7) \u00e9s (8) bekezd\u00e9se, 42. \u00a7 (3)\n  bekezd\u00e9se, valamint az EMMI rendelet rendelkez\u00e9sei szerint tov\u00e1bb\u00edtja a\n  szem\u00e9lyes adatokat az Nkt.-ban \u00e9s az EMMI rendeletben meghat\u00e1rozott c\u00edmzetti\n  k\u00f6rnek.\n  <\/td><\/tr><tr><td>\n  <strong>Adattov\u00e1bb\u00edt\u00e1s\n  harmadik orsz\u00e1gba vagy nemzetk\u00f6zi szervezet r\u00e9sz\u00e9re<\/strong>\n  <\/td><td>\n  Nem t\u00f6rt\u00e9nik harmadik orsz\u00e1gba vagy nemzetk\u00f6zi\n  szervezet r\u00e9sz\u00e9re adattov\u00e1bb\u00edt\u00e1s. \n  <\/td><\/tr><\/tbody><\/table>\n\n\n\n<ul class=\"wp-block-list\"><li><strong>A <\/strong><strong>Tanulm\u00e1nyokkal\nkapcsolatos \u00fcgyint\u00e9z\u00e9si<\/strong><strong> f\u0151men\u00fcponton bel\u00fcl el\u00e9rhet\u0151 almen\u00fcpontokhoz\nkapcsol\u00f3d\u00f3 adatkezel\u00e9sek a k\u00f6vetkez\u0151k:<\/strong><\/li><\/ul>\n\n\n\n<ul class=\"wp-block-list\"><li><strong>Oszt\u00e1ly\nvagy tan\u00f3rai csoport v\u00e1ltoztat\u00e1si k\u00e9relem beny\u00fajt\u00e1s\u00e1hoz kapcsol\u00f3d\u00f3 adatkezel\u00e9s<\/strong><\/li><\/ul>\n\n\n\n<table class=\"wp-block-table\"><tbody><tr><td>\n  <strong>Adatkezel\u00e9s\n  c\u00e9lja<\/strong>\n  <\/td><td>\n  Az oszt\u00e1ly vagy tan\u00f3rai csoport v\u00e1ltoztat\u00e1si\n  k\u00e9relemnek elektronikus \u00faton t\u00f6rt\u00e9n\u0151 bejelent\u00e9s\u00e9nek, beny\u00fajt\u00e1s\u00e1nak biztos\u00edt\u00e1sa,\n  k\u00e9relem elb\u00edr\u00e1l\u00e1sa.\n  <\/td><\/tr><tr><td>\n  <strong>Kezelt\n  adatok k\u00f6re<\/strong>\n  <\/td><td>\n  A k\u00e9relem beny\u00fajt\u00e1s\u00e1hoz k\u00f6telez\u0151en megadand\u00f3\n  adatok k\u00f6re: a tanul\u00f3 teljes neve, oktat\u00e1si azonos\u00edt\u00f3ja, tov\u00e1bb\u00e1 nyilatkozat a\n  v\u00e1ltoztat\u00e1s ok\u00e1r\u00f3l. A k\u00e9relemhez csatolhat\u00f3k mell\u00e9kletek is, valamint a\n  k\u00e9relem indokolhat\u00f3.\n  <\/td><\/tr><tr><td>\n  <strong>Adatkezel\u00e9s\n  jogalapja<\/strong>\n  <\/td><td>\n  A nem k\u00f6telez\u0151en megadand\u00f3 szem\u00e9lyes adatok\n  tekintet\u00e9ben az adatkezel\u00e9s jogalapja a GDPR 6. cikk (1) bekezd\u00e9s a) pontja\n  szerinti \u00e9rintetti hozz\u00e1j\u00e1rul\u00e1s, m\u00edg a k\u00f6telez\u0151en megadand\u00f3 adatok\n  tekintet\u00e9ben a jogalap a GDPR 6. cikk (1) bekezd\u00e9s c) pontja, illetve\n  k\u00fcl\u00f6nleges szem\u00e9lyes adatok vonatkoz\u00e1s\u00e1ban a GDPR 9. cikk (2) bek. b) \u00e9s h)\n  pontj\u00e1n alapulnak.\n  <\/td><\/tr><tr><td>\n  <strong>Adatt\u00e1rol\u00e1s\n  hat\u00e1rideje<\/strong>\n  <\/td><td>\n  Az Nkt. 41.\u00a7 (10) bekezd\u00e9s alapj\u00e1n, az\n  Adatkezel\u0151 a nyilv\u00e1ntartott gyermek \u00e9s tanul\u00f3i adatokat a jogviszony\n  megsz\u0171n\u00e9s\u00e9t\u0151l sz\u00e1m\u00edtott t\u00edz \u00e9vig kezeli, m\u00edg a hozz\u00e1j\u00e1rul\u00e1son alapul\u00f3 adatokat az \u00e9rintett\n  hozz\u00e1j\u00e1rul\u00e1s\u00e1nak visszavon\u00e1s\u00e1ig, ennek hi\u00e1ny\u00e1ban az adatkezel\u00e9si c\u00e9l\n  megval\u00f3sul\u00e1s\u00e1ig.\n  <\/td><\/tr><tr><td>\n  <strong>Adatt\u00e1rol\u00e1s\n  m\u00f3dja<\/strong>\n  <\/td><td>\n  Elektronikus\n  <\/td><\/tr><tr><td>\n  <strong>Adat\n  forr\u00e1sa<\/strong>\n  <\/td><td>\n  \u00c9rintett\u0151l felvett adat\n  <\/td><\/tr><tr><td>\n  <strong>Az\n  adatszolg\u00e1ltat\u00e1s elmarad\u00e1s\u00e1nak lehets\u00e9ges k\u00f6vetkezm\u00e9nyei<\/strong>\n  <\/td><td>\n  Az adatszolg\u00e1ltat\u00e1s elmarad\u00e1sa eset\u00e9n az\n  Adatkezel\u0151 nem tudja teljes\u00edteni a Felhaszn\u00e1l\u00f3 \u00e1ltal k\u00e9relmezett \u00fcgyint\u00e9z\u00e9s\n  lefolytat\u00e1s\u00e1t.\n  <\/td><\/tr><tr><td>\n  <strong>Automatiz\u00e1lt\n  d\u00f6nt\u00e9shozatal \u00e9s profilalkot\u00e1s<\/strong>\n  <\/td><td>\n  Az Adatkezel\u0151 nem alkalmaz automatiz\u00e1lt\n  d\u00f6nt\u00e9shozatalt \u00e9s nem v\u00e9gez profilalkot\u00e1st.\n  <\/td><\/tr><tr><td>\n  <strong>Kik\n  ismerhetik meg a szem\u00e9lyes adatokat?<\/strong>\n  <\/td><td>\n  A k\u00e9relmez\u0151 (\u00e9rintett) \u00e1ltal megadott adatokat\n  az Adatkezel\u0151 &#8211; az oktat\u00e1si, nevel\u00e9si\n  feladatot ell\u00e1t\u00f3 int\u00e9zm\u00e9ny \u2013 felhatalmazott munkat\u00e1rsai ismerhetik meg. Az\n  Adatkezel\u0151 tov\u00e1bb\u00e1 az Nkt. 41. \u00a7 (5), (7) \u00e9s (8) bekezd\u00e9se, 42. \u00a7 (3)\n  bekezd\u00e9se, valamint az EMMI rendelet rendelkez\u00e9sei szerint tov\u00e1bb\u00edtja a\n  szem\u00e9lyes adatokat az Nkt.-ban \u00e9s az EMMI rendeletben meghat\u00e1rozott c\u00edmzetti\n  k\u00f6rnek.\n  <\/td><\/tr><tr><td>\n  <strong>Adattov\u00e1bb\u00edt\u00e1s\n  harmadik orsz\u00e1gba vagy nemzetk\u00f6zi szervezet r\u00e9sz\u00e9re<\/strong>\n  <\/td><td>\n  Nem t\u00f6rt\u00e9nik harmadik orsz\u00e1gba vagy nemzetk\u00f6zi\n  szervezet r\u00e9sz\u00e9re adattov\u00e1bb\u00edt\u00e1s. \n  <\/td><\/tr><\/tbody><\/table>\n\n\n\n<ul class=\"wp-block-list\"><li><strong>Igazgat\u00f3i\nenged\u00e9ly di\u00e1k mulaszt\u00e1s\u00e1nak igazol\u00e1s\u00e1ra gondvisel\u0151i k\u00e9relem beny\u00fajt\u00e1s\u00e1hoz\nkapcsol\u00f3d\u00f3 adatkezel\u00e9s<\/strong><\/li><\/ul>\n\n\n\n<table class=\"wp-block-table\"><tbody><tr><td>\n  <strong>Adatkezel\u00e9s\n  c\u00e9lja<\/strong>\n  <\/td><td>\n  A gondvisel\u0151i k\u00e9relem elektronikus \u00faton t\u00f6rt\u00e9n\u0151\n  beny\u00fajt\u00e1s\u00e1nak biztos\u00edt\u00e1sa, a k\u00e9relem elb\u00edr\u00e1l\u00e1sa.\n  <\/td><\/tr><tr><td>\n  <strong>Kezelt\n  adatok k\u00f6re<\/strong>\n  <\/td><td>\n  K\u00f6telez\u0151en megadand\u00f3 adatok k\u00f6re: a tanul\u00f3\n  teljes neve, oktat\u00e1si azonos\u00edt\u00f3ja, tov\u00e1bb\u00e1 nyilatkozni sz\u00fcks\u00e9ges a k\u00e9relmezett\n  t\u00e1voll\u00e9t kezd\u0151 id\u0151pontj\u00e1r\u00f3l \u00e9s z\u00e1r\u00f3 id\u0151pontj\u00e1r\u00f3l. A k\u00e9relemhez csatolhat\u00f3k\n  mell\u00e9kletek is, valamint a k\u00e9relem indokolhat\u00f3.\n  <\/td><\/tr><tr><td>\n  <strong>Adatkezel\u00e9s\n  jogalapja<\/strong>\n  <\/td><td>\n  A nem k\u00f6telez\u0151en megadand\u00f3 szem\u00e9lyes adatok\n  tekintet\u00e9ben az adatkezel\u00e9s jogalapja a GDPR 6. cikk (1) bekezd\u00e9s a) pontja\n  szerinti \u00e9rintetti hozz\u00e1j\u00e1rul\u00e1s, m\u00edg a k\u00f6telez\u0151en megadand\u00f3 adatok\n  tekintet\u00e9ben a jogalap a GDPR 6. cikk (1) bekezd\u00e9s c) pontja, illetve\n  k\u00fcl\u00f6nleges szem\u00e9lyes adatok vonatkoz\u00e1s\u00e1ban a GDPR 9. cikk (2) bek. b) \u00e9s h)\n  pontj\u00e1n alapulnak.\n  <\/td><\/tr><tr><td>\n  <strong>Adatt\u00e1rol\u00e1s\n  hat\u00e1rideje<\/strong>\n  <\/td><td>\n  A k\u00f6telez\u0151en megadand\u00f3 adatokat a jogviszony\n  megsz\u0171n\u00e9s\u00e9t\u0151l sz\u00e1m\u00edtott 10 \u00e9vig, m\u00edg a hozz\u00e1j\u00e1rul\u00e1son alapul\u00f3 adatokat az \u00e9rintett\n  hozz\u00e1j\u00e1rul\u00e1s\u00e1nak visszavon\u00e1s\u00e1ig.\n  <\/td><\/tr><tr><td>\n  <strong>Adatt\u00e1rol\u00e1s\n  m\u00f3dja<\/strong>\n  <\/td><td>\n  Elektronikus\n  <\/td><\/tr><tr><td>\n  <strong>Adat\n  forr\u00e1sa<\/strong>\n  <\/td><td>\n  \u00c9rintett\u0151l felvett adat\n  <\/td><\/tr><tr><td>\n  <strong>Az\n  adatszolg\u00e1ltat\u00e1s elmarad\u00e1s\u00e1nak lehets\u00e9ges k\u00f6vetkezm\u00e9nyei<\/strong>\n  <\/td><td>\n  Az adatszolg\u00e1ltat\u00e1s elmarad\u00e1sa eset\u00e9n az\n  Adatkezel\u0151 nem tudja teljes\u00edteni a Felhaszn\u00e1l\u00f3 \u00e1ltal k\u00e9relmezett \u00fcgyint\u00e9z\u00e9s\n  lefolytat\u00e1s\u00e1t.\n  <\/td><\/tr><tr><td>\n  <strong>Automatiz\u00e1lt\n  d\u00f6nt\u00e9shozatal \u00e9s profilalkot\u00e1s<\/strong>\n  <\/td><td>\n  Az Adatkezel\u0151 nem alkalmaz automatiz\u00e1lt\n  d\u00f6nt\u00e9shozatalt \u00e9s nem v\u00e9gez profilalkot\u00e1st.\n  <\/td><\/tr><tr><td>\n  <strong>Kik\n  ismerhetik meg a szem\u00e9lyes adatokat?<\/strong>\n  <\/td><td>\n  A k\u00e9relmez\u0151 (\u00e9rintett) \u00e1ltal megadott adatokat\n  az Adatkezel\u0151 &#8211; az oktat\u00e1si, nevel\u00e9si\n  feladatot ell\u00e1t\u00f3 int\u00e9zm\u00e9ny \u2013 felhatalmazott munkat\u00e1rsai ismerhetik meg. Az\n  Adatkezel\u0151 tov\u00e1bb\u00e1 az Nkt. 41. \u00a7 (5), (7) \u00e9s (8) bekezd\u00e9se, 42. \u00a7 (3)\n  bekezd\u00e9se, valamint az EMMI rendelet rendelkez\u00e9sei szerint tov\u00e1bb\u00edtja a\n  szem\u00e9lyes adatokat az Nkt.-ban \u00e9s az EMMI rendeletben meghat\u00e1rozott c\u00edmzetti\n  k\u00f6rnek.\n  <\/td><\/tr><tr><td>\n  <strong>Adattov\u00e1bb\u00edt\u00e1s\n  harmadik orsz\u00e1gba vagy nemzetk\u00f6zi szervezet r\u00e9sz\u00e9re<\/strong>\n  <\/td><td>\n  Nem t\u00f6rt\u00e9nik harmadik orsz\u00e1gba vagy nemzetk\u00f6zi\n  szervezet r\u00e9sz\u00e9re adattov\u00e1bb\u00edt\u00e1s.\n  <\/td><\/tr><\/tbody><\/table>\n\n\n\n<ul class=\"wp-block-list\"><li><strong>Tanul\u00f3i\nmulaszt\u00e1s igazol\u00e1s\u00e1hoz kapcsol\u00f3d\u00f3 adatkezel\u00e9s<\/strong><\/li><\/ul>\n\n\n\n<table class=\"wp-block-table\"><tbody><tr><td>\n  <strong>Adatkezel\u00e9s\n  c\u00e9lja<\/strong>\n  <\/td><td>\n  A tanul\u00f3i mulaszt\u00e1s igazol\u00e1s\u00e1nak elektronikus\n  \u00faton t\u00f6rt\u00e9n\u0151 beny\u00fajt\u00e1sa. \n  <\/td><\/tr><tr><td>\n  <strong>Kezelt\n  adatok k\u00f6re<\/strong>\n  <\/td><td>\n  K\u00f6telez\u0151en megadand\u00f3 adatok k\u00f6re: a tanul\u00f3\n  teljes neve, oktat\u00e1si azonos\u00edt\u00f3ja, tov\u00e1bb\u00e1 nyilatkozni sz\u00fcks\u00e9ges a\n  k\u00e9relmezett hi\u00e1nyz\u00e1s kezd\u0151 id\u0151pontj\u00e1r\u00f3l \u00e9s z\u00e1r\u00f3 id\u0151pontj\u00e1r\u00f3l, valamint az\n  igazol\u00e1s t\u00edpus\u00e1r\u00f3l. A k\u00e9relemhez csatolhat\u00f3k mell\u00e9kletek is, valamint a\n  k\u00e9relem indokolhat\u00f3.\n  <\/td><\/tr><tr><td>\n  <strong>Adatkezel\u00e9s\n  jogalapja<\/strong>\n  <\/td><td>\n  A nem k\u00f6telez\u0151en megadand\u00f3 szem\u00e9lyes adatok\n  tekintet\u00e9ben az adatkezel\u00e9s jogalapja a GDPR 6. cikk (1) bekezd\u00e9s a) pontja\n  szerinti \u00e9rintetti hozz\u00e1j\u00e1rul\u00e1s, m\u00edg a k\u00f6telez\u0151en megadand\u00f3 adatok\n  tekintet\u00e9ben a jogalap a GDPR 6. cikk (1) bekezd\u00e9s c) pontja, illetve\n  k\u00fcl\u00f6nleges szem\u00e9lyes adatok vonatkoz\u00e1s\u00e1ban a GDPR 9. cikk (2) bek. b) \u00e9s h)\n  pontj\u00e1n alapulnak.\n  <\/td><\/tr><tr><td>\n  <strong>Adatt\u00e1rol\u00e1s\n  hat\u00e1rideje<\/strong>\n  <\/td><td>\n  A k\u00f6telez\u0151en megadand\u00f3 adatokat a jogviszony\n  megsz\u0171n\u00e9s\u00e9t\u0151l sz\u00e1m\u00edtott 10 \u00e9vig, m\u00edg a hozz\u00e1j\u00e1rul\u00e1son alapul\u00f3 adatokat az \u00e9rintett\n  hozz\u00e1j\u00e1rul\u00e1s\u00e1nak visszavon\u00e1s\u00e1ig.\n  <\/td><\/tr><tr><td>\n  <strong>Adatt\u00e1rol\u00e1s\n  m\u00f3dja<\/strong>\n  <\/td><td>\n  Elektronikus\n  <\/td><\/tr><tr><td>\n  <strong>Adat\n  forr\u00e1sa<\/strong>\n  <\/td><td>\n  \u00c9rintett\u0151l felvett adat\n  <\/td><\/tr><tr><td>\n  <strong>Az\n  adatszolg\u00e1ltat\u00e1s elmarad\u00e1s\u00e1nak lehets\u00e9ges k\u00f6vetkezm\u00e9nyei<\/strong>\n  <\/td><td>\n  Az adatszolg\u00e1ltat\u00e1s elmarad\u00e1sa eset\u00e9n az Adatkezel\u0151\n  nem tudja teljes\u00edteni a Felhaszn\u00e1l\u00f3 \u00e1ltal k\u00e9relmezett \u00fcgyint\u00e9z\u00e9s\n  lefolytat\u00e1s\u00e1t.\n  <\/td><\/tr><tr><td>\n  <strong>Automatiz\u00e1lt\n  d\u00f6nt\u00e9shozatal \u00e9s profilalkot\u00e1s<\/strong>\n  <\/td><td>\n  Az Adatkezel\u0151 nem alkalmaz automatiz\u00e1lt\n  d\u00f6nt\u00e9shozatalt \u00e9s nem v\u00e9gez profilalkot\u00e1st.\n  <\/td><\/tr><tr><td>\n  <strong>Kik\n  ismerhetik meg a szem\u00e9lyes adatokat?<\/strong>\n  <\/td><td>\n  A k\u00e9relmez\u0151 (\u00e9rintett) \u00e1ltal megadott adatokat\n  az Adatkezel\u0151 &#8211; az oktat\u00e1si, nevel\u00e9si\n  feladatot ell\u00e1t\u00f3 int\u00e9zm\u00e9ny \u2013 felhatalmazott munkat\u00e1rsai ismerhetik meg. Az\n  Adatkezel\u0151 tov\u00e1bb\u00e1 az Nkt. 41. \u00a7 (5), (7) \u00e9s (8) bekezd\u00e9se, 42. \u00a7 (3)\n  bekezd\u00e9se, valamint az EMMI rendelet rendelkez\u00e9sei szerint tov\u00e1bb\u00edtja a\n  szem\u00e9lyes adatokat az Nkt.-ban \u00e9s az EMMI rendeletben meghat\u00e1rozott c\u00edmzetti\n  k\u00f6rnek.\n  <\/td><\/tr><tr><td>\n  <strong>Adattov\u00e1bb\u00edt\u00e1s\n  harmadik orsz\u00e1gba vagy nemzetk\u00f6zi szervezet r\u00e9sz\u00e9re<\/strong>\n  <\/td><td>\n  Nem t\u00f6rt\u00e9nik harmadik orsz\u00e1gba vagy nemzetk\u00f6zi szervezet\n  r\u00e9sz\u00e9re adattov\u00e1bb\u00edt\u00e1s.\n  <\/td><\/tr><\/tbody><\/table>\n\n\n\n<ul class=\"wp-block-list\"><li><strong>Tanul\u00f3i\nfelment\u00e9sre, mentess\u00e9gre szolg\u00e1l\u00f3 gondvisel\u0151i k\u00e9relem beny\u00fajt\u00e1s\u00e1hoz kapcsol\u00f3d\u00f3\nadatkezel\u00e9s<\/strong><\/li><\/ul>\n\n\n\n<table class=\"wp-block-table\"><tbody><tr><td>\n  <strong>Adatkezel\u00e9s\n  c\u00e9lja<\/strong>\n  <\/td><td>\n  A tanul\u00f3i felment\u00e9s\u00e9nek, mentess\u00e9gre szolg\u00e1l\u00f3\n  gondvisel\u0151i k\u00e9relem elektronikus \u00faton t\u00f6rt\u00e9n\u0151 beny\u00fajt\u00e1s\u00e1nak biztos\u00edt\u00e1sa, a\n  k\u00e9relem elb\u00edr\u00e1l\u00e1sa.\n  <\/td><\/tr><tr><td>\n  <strong>Kezelt\n  adatok k\u00f6re<\/strong>\n  <\/td><td>\n  K\u00f6telez\u0151en megadand\u00f3 adatok k\u00f6re: a tanul\u00f3\n  teljes neve, oktat\u00e1si azonos\u00edt\u00f3ja, tov\u00e1bb\u00e1 nyilatkozni sz\u00fcks\u00e9ges a k\u00e9relem\n  t\u00edpus\u00e1r\u00f3l, illetve a k\u00e9rt felment\u00e9s kezd\u0151 id\u0151pontj\u00e1r\u00f3l \u00e9s z\u00e1r\u00f3 id\u0151pontj\u00e1r\u00f3l.\n  A k\u00e9relemhez csatolhat\u00f3k mell\u00e9kletek is, valamint a k\u00e9relem indokolhat\u00f3.\n  <\/td><\/tr><tr><td>\n  <strong>Adatkezel\u00e9s\n  jogalapja<\/strong>\n  <\/td><td>\n  A nem k\u00f6telez\u0151en megadand\u00f3 szem\u00e9lyes adatok\n  tekintet\u00e9ben az adatkezel\u00e9s jogalapja a GDPR 6. cikk (1) bekezd\u00e9s a) pontja\n  szerinti \u00e9rintetti hozz\u00e1j\u00e1rul\u00e1s, m\u00edg a k\u00f6telez\u0151en megadand\u00f3 adatok\n  tekintet\u00e9ben a jogalap a GDPR 6. cikk (1) bekezd\u00e9s c) pontja, illetve\n  k\u00fcl\u00f6nleges szem\u00e9lyes adatok vonatkoz\u00e1s\u00e1ban a GDPR 9. cikk (2) bek. b) \u00e9s h)\n  pontj\u00e1n alapulnak.\n  <\/td><\/tr><tr><td>\n  <strong>Adatt\u00e1rol\u00e1s\n  hat\u00e1rideje<\/strong>\n  <\/td><td>\n  A k\u00f6telez\u0151en megadand\u00f3 adatokat a jogviszony\n  megsz\u0171n\u00e9s\u00e9t\u0151l sz\u00e1m\u00edtott 10 \u00e9vig, m\u00edg a hozz\u00e1j\u00e1rul\u00e1son alapul\u00f3 adatokat az \u00e9rintett\n  hozz\u00e1j\u00e1rul\u00e1s\u00e1nak visszavon\u00e1s\u00e1ig.\n  <\/td><\/tr><tr><td>\n  <strong>Adatt\u00e1rol\u00e1s\n  m\u00f3dja<\/strong>\n  <\/td><td>\n  Elektronikus\n  <\/td><\/tr><tr><td>\n  <strong>Adat\n  forr\u00e1sa<\/strong>\n  <\/td><td>\n  \u00c9rintett\u0151l felvett adat\n  <\/td><\/tr><tr><td>\n  <strong>Az\n  adatszolg\u00e1ltat\u00e1s elmarad\u00e1s\u00e1nak lehets\u00e9ges k\u00f6vetkezm\u00e9nyei<\/strong>\n  <\/td><td>\n  Az adatszolg\u00e1ltat\u00e1s elmarad\u00e1sa eset\u00e9n az\n  Adatkezel\u0151 nem tudja teljes\u00edteni a Felhaszn\u00e1l\u00f3 \u00e1ltal k\u00e9relmezett \u00fcgyint\u00e9z\u00e9s\n  lefolytat\u00e1s\u00e1t.\n  <\/td><\/tr><tr><td>\n  <strong>Automatiz\u00e1lt\n  d\u00f6nt\u00e9shozatal \u00e9s profilalkot\u00e1s<\/strong>\n  <\/td><td>\n  Az Adatkezel\u0151 nem alkalmaz automatiz\u00e1lt\n  d\u00f6nt\u00e9shozatalt \u00e9s nem v\u00e9gez profilalkot\u00e1st.\n  <\/td><\/tr><tr><td>\n  <strong>Kik\n  ismerhetik meg a szem\u00e9lyes adatokat?<\/strong>\n  <\/td><td>\n  A k\u00e9relmez\u0151 (\u00e9rintett) \u00e1ltal megadott adatokat\n  az Adatkezel\u0151 &#8211; az oktat\u00e1si, nevel\u00e9si\n  feladatot ell\u00e1t\u00f3 int\u00e9zm\u00e9ny \u2013 felhatalmazott munkat\u00e1rsai ismerhetik meg. Az\n  Adatkezel\u0151 tov\u00e1bb\u00e1 az Nkt. 41. \u00a7 (5), (7) \u00e9s (8) bekezd\u00e9se, 42. \u00a7 (3)\n  bekezd\u00e9se, valamint az EMMI rendelet rendelkez\u00e9sei szerint tov\u00e1bb\u00edtja a\n  szem\u00e9lyes adatokat az Nkt.-ban \u00e9s az EMMI rendeletben meghat\u00e1rozott c\u00edmzetti\n  k\u00f6rnek.\n  <\/td><\/tr><tr><td>\n  <strong>Adattov\u00e1bb\u00edt\u00e1s\n  harmadik orsz\u00e1gba vagy nemzetk\u00f6zi szervezet r\u00e9sz\u00e9re<\/strong>\n  <\/td><td>\n  Nem t\u00f6rt\u00e9nik harmadik orsz\u00e1gba vagy nemzetk\u00f6zi\n  szervezet r\u00e9sz\u00e9re adattov\u00e1bb\u00edt\u00e1s.\n  <\/td><\/tr><\/tbody><\/table>\n\n\n\n<ul class=\"wp-block-list\"><li><strong>K\u00f6z\u00f6ss\u00e9gi\nszolg\u00e1lat teljes\u00edt\u00e9s\u00e9r\u0151l igazol\u00e1s beny\u00fajt\u00e1s\u00e1hoz kapcsol\u00f3d\u00f3 adatkezel\u00e9s<\/strong><\/li><\/ul>\n\n\n\n<table class=\"wp-block-table\"><tbody><tr><td>\n  <strong>Adatkezel\u00e9s\n  c\u00e9lja<\/strong>\n  <\/td><td>\n  A k\u00f6z\u00f6ss\u00e9gi szolg\u00e1lat teljes\u00edt\u00e9snek\n  al\u00e1t\u00e1maszt\u00e1s\u00e1ra szolg\u00e1l\u00f3 igazol\u00e1s&nbsp;\n  elektronikus \u00faton t\u00f6rt\u00e9n\u0151 beny\u00fajt\u00e1s\u00e1nak biztos\u00edt\u00e1sa.\n  <\/td><\/tr><tr><td>\n  <strong>Kezelt\n  adatok k\u00f6re<\/strong>\n  <\/td><td>\n  K\u00f6telez\u0151en megadand\u00f3 adatok k\u00f6re: a tanul\u00f3\n  teljes neve, oktat\u00e1si azonos\u00edt\u00f3ja, tov\u00e1bb\u00e1 nyilatkozni sz\u00fcks\u00e9ges a k\u00f6z\u00f6ss\u00e9gi\n  szolg\u00e1lattal \u00f6sszef\u00fcgg\u0151 napl\u00f3 sorsz\u00e1m\u00e1r\u00f3l, a szervezet nev\u00e9r\u0151l, \u00e9s a\n  k\u00f6z\u00f6ss\u00e9gi szolg\u00e1lat teljes\u00edt\u00e9s\u00e9nek d\u00e1tum\u00e1r\u00f3l, a leigazolt \u00f3r\u00e1k sz\u00e1m\u00e1r\u00f3l,\n  valamint az elv\u00e9gzett tev\u00e9kenys\u00e9gr\u0151l, ezen fel\u00fcl sz\u00fcks\u00e9ges a k\u00e9relemhez\n  mell\u00e9kelni az al\u00e1\u00edrt k\u00f6z\u00f6ss\u00e9gi napl\u00f3t is. A k\u00e9relemhez csatolhat\u00f3k mell\u00e9kletek\n  is, valamint a k\u00e9relem indokolhat\u00f3, illetve a k\u00e9relmez\u0151 megjegyz\u00e9st is\n  r\u00f6gz\u00edthet a rendszerben, amennyiben szeretne.\n  <\/td><\/tr><tr><td>\n  <strong>Adatkezel\u00e9s\n  jogalapja<\/strong>\n  <\/td><td>\n  A nem k\u00f6telez\u0151en megadand\u00f3 szem\u00e9lyes adatok\n  tekintet\u00e9ben az adatkezel\u00e9s jogalapja a GDPR 6. cikk (1) bekezd\u00e9s a) pontja\n  szerinti \u00e9rintetti hozz\u00e1j\u00e1rul\u00e1s, m\u00edg a k\u00f6telez\u0151en megadand\u00f3 adatok\n  tekintet\u00e9ben a jogalap a GDPR 6. cikk (1) bekezd\u00e9s c) pontja, illetve\n  k\u00fcl\u00f6nleges szem\u00e9lyes adatok vonatkoz\u00e1s\u00e1ban a GDPR 9. cikk (2) bek. b) \u00e9s h)\n  pontj\u00e1n alapulnak.\n  <\/td><\/tr><tr><td>\n  <strong>Adatt\u00e1rol\u00e1s\n  hat\u00e1rideje<\/strong>\n  <\/td><td>\n  A k\u00f6z\u00f6ss\u00e9gi szolg\u00e1lat\n  teljes\u00edt\u00e9s\u00e9r\u0151l sz\u00f3l\u00f3 dokumentum meg\u0151rz\u00e9si ideje 5 \u00e9v az EMMI rendelet 1.\n  sz\u00e1m\u00fa mell\u00e9klete alapj\u00e1n, m\u00edg az Nkt. 41.\u00a7 (10) bekezd\u00e9s alapj\u00e1n, az\n  Adatkezel\u0151 a nyilv\u00e1ntartott gyermek \u00e9s tanul\u00f3i adatokat a jogviszony megsz\u0171n\u00e9s\u00e9t\u0151l\n  sz\u00e1m\u00edtott t\u00edz \u00e9vig kezeli, tov\u00e1bb\u00e1 a hozz\u00e1j\u00e1rul\u00e1son alapul\u00f3 adatokat az \u00e9rintett\n  hozz\u00e1j\u00e1rul\u00e1s\u00e1nak visszavon\u00e1s\u00e1ig.\n  <\/td><\/tr><tr><td>\n  <strong>Adatt\u00e1rol\u00e1s\n  m\u00f3dja<\/strong>\n  <\/td><td>\n  Elektronikus\n  <\/td><\/tr><tr><td>\n  <strong>Adat\n  forr\u00e1sa<\/strong>\n  <\/td><td>\n  \u00c9rintett\u0151l felvett adat\n  <\/td><\/tr><tr><td>\n  <strong>Az\n  adatszolg\u00e1ltat\u00e1s elmarad\u00e1s\u00e1nak lehets\u00e9ges k\u00f6vetkezm\u00e9nyei<\/strong>\n  <\/td><td>\n  Az adatszolg\u00e1ltat\u00e1s elmarad\u00e1sa eset\u00e9n az\n  Adatkezel\u0151 nem tudja teljes\u00edteni a Felhaszn\u00e1l\u00f3 \u00e1ltal k\u00e9relmezett \u00fcgyint\u00e9z\u00e9s\n  lefolytat\u00e1s\u00e1t.\n  <\/td><\/tr><tr><td>\n  <strong>Automatiz\u00e1lt\n  d\u00f6nt\u00e9shozatal \u00e9s profilalkot\u00e1s<\/strong>\n  <\/td><td>\n  Az Adatkezel\u0151 nem alkalmaz automatiz\u00e1lt\n  d\u00f6nt\u00e9shozatalt \u00e9s nem v\u00e9gez profilalkot\u00e1st.\n  <\/td><\/tr><tr><td>\n  <strong>Kik\n  ismerhetik meg a szem\u00e9lyes adatokat?<\/strong>\n  <\/td><td>\n  A k\u00e9relmez\u0151 (\u00e9rintett) \u00e1ltal megadott adatokat\n  az Adatkezel\u0151 &#8211; az oktat\u00e1si, nevel\u00e9si\n  feladatot ell\u00e1t\u00f3 int\u00e9zm\u00e9ny \u2013 felhatalmazott munkat\u00e1rsai ismerhetik meg. Az\n  Adatkezel\u0151 tov\u00e1bb\u00e1 az Nkt. 41. \u00a7 (5), (7) \u00e9s (8) bekezd\u00e9se, 42. \u00a7 (3)\n  bekezd\u00e9se, valamint az EMMI rendelet rendelkez\u00e9sei szerint tov\u00e1bb\u00edtja a\n  szem\u00e9lyes adatokat az Nkt.-ban \u00e9s az EMMI rendeletben meghat\u00e1rozott c\u00edmzetti\n  k\u00f6rnek.\n  <\/td><\/tr><tr><td>\n  <strong>Adattov\u00e1bb\u00edt\u00e1s\n  harmadik orsz\u00e1gba vagy nemzetk\u00f6zi szervezet r\u00e9sz\u00e9re<\/strong>\n  <\/td><td>\n  Nem t\u00f6rt\u00e9nik harmadik orsz\u00e1gba vagy nemzetk\u00f6zi\n  szervezet r\u00e9sz\u00e9re adattov\u00e1bb\u00edt\u00e1s.\n  <\/td><\/tr><\/tbody><\/table>\n\n\n\n<ul class=\"wp-block-list\"><li><strong>Gyakorlati\nhely megad\u00e1s\u00e1hoz \u00e9s tanul\u00f3szerz\u0151d\u00e9s felt\u00f6lt\u00e9s\u00e9hez kapcsol\u00f3d\u00f3 adatkezel\u00e9s<\/strong><\/li><\/ul>\n\n\n\n<table class=\"wp-block-table\"><tbody><tr><td>\n  <strong>Adatkezel\u00e9s\n  c\u00e9lja<\/strong>\n  <\/td><td>\n  A tanul\u00f3 \u00e9s a k\u00f6znevel\u00e9si int\u00e9zm\u00e9ny k\u00f6z\u00f6tt\n  l\u00e9tes\u00edtend\u0151 gyakorlati k\u00e9pz\u00e9ssel \u00f6sszef\u00fcgg\u00e9sben megk\u00f6t\u00f6tt tanul\u00f3szerz\u0151d\u00e9s\n  felt\u00f6lt\u00e9s\u00e9nek \u00e9s a gyakorlati hely megad\u00e1s\u00e1nak elektronikus \u00faton t\u00f6rt\u00e9n\u0151\n  biztos\u00edt\u00e1sa.\n  <\/td><\/tr><tr><td>\n  <strong>Kezelt\n  adatok k\u00f6re<\/strong>\n  <\/td><td>\n  K\u00f6telez\u0151en megadand\u00f3 adatok k\u00f6re: a tanul\u00f3\n  teljes neve, oktat\u00e1si azonos\u00edt\u00f3ja, valamint sz\u00fcks\u00e9ges a k\u00e9relemhez mell\u00e9kelni\n  a tanul\u00f3szerz\u0151d\u00e9st, amely megk\u00f6t\u00e9sre ker\u00fclt az int\u00e9zm\u00e9ny \u00e9s a tanul\u00f3 k\u00f6zt. A\n  k\u00e9relemhez csatolhat\u00f3k mell\u00e9kletek is, valamint a k\u00e9relem indokolhat\u00f3.\n  A szakk\u00e9pz\u00e9sr\u0151l sz\u00f3l\u00f3\n  2011. \u00e9vi CLXXXVII. t\u00f6rv\u00e9ny 48.\u00a7-a alapj\u00e1n, a tanul\u00f3szerz\u0151d\u00e9s tartalmazza a\n  gyakorlati k\u00e9pz\u00e9st szervez\u0151 szervezet adatait (ide\u00e9rtve ak\u00e1r az egy\u00e9ni\n  v\u00e1llalkoz\u00f3 sz\u00e9khely\u00e9t, el\u00e9rhet\u0151s\u00e9g\u00e9t is), tov\u00e1bb\u00e1 a tanul\u00f3 term\u00e9szetes\n  szem\u00e9lyazonos\u00edt\u00f3 adatait (nev\u00e9t, sz\u00fclet\u00e9si nev\u00e9t, sz\u00fclet\u00e9si hely\u00e9t \u00e9s idej\u00e9t,\n  anyja sz\u00fclet\u00e9si nev\u00e9t, lakc\u00edm\u00e9t, oktat\u00e1si azonos\u00edt\u00f3j\u00e1t, el\u00e9rhet\u0151s\u00e9g\u00e9t),\n  halmozottan h\u00e1tr\u00e1nyos helyzet\u0171 \u00e9s a saj\u00e1tos nevel\u00e9si ig\u00e9ny\u0171 tanul\u00f3 \u00e1ltal\n  k\u00f6t\u00f6tt tanul\u00f3szerz\u0151d\u00e9s eset\u00e9n az \u00e1llam \u00e1ltal k\u00f6lts\u00e9gvet\u00e9si hozz\u00e1j\u00e1rul\u00e1sban\n  r\u00e9szes\u00edtett iskolai rendszer\u0171 szakk\u00e9pz\u00e9sben val\u00f3 ingyenes r\u00e9szv\u00e9telre\n  jogos\u00edt\u00f3 k\u00f6r\u00fclm\u00e9nyre vonatkoz\u00f3 adatot, valamint t\u00f6rv\u00e9nyes k\u00e9pvisel\u0151j\u00e9nek\n  nev\u00e9t, lakc\u00edm\u00e9t \u00e9s el\u00e9rhet\u0151s\u00e9g\u00e9t, a szakmai elm\u00e9leti k\u00e9pz\u00e9st ny\u00fajt\u00f3 szakk\u00e9pz\u0151\n  iskola adatait, az OKJ-val azonos m\u00f3don a szakk\u00e9pes\u00edt\u00e9s megnevez\u00e9s\u00e9t \u00e9s a\n  k\u00e9pz\u00e9si id\u0151t, a gyakorlati k\u00e9pz\u00e9s hely\u00e9t, a tanul\u00f3 gyakorlati k\u00e9pz\u00e9s\u00e9\u00e9rt\n  felel\u0151s szem\u00e9ly nev\u00e9t, \u00e9s &#8211; szakk\u00f6z\u00e9piskolai vagy szakiskolai tanul\u00f3 eset\u00e9n &#8211;\n  azt, hogy a gyakorlati k\u00e9pz\u00e9s helye kiz\u00e1r\u00f3lag gyakorlati k\u00e9pz\u00e9si c\u00e9lt\n  szolg\u00e1l\u00f3 tanm\u0171hely-e, a tanul\u00f3t megillet\u0151 p\u00e9nzbeli juttat\u00e1sra figyelemmel azt\n  a fizet\u00e9si sz\u00e1mlasz\u00e1mot, amelyre a p\u00e9nzbeli juttat\u00e1st \u00e1tutalj\u00e1k vagy\n  befizetik (a hivatalos formanyomtatv\u00e1ny alapj\u00e1n k\u00fcl\u00f6n felt\u00fcntetve a\n  banksz\u00e1mla tulajdonos nev\u00e9t is, a tanul\u00f3 \u00e1ltal v\u00e1lasztott szakk\u00e9pes\u00edt\u00e9sre\n  el\u0151\u00edrt eg\u00e9szs\u00e9g\u00fcgyi alkalmass\u00e1gi k\u00f6vetelm\u00e9nyeknek, p\u00e1lyaalkalmass\u00e1gi\n  k\u00f6vetelm\u00e9nyeknek a tanul\u00f3 \u00e1ltal t\u00f6rt\u00e9n\u0151 teljes\u00edt\u00e9s\u00e9re, \u00e9vfolyam\u00e1ra,\n  szintvizsg\u00e1j\u00e1ra, \u00e9retts\u00e9gij\u00e9re vonatkoz\u00f3 adatokat, az szerz\u0151d\u0151 felek al\u00e1\u00edr\u00e1s\u00e1t,\n  valamint a tanul\u00f3 gyakorlati k\u00e9pz\u00e9s\u00e9\u00e9rt felel\u0151s szem\u00e9ly nev\u00e9t, telefonsz\u00e1m\u00e1t,\n  e-mail c\u00edm\u00e9t.\n  <\/td><\/tr><tr><td>\n  <strong>Adatkezel\u00e9s\n  jogalapja<\/strong>\n  <\/td><td>\n  A nem k\u00f6telez\u0151en megadand\u00f3 szem\u00e9lyes adatok\n  tekintet\u00e9ben az adatkezel\u00e9s jogalapja a GDPR 6. cikk (1) bekezd\u00e9s a) pontja\n  szerinti \u00e9rintetti hozz\u00e1j\u00e1rul\u00e1s, m\u00edg a k\u00f6telez\u0151en megadand\u00f3 adatok\n  tekintet\u00e9ben a jogalap a GDPR 6. cikk (1) bekezd\u00e9s c) pontja, illetve\n  k\u00fcl\u00f6nleges szem\u00e9lyes adatok vonatkoz\u00e1s\u00e1ban a GDPR 9. cikk (2) bek. b) \u00e9s h)\n  pontj\u00e1n alapulnak.\n  <\/td><\/tr><tr><td>\n  <strong>Adatt\u00e1rol\u00e1s\n  hat\u00e1rideje<\/strong>\n  <\/td><td>\n  A gyakorlati k\u00e9pz\u00e9s szervez\u00e9s\u00e9vel \u00f6sszef\u00fcgg\u0151\n  adatok meg\u0151rz\u00e9si ideje 5 \u00e9v az EMMI rendelet 1. sz\u00e1m\u00fa mell\u00e9klete alapj\u00e1n, m\u00edg\n  az Nkt. 41.\u00a7 (10) bekezd\u00e9s alapj\u00e1n, az Adatkezel\u0151 a nyilv\u00e1ntartott gyermek \u00e9s\n  tanul\u00f3i adatokat a jogviszony megsz\u0171n\u00e9s\u00e9t\u0151l sz\u00e1m\u00edtott t\u00edz \u00e9vig kezeli,\n  tov\u00e1bb\u00e1 a hozz\u00e1j\u00e1rul\u00e1son\n  alapul\u00f3 adatokat az \u00e9rintett hozz\u00e1j\u00e1rul\u00e1s\u00e1nak visszavon\u00e1s\u00e1ig.\n  <\/td><\/tr><tr><td>\n  <strong>Adatt\u00e1rol\u00e1s\n  m\u00f3dja<\/strong>\n  <\/td><td>\n  Elektronikus\n  <\/td><\/tr><tr><td>\n  <strong>Adat\n  forr\u00e1sa<\/strong>\n  <\/td><td>\n  \u00c9rintett\u0151l felvett adat\n  <\/td><\/tr><tr><td>\n  <strong>Az\n  adatszolg\u00e1ltat\u00e1s elmarad\u00e1s\u00e1nak lehets\u00e9ges k\u00f6vetkezm\u00e9nyei<\/strong>\n  <\/td><td>\n  Az adatszolg\u00e1ltat\u00e1s elmarad\u00e1sa eset\u00e9n az\n  Adatkezel\u0151 nem tudja teljes\u00edteni a Felhaszn\u00e1l\u00f3 \u00e1ltal k\u00e9relmezett \u00fcgyint\u00e9z\u00e9s\n  lefolytat\u00e1s\u00e1t.\n  <\/td><\/tr><tr><td>\n  <strong>Automatiz\u00e1lt\n  d\u00f6nt\u00e9shozatal \u00e9s profilalkot\u00e1s<\/strong>\n  <\/td><td>\n  Az Adatkezel\u0151 nem alkalmaz automatiz\u00e1lt\n  d\u00f6nt\u00e9shozatalt \u00e9s nem v\u00e9gez profilalkot\u00e1st.\n  <\/td><\/tr><tr><td>\n  <strong>Kik\n  ismerhetik meg a szem\u00e9lyes adatokat?<\/strong>\n  <\/td><td>\n  A k\u00e9relmez\u0151 (\u00e9rintett) \u00e1ltal megadott adatokat\n  az Adatkezel\u0151 &#8211; az oktat\u00e1si, nevel\u00e9si\n  feladatot ell\u00e1t\u00f3 int\u00e9zm\u00e9ny \u2013 felhatalmazott munkat\u00e1rsai ismerhetik meg. Az\n  Adatkezel\u0151 tov\u00e1bb\u00e1 az Nkt. 41. \u00a7 (5), (7) \u00e9s (8) bekezd\u00e9se, 42. \u00a7 (3)\n  bekezd\u00e9se, valamint az EMMI rendelet rendelkez\u00e9sei szerint tov\u00e1bb\u00edtja a\n  szem\u00e9lyes adatokat az Nkt.-ban \u00e9s az EMMI rendeletben meghat\u00e1rozott c\u00edmzetti\n  k\u00f6rnek.\n  Amennyiben a gazdas\u00e1gi\n  kamara arr\u00f3l adott ki igazol\u00e1st az int\u00e9zm\u00e9ny sz\u00e1m\u00e1ra, hogy r\u00e9sz\u00e9r\u0151l nem\n  biztos\u00edtott a megfelel\u0151 k\u00e9pz\u0151hely, \u00fagy a szakk\u00e9pz\u0151 iskola, k\u00f6teles\n  gondoskodni a tanul\u00f3 gyakorlati k\u00e9pz\u00e9s\u00e9r\u0151l, \u00e9s ezen igazol\u00e1s ki\u00e1ll\u00edt\u00e1sa \u00e9s a\n  tanul\u00f3szerz\u0151d\u00e9s megk\u00f6t\u00e9s\u00e9nek, valamint a szintvizsga megszervez\u00e9s\u00e9nek el\u0151seg\u00edt\u00e9se\n  c\u00e9lj\u00e1b\u00f3l, a szakk\u00e9pz\u00e9sr\u0151l sz\u00f3l\u00f3 2011. \u00e9vi CLXXXVII. t\u00f6rv\u00e9ny 87.\u00a7-a\n  alapj\u00e1n, tov\u00e1bb\u00edtja a tanul\u00f3ira vonatkoz\u00f3an az\n  illet\u00e9kes gazdas\u00e1gi kamara r\u00e9sz\u00e9re a tanul\u00f3 term\u00e9szetes szem\u00e9lyazonos\u00edt\u00f3\n  adatait, halmozottan h\u00e1tr\u00e1nyos helyzet\u0171 \u00e9s a saj\u00e1tos nevel\u00e9si ig\u00e9ny\u0171 tanul\u00f3\n  \u00e1ltal k\u00f6t\u00f6tt tanul\u00f3szerz\u0151d\u00e9s eset\u00e9n az \u00e1llam \u00e1ltal k\u00f6lts\u00e9gvet\u00e9si\n  hozz\u00e1j\u00e1rul\u00e1sban r\u00e9szes\u00edtett iskolai rendszer\u0171 szakk\u00e9pz\u00e9sben val\u00f3 ingyenes\n  r\u00e9szv\u00e9telre jogos\u00edt\u00f3 k\u00f6r\u00fclm\u00e9nyre vonatkoz\u00f3 adatot, valamint t\u00f6rv\u00e9nyes\n  k\u00e9pvisel\u0151j\u00e9nek nev\u00e9t, lakc\u00edm\u00e9t \u00e9s el\u00e9rhet\u0151s\u00e9g\u00e9t, a szakmai elm\u00e9leti k\u00e9pz\u00e9st\n  ny\u00fajt\u00f3 szakk\u00e9pz\u0151 iskola adatait, az OKJ-val azonos m\u00f3don a szakk\u00e9pes\u00edt\u00e9s\n  megnevez\u00e9s\u00e9t \u00e9s a k\u00e9pz\u00e9si id\u0151t, tov\u00e1bb\u00e1 a tanul\u00f3 \u00e1ltal v\u00e1lasztott\n  szakk\u00e9pes\u00edt\u00e9sre el\u0151\u00edrt eg\u00e9szs\u00e9g\u00fcgyi alkalmass\u00e1gi k\u00f6vetelm\u00e9nyeknek, p\u00e1lyaalkalmass\u00e1gi\n  k\u00f6vetelm\u00e9nyeknek a tanul\u00f3 \u00e1ltal t\u00f6rt\u00e9n\u0151 teljes\u00edt\u00e9s\u00e9re, \u00e9vfolyam\u00e1ra,\n  szintvizsg\u00e1j\u00e1ra, \u00e9retts\u00e9gij\u00e9re vonatkoz\u00f3 adatokat. Ezen fel\u00fcl, amennyiben\n  halmozottan h\u00e1tr\u00e1nyos helyzet\u0171 \u00e9s a saj\u00e1tos nevel\u00e9si ig\u00e9ny\u0171 tanul\u00f3 k\u00f6t\u00f6tte a\n  tanul\u00f3szerz\u0151d\u00e9st, eset\u00e9ben az \u00e1llam \u00e1ltal k\u00f6lts\u00e9gvet\u00e9si hozz\u00e1j\u00e1rul\u00e1sban\n  r\u00e9szes\u00edtett iskolai rendszer\u0171 szakk\u00e9pz\u00e9sben val\u00f3 ingyenes r\u00e9szv\u00e9telre\n  jogos\u00edt\u00f3 k\u00f6r\u00fclm\u00e9nyre vonatkoz\u00f3 adatot is tov\u00e1bb\u00edtja.\n  <\/td><\/tr><tr><td>\n  <strong>Adattov\u00e1bb\u00edt\u00e1s\n  harmadik orsz\u00e1gba vagy nemzetk\u00f6zi szervezet r\u00e9sz\u00e9re<\/strong>\n  <\/td><td>\n  Nem t\u00f6rt\u00e9nik harmadik orsz\u00e1gba vagy nemzetk\u00f6zi\n  szervezet r\u00e9sz\u00e9re adattov\u00e1bb\u00edt\u00e1s. \n  &nbsp;\n  <\/td><\/tr><\/tbody><\/table>\n\n\n\n<ul class=\"wp-block-list\"><li><strong>Az \u00fcgyint\u00e9z\u00e9si fel\u00fclet haszn\u00e1lat\u00e1val \u00f6sszef\u00fcgg\u00e9sben tov\u00e1bbi\nt\u00e1j\u00e9koztat\u00e1s:<\/strong><\/li><\/ul>\n\n\n\n<p>Amennyiben az el\u0151z\u0151ekben ismertetett k\u00e9relmek\nvalamelyike beny\u00fajt\u00e1sra ker\u00fcl az elektronikus \u00fcgyint\u00e9z\u00e9si platformon, \u00fagy a\nk\u00e9relem elb\u00edr\u00e1l\u00e1sa sor\u00e1n, a hat\u00e1rozat meghozatal\u00e1val \u00f6sszef\u00fcgg\u00e9sben a rendszer\nkezeli a hat\u00e1rozatot meghoz\u00f3 szem\u00e9ly nev\u00e9t \u00e9s beoszt\u00e1s\u00e1t, a meghozott d\u00f6nt\u00e9st\n\u00e9s annak indokol\u00e1s\u00e1t, valamint a k\u00e9relemmel kapcsolatos teend\u0151k tekintet\u00e9ben az\nelv\u00e9gzend\u0151 feladatokkal megb\u00edzott felel\u0151s szem\u00e9ly nev\u00e9t. Ezen adatkezel\u00e9s c\u00e9lja\na k\u00e9relmekben foglaltak elb\u00edr\u00e1l\u00e1sa \u00e9s azok teljes\u00edt\u00e9se, a GDPR 6. cikk (1)\nbekezd\u00e9s c) pontja alapj\u00e1n. Ezen adatokat az Adatkezel\u0151 nem tov\u00e1bb\u00edtja harmadik\norsz\u00e1gba vagy nemzetk\u00f6zi szervezet r\u00e9sz\u00e9re. Az adatkezel\u00e9s sor\u00e1n az\n\u00e9rintettekre vonatkoz\u00f3 adatokat az Adatkezel\u0151 &#8211;\njellemz\u0151en az oktat\u00e1si, nevel\u00e9si feladatot ell\u00e1t\u00f3 int\u00e9zm\u00e9ny \u2013 felhatalmazott\nmunkat\u00e1rsai ismerhetik meg. Az adatkezel\u00e9ssel \u00f6sszef\u00fcgg\u00e9sben felvett adatok, az\nel\u0151bbiekben ismertetett k\u00e9relmekkel kapcsolatos meg\u0151rz\u00e9si hat\u00e1rid\u0151ig ker\u00fclnek\nt\u00e1rol\u00e1sra.<\/p>\n\n\n\n<ul class=\"wp-block-list\"><li><strong>Adatfeldolgoz\u00f3k<\/strong><\/li><\/ul>\n\n\n\n<p>Az Adatkezel\u0151 a KR\u00c9TA\nrendszer \u00fczemeltet\u00e9s\u00e9re \u00e9s az ezzel egy\u00fctt j\u00e1r\u00f3 adatfeldolgoz\u00e1si feladatok\nell\u00e1t\u00e1s\u00e1ra magasabb jogszab\u00e1lyi el\u0151\u00edr\u00e1sok alapj\u00e1n vagy szerz\u0151d\u00e9ses \u00faton m\u00e1s\nszolg\u00e1ltat\u00f3t b\u00edz meg. <\/p>\n\n\n\n<p>Az int\u00e9zm\u00e9ny, mint\nadatkezel\u0151 Adatfeldolgoz\u00f3i szerz\u0151d\u00e9st k\u00f6t\u00f6tt a Herman Ott\u00f3 Nonprofit Kft.-vel,\naki a szerz\u0151d\u00e9s \u00e9rtelm\u00e9ben a rendszer \u00fczemeltet\u00e9s\u00e9t, illetve az abban\nel\u0151\u00edrt&nbsp; adatfeldolgoz\u00e1st elv\u00e9gzi.<\/p>\n\n\n\n<p>Az eKR\u00c9TA Informatikai Zrt.\n\u00f6n\u00e1ll\u00f3 adatkezel\u0151i tev\u00e9kenys\u00e9get nem v\u00e9gez. A Felhaszn\u00e1l\u00f3k \u00e1ltal megadott\nszem\u00e9lyes adatokhoz az Adatkezel\u0151 &#8211; jellemz\u0151en az oktat\u00e1si, nevel\u00e9si feladatot\nell\u00e1t\u00f3 int\u00e9zm\u00e9ny \u2013 felhatalmazott munkat\u00e1rsai f\u00e9rhetnek hozz\u00e1. Az int\u00e9zm\u00e9ny\nadatkezel\u00e9si tev\u00e9kenys\u00e9g\u00e9\u00e9rt az int\u00e9zm\u00e9ny igazgat\u00f3ja egy szem\u00e9lyben felel\u0151s.\nAdatkezel\u00e9si jogk\u00f6r\u00e9nek gyakorl\u00e1s\u00e1val az int\u00e9zm\u00e9ny vele jogviszonyban l\u00e9v\u0151\nmunkat\u00e1rs\u00e1t hatalmazhatja fel.<\/p>\n\n\n\n<p>Az Adatkezel\u0151 egyes\nkarbantart\u00e1si, rendszerfel\u00fcgyeleti \u00e9s t\u00e1mogat\u00e1si feladatok ell\u00e1t\u00e1s\u00e1hoz az\nAdatfeldolgoz\u00f3n k\u00edv\u00fcl m\u00e1s adatfeldolgoz\u00f3t is ig\u00e9nybe vehet. Az Adatfeldolgoz\u00f3\naz adatkezel\u00e9st \u00e9rint\u0151 \u00e9rdemi d\u00f6nt\u00e9st nem hozhat, a tudom\u00e1s\u00e1ra jutott szem\u00e9lyes\nadatokat kiz\u00e1r\u00f3lag az Adatkezel\u0151 rendelkez\u00e9sei szerint dolgozhatja fel, saj\u00e1t\nc\u00e9lj\u00e1ra adatfeldolgoz\u00e1st nem v\u00e9gezhet, tov\u00e1bb\u00e1 a szem\u00e9lyes adatokat az\nAdatkezel\u0151 rendelkez\u00e9sei szerint k\u00f6teles t\u00e1rolni \u00e9s meg\u0151rizni.<\/p>\n\n\n\n<p>Az Adatfeldolgoz\u00f3 az\nadatkezel\u00e9st az Adatkezel\u0151 utas\u00edt\u00e1sai szerint v\u00e9gzi, az adatkezel\u00e9st \u00e9rint\u0151\n\u00e9rdemi d\u00f6nt\u00e9st nem hozhat, a tudom\u00e1sukra jutott szem\u00e9lyes adatokat kiz\u00e1r\u00f3lag az\nAdatkezel\u0151 rendelkez\u00e9sei szerint dolgozhatja fel, saj\u00e1t c\u00e9lj\u00e1ra\nadatfeldolgoz\u00e1st nem v\u00e9gezhet, tov\u00e1bb\u00e1 a szem\u00e9lyes adatokat az Adatkezel\u0151\nrendelkez\u00e9sei szerint k\u00f6telesek t\u00e1rolni \u00e9s meg\u0151rizni.<\/p>\n\n\n\n<ul class=\"wp-block-list\"><li><strong>A Felhaszn\u00e1l\u00f3t, mint\n\u00e9rintettet megillet\u0151 jogok<\/strong><strong><\/strong><\/li><\/ul>\n\n\n\n<p><strong>Az\n\u00e9rintett k\u00e9relmezheti a r\u00e1 vonatkoz\u00f3 szem\u00e9lyes adatokhoz val\u00f3 hozz\u00e1f\u00e9r\u00e9st (az\nadatkezel\u00e9sre vonatkoz\u00f3 t\u00e1j\u00e9koztat\u00e1s ny\u00fajt\u00e1s\u00e1t), az Adatkezel\u0151 \u00e1ltal kezelt\nadatok helyesb\u00edt\u00e9s\u00e9t, t\u00f6rl\u00e9s\u00e9t vagy kezel\u00e9s\u00e9nek korl\u00e1toz\u00e1s\u00e1t, \u00e9s tiltakozhat a\nszem\u00e9lyes adatainak kezel\u00e9se ellen<\/strong><strong> az Adatkezel\u0151 \u00e1ltal\nmeghat\u00e1rozott e-mail c\u00edmen, jogosult az adathordozhat\u00f3s\u00e1ghoz, valamint a\njogorvoslathoz<\/strong><strong>. <\/strong><strong>Panasza eset\u00e9n Magyarorsz\u00e1g ter\u00fclet\u00e9n a Nemzeti\nAdatv\u00e9delmi \u00e9s Inform\u00e1ci\u00f3szabads\u00e1g Hat\u00f3s\u00e1ghoz vagy \u2013 v\u00e1laszt\u00e1sa szerint \u2013\nb\u00edr\u00f3s\u00e1ghoz fordulhat. A b\u00edr\u00f3s\u00e1gi elj\u00e1r\u00e1sban a t\u00f6rv\u00e9nysz\u00e9k rendelkezik\nhat\u00e1sk\u00f6rrel.<\/strong><strong><\/strong><\/p>\n\n\n\n<p><strong><em>Al\u00e1bb olvashat\u00f3 a r\u00e9szletes\nle\u00edr\u00e1s az \u00e9rintetti jogok kapcs\u00e1n:<\/em><\/strong><\/p>\n\n\n\n<ul class=\"wp-block-list\"><li><strong>T\u00e1j\u00e9koztat\u00e1shoz val\u00f3 jog \u00e9s hozz\u00e1f\u00e9r\u00e9s<\/strong><\/li><\/ul>\n\n\n\n<p>Az \u00e9rintett jogosult arra,\nhogy az Adatkezel\u0151t\u0151l visszajelz\u00e9st kapjon arra vonatkoz\u00f3an, hogy szem\u00e9lyes\nadatainak kezel\u00e9se folyamatban van-e \u00e9s a k\u00f6vetkez\u0151 inform\u00e1ci\u00f3khoz hozz\u00e1f\u00e9r\u00e9st\nkapjon:<\/p>\n\n\n\n<ul class=\"wp-block-list\"><li>Jogosult megtudni az\nadatkezel\u00e9s c\u00e9lj\u00e1t;<ul><li>az \u00e9rintett szem\u00e9lyes\nadatok kateg\u00f3ri\u00e1it;<\/li><\/ul><ul><li>azon c\u00edmzetteket vagy\nc\u00edmzettek kateg\u00f3ri\u00e1it, akikkel, illetve amelyekkel a szem\u00e9lyes adatokat\nk\u00f6z\u00f6lt\u00e9k vagy k\u00f6z\u00f6lni fogj\u00e1k, ide\u00e9rtve k\u00fcl\u00f6n\u00f6sen a harmadik orsz\u00e1gbeli\nc\u00edmzetteket, illetve a nemzetk\u00f6zi szervezeteket;<\/li><\/ul><ul><li>Adott esetben a szem\u00e9lyes\nadatok t\u00e1rol\u00e1s\u00e1nak tervezett id\u0151tartam\u00e1t, vagy ha ez nem lehets\u00e9ges, ezen id\u0151tartam\nmeghat\u00e1roz\u00e1s\u00e1nak szempontjait.<\/li><\/ul><ul><li>Jogosult felvil\u00e1gos\u00edt\u00e1st\nkapnia az \u00e9rintettnek azon jog\u00e1r\u00f3l, hogy k\u00e9relmezheti-e az adatkezel\u0151t\u0151l a r\u00e1\nvonatkoz\u00f3 szem\u00e9lyes adatok helyesb\u00edt\u00e9s\u00e9t, t\u00f6rl\u00e9s\u00e9t vagy kezel\u00e9s\u00e9nek\nkorl\u00e1toz\u00e1s\u00e1t, \u00e9s tiltakozhat-e az ilyen szem\u00e9lyes adatok kezel\u00e9se ellen;\nilletve ny\u00fajthat-e valamely fel\u00fcgyeleti hat\u00f3s\u00e1ghoz c\u00edmzett panaszt.<\/li><\/ul><ul><li>Jogosult megkapnia minden\nel\u00e9rhet\u0151 inform\u00e1ci\u00f3t arr\u00f3l is, hogy ha az adatokat nem az \u00e9rintett\u0151l\ngy\u0171jt\u00f6tt\u00e9k.<\/li><\/ul><\/li><\/ul>\n\n\n\n<p>Az Adatkezel\u0151 indokolatlan\nk\u00e9sedelem n\u00e9lk\u00fcl, de mindenf\u00e9lek\u00e9ppen a k\u00e9relem be\u00e9rkez\u00e9s\u00e9t\u0151l sz\u00e1m\u00edtott egy\nh\u00f3napon bel\u00fcl t\u00e1j\u00e9koztatja az \u00e9rintettet a t\u00e1j\u00e9koztat\u00e1si jog szerinti\nk\u00e9relem nyom\u00e1n hozott int\u00e9zked\u00e9sekr\u0151l. Sz\u00fcks\u00e9g eset\u00e9n, figyelembe v\u00e9ve a\nk\u00e9relem \u00f6sszetetts\u00e9g\u00e9t \u00e9s a k\u00e9relmek sz\u00e1m\u00e1t, ez a hat\u00e1rid\u0151 tov\u00e1bbi k\u00e9t h\u00f3nappal\nmeghosszabb\u00edthat\u00f3. A hat\u00e1rid\u0151 meghosszabb\u00edt\u00e1s\u00e1r\u00f3l az adatkezel\u0151 a k\u00e9sedelem\nokainak megjel\u00f6l\u00e9s\u00e9vel a k\u00e9relem k\u00e9zhezv\u00e9tel\u00e9t\u0151l sz\u00e1m\u00edtott egy h\u00f3napon bel\u00fcl\nt\u00e1j\u00e9koztatja az \u00e9rintettet.<\/p>\n\n\n\n<p>A t\u00e1j\u00e9koztat\u00e1s f\u0151szab\u00e1ly\nszerint ingyenes, k\u00f6lts\u00e9gt\u00e9r\u00edt\u00e9st az Adatkezel\u0151 csak a GDPR 12. cikk (5)\nbekezd\u00e9sben, illetve 15. cikk (3) bekezd\u00e9sben meghat\u00e1rozott esetben sz\u00e1m\u00edt fel.<\/p>\n\n\n\n<p>Ha az Adatkezel\u0151 nem tesz\nint\u00e9zked\u00e9seket az \u00e9rintett k\u00e9relme nyom\u00e1n, k\u00e9sedelem n\u00e9lk\u00fcl, de legk\u00e9s\u0151bb a\nk\u00e9relem be\u00e9rkez\u00e9s\u00e9t\u0151l sz\u00e1m\u00edtott egy h\u00f3napon bel\u00fcl t\u00e1j\u00e9koztatja az \u00e9rintettet az\nint\u00e9zked\u00e9s elmarad\u00e1s\u00e1nak okair\u00f3l, valamint arr\u00f3l, hogy az \u00e9rintett panaszt\nny\u00fajthat be valamely fel\u00fcgyeleti hat\u00f3s\u00e1gn\u00e1l, \u00e9s \u00e9lhet b\u00edr\u00f3s\u00e1gi jogorvoslati\njog\u00e1val.<\/p>\n\n\n\n<ul class=\"wp-block-list\"><li><strong>Helyesb\u00edt\u00e9shez val\u00f3 jog<\/strong><\/li><\/ul>\n\n\n\n<p>Az \u00e9rintett jogosult arra,\nhogy k\u00e9r\u00e9s\u00e9re az Adatkezel\u0151 indokolatlan k\u00e9sedelem n\u00e9lk\u00fcl helyesb\u00edtse a r\u00e1\nvonatkoz\u00f3 pontatlan szem\u00e9lyes adatokat. Figyelembe v\u00e9ve az adatkezel\u00e9s c\u00e9lj\u00e1t,\naz \u00e9rintett jogosult arra, hogy k\u00e9rje a hi\u00e1nyos szem\u00e9lyes adatok \u2013 egyebek\nmellett kieg\u00e9sz\u00edt\u0151 nyilatkozat \u00fatj\u00e1n t\u00f6rt\u00e9n\u0151 \u2013 kieg\u00e9sz\u00edt\u00e9s\u00e9t.<\/p>\n\n\n\n<p>Arra az id\u0151tartamra, am\u00edg\naz Adatkezel\u0151 ellen\u0151rzi a szem\u00e9lyes adatok pontoss\u00e1g\u00e1t, a k\u00e9rd\u00e9ses szem\u00e9lyes\nadatok korl\u00e1toz\u00e1sra ker\u00fclhetnek a jelen t\u00e1j\u00e9koztat\u00f3 7.4. pontj\u00e1nak megfelel\u0151en.<\/p>\n\n\n\n<ul class=\"wp-block-list\"><li><strong>Tiltakoz\u00e1s joga<\/strong><\/li><\/ul>\n\n\n\n<p>Az \u00e9rintett abban az\nesetben az Adatkezel\u0151h\u00f6z int\u00e9zett nyilatkozat\u00e1val tiltakozhat szem\u00e9lyes adatai\nkezel\u00e9se ellen, ha az adatkezel\u00e9s jogalapja<\/p>\n\n\n\n<ul class=\"wp-block-list\"><li>a GDPR 6. cikk. (1)\nbekezd\u00e9s e) pontja szerinti k\u00f6z\u00e9rdek vagy<\/li><li>a GDPR 6. cikk (1) bekezd\u00e9s\nf) pontja szerinti jogos \u00e9rdek.<\/li><\/ul>\n\n\n\n<p>Tiltakoz\u00e1si jog gyakorl\u00e1sa\neset\u00e9n az Adatkezel\u0151 nem kezelheti tov\u00e1bb a szem\u00e9lyes adatokat, kiv\u00e9ve, ha az\nAdatkezel\u0151 bizony\u00edtja, hogy az adatkezel\u00e9st olyan k\u00e9nyszer\u00edt\u0151 erej\u0171 jogos okok\nindokolj\u00e1k, amelyek els\u0151bbs\u00e9get \u00e9lveznek az \u00e9rintett \u00e9rdekeivel, jogaival \u00e9s\nszabads\u00e1gaival szemben, vagy amelyek jogi ig\u00e9nyek el\u0151terjeszt\u00e9s\u00e9hez,\n\u00e9rv\u00e9nyes\u00edt\u00e9s\u00e9hez vagy v\u00e9delm\u00e9hez kapcsol\u00f3dnak.<\/p>\n\n\n\n<ul class=\"wp-block-list\"><li><strong>Az adatkezel\u00e9s korl\u00e1toz\u00e1s\u00e1hoz val\u00f3 jog<\/strong><\/li><\/ul>\n\n\n\n<p>Az adatkezel\u00e9s\nkorl\u00e1toz\u00e1s\u00e1ra abban az esetben ker\u00fclhet sor, amennyiben:<\/p>\n\n\n\n<ul class=\"wp-block-list\"><li>az \u00e9rintett vitatja az\nadatok pontoss\u00e1g\u00e1t, az adatok helyess\u00e9g\u00e9nek meg\u00e1llap\u00edt\u00e1s\u00e1ig terjed\u0151 id\u0151tartamra\naz Adatkezel\u0151 korl\u00e1tozza a szem\u00e9lyes adatok kezel\u00e9s\u00e9t;<\/li><li>az adatkezel\u00e9s jogellenes\n\u00e9s az \u00e9rintett t\u00f6rl\u00e9s helyett a felhaszn\u00e1l\u00e1s korl\u00e1toz\u00e1s\u00e1t k\u00e9ri;<\/li><li>az adatkezel\u0151nek m\u00e1r nincs\nsz\u00fcks\u00e9ge az adatokra, de az \u00e9rintett ig\u00e9nyli azokat jogi ig\u00e9nyek\nel\u0151terjeszt\u00e9s\u00e9hez;<\/li><li>az \u00e9rintett tiltakozik a\nszem\u00e9lyes adatok kezel\u00e9se ellen a GDPR 21. cikke szerint tiltakozott, a\ntiltakoz\u00e1ssal kapcsolatos m\u00e9rlegel\u00e9s elv\u00e9gz\u00e9s\u00e9nek erej\u00e9ig.<\/li><\/ul>\n\n\n\n<p>Az \u00e9rintett szem\u00e9lyes adata\nkezel\u00e9se elleni tiltakoz\u00e1s\u00e1nak elb\u00edr\u00e1l\u00e1s\u00e1nak id\u0151tartam\u00e1ra \u2013 de legfeljebb 5\nnapra \u2013 az adatkezel\u00e9st az az Adatkezel\u0151 felf\u00fcggeszti, a tiltakoz\u00e1s\nmegalapozotts\u00e1g\u00e1t megvizsg\u00e1lja \u00e9s d\u00f6nt\u00e9st hoz, amelyr\u0151l a k\u00e9relmez\u0151t\nt\u00e1j\u00e9koztatja.<\/p>\n\n\n\n<p>Amennyiben a tiltakoz\u00e1s\nindokolt, az adatot az Adatkezel\u0151 korl\u00e1tozza, azaz kiz\u00e1r\u00f3lag a t\u00e1rol\u00e1s, mint\nadatkezel\u00e9s val\u00f3sulhat meg mindaddig, am\u00edg<\/p>\n\n\n\n<ul class=\"wp-block-list\"><li>az \u00e9rintett hozz\u00e1j\u00e1rul az\nadatkezel\u00e9shez;<\/li><li>jogi ig\u00e9nyek\n\u00e9rv\u00e9nyes\u00edt\u00e9s\u00e9hez sz\u00fcks\u00e9ges a szem\u00e9lyes adatok kezel\u00e9se;<\/li><li>m\u00e1s term\u00e9szetes vagy jogi\nszem\u00e9ly jogainak v\u00e9delme \u00e9rdek\u00e9ben sz\u00fcks\u00e9gess\u00e9 v\u00e1lik a szem\u00e9lyes adatok\nkezel\u00e9se; vagy<\/li><li>jogszab\u00e1ly k\u00f6z\u00e9rdekb\u0151l\nelrendeli az adatkezel\u00e9st.<\/li><\/ul>\n\n\n\n<p>Ha az adatkezel\u00e9s\nkorl\u00e1toz\u00e1s\u00e1t az \u00e9rintett k\u00e9rte, a korl\u00e1toz\u00e1s felold\u00e1s\u00e1r\u00f3l az Adatkezel\u0151\nel\u0151zetesen t\u00e1j\u00e9koztatja az \u00e9rintettet.<\/p>\n\n\n\n<ul class=\"wp-block-list\"><li><strong>T\u00f6rl\u00e9shez val\u00f3 jog (\u201eaz elfeledtet\u00e9shez val\u00f3 jog\u201d)<\/strong><\/li><\/ul>\n\n\n\n<p>Az \u00e9rintett jogosult arra,\nhogy k\u00e9r\u00e9s\u00e9re az Adatkezel\u0151 indokolatlan k\u00e9sedelem n\u00e9lk\u00fcl t\u00f6r\u00f6lje a r\u00e1\nvonatkoz\u00f3 szem\u00e9lyes adatokat, az Adatkezel\u0151 pedig k\u00f6teles arra, hogy az \u00e9rintettre\nvonatkoz\u00f3 szem\u00e9lyes adatokat indokolatlan k\u00e9sedelem n\u00e9lk\u00fcl t\u00f6r\u00f6lje, ha az\nal\u00e1bbi indokok valamelyike fenn\u00e1ll:<\/p>\n\n\n\n<ol class=\"wp-block-list\"><li>a szem\u00e9lyes adatokra m\u00e1r\nnincs sz\u00fcks\u00e9g&nbsp;abb\u00f3l a c\u00e9lb\u00f3l, amelyb\u0151l azokat gy\u0171jt\u00f6tt\u00e9k vagy m\u00e1s\nm\u00f3don kezelt\u00e9k;<\/li><li>az \u00e9rintett visszavonja\naz adatkezel\u00e9s alapj\u00e1t k\u00e9pez\u0151 hozz\u00e1j\u00e1rul\u00e1s\u00e1t, \u00e9s az adatkezel\u00e9snek nincs\nm\u00e1s jogalapja;<\/li><li>az \u00e9rintett a GDPR 21. cikk\n(1) bekezd\u00e9se alapj\u00e1n tiltakozik az adatkezel\u00e9se ellen, \u00e9s nincs\nels\u0151bbs\u00e9get \u00e9lvez\u0151 jogszer\u0171 ok az adatkezel\u00e9sre, vagy az \u00e9rintett a 21. cikk\n(2) bekezd\u00e9se alapj\u00e1n tiltakozik az adatkezel\u00e9s ellen;<\/li><li>a szem\u00e9lyes adatokat jogellenesen\nkezelt\u00e9k;<\/li><li>a szem\u00e9lyes adatokat az\nadatkezel\u0151re alkalmazand\u00f3 uni\u00f3s vagy tag\u00e1llami jogban el\u0151\u00edrt&nbsp;jogi\nk\u00f6telezetts\u00e9g teljes\u00edt\u00e9s\u00e9hez t\u00f6r\u00f6lni kell;<\/li><\/ol>\n\n\n\n<p>VAGY<\/p>\n\n\n\n<ul class=\"wp-block-list\"><li>a szem\u00e9lyes adatok gy\u0171jt\u00e9s\u00e9re\naz inform\u00e1ci\u00f3s t\u00e1rsadalommal \u00f6sszef\u00fcgg\u0151 szolg\u00e1ltat\u00e1sok k\u00edn\u00e1l\u00e1s\u00e1val\nkapcsolatosan ker\u00fclt sor.<\/li><\/ul>\n\n\n\n<p>Az \u00e9rintett t\u00f6rl\u00e9si jog\u00e1nak\nkorl\u00e1toz\u00e1s\u00e1ra csak a GDPR-ban \u00edrt al\u00e1bbi kiv\u00e9telek fenn\u00e1ll\u00e1sa eset\u00e9n ker\u00fclhet\nsor, azaz a fenti indokok fenn\u00e1ll\u00e1sa eset\u00e9n a szem\u00e9lyes adatok tov\u00e1bbi\nmeg\u0151rz\u00e9se jogszer\u0171nek tekinthet\u0151,<\/p>\n\n\n\n<ol class=\"wp-block-list\"><li>ha a v\u00e9lem\u00e9nynyilv\u00e1n\u00edt\u00e1s \u00e9s\na t\u00e1j\u00e9koz\u00f3d\u00e1s szabads\u00e1g\u00e1hoz val\u00f3 jog gyakorl\u00e1sa, vagy<\/li><li>ha valamely jogi\nk\u00f6telezetts\u00e9gnek val\u00f3 megfelel\u00e9s (azaz az Adatkezel\u00e9si Nyilv\u00e1ntart\u00e1sban jogi\nk\u00f6telezetts\u00e9g jogalappal r\u00f6gz\u00edtett tev\u00e9kenys\u00e9g eset\u00e9n az adatkezel\u00e9s c\u00e9lj\u00e1nak\nmegfelel\u0151 id\u0151tartam alatt), vagy<\/li><li>ha k\u00f6z\u00e9rdekb\u0151l v\u00e9gzett\nfeladat v\u00e9grehajt\u00e1sa, vagy<\/li><li>ha az adatkezel\u0151re ruh\u00e1zott\nk\u00f6zhatalmi jogos\u00edtv\u00e1ny gyakorl\u00e1sa miatt, vagy<\/li><li>ha n\u00e9peg\u00e9szs\u00e9g\u00fcgy ter\u00fclet\u00e9n\n\u00e9rint\u0151 k\u00f6z\u00e9rdekb\u0151l,<\/li><li>ha k\u00f6z\u00e9rdek\u0171 archiv\u00e1l\u00e1s\nc\u00e9lj\u00e1b\u00f3l, vagy<\/li><li>ha tudom\u00e1nyos \u00e9s t\u00f6rt\u00e9nelmi\nkutat\u00e1s c\u00e9lj\u00e1b\u00f3l vagy statisztikai c\u00e9lb\u00f3l, vagy<\/li><li>ha jogi ig\u00e9nyek\nel\u0151terjeszt\u00e9s\u00e9hez, \u00e9rv\u00e9nyes\u00edt\u00e9s\u00e9hez, illetve v\u00e9delm\u00e9hez sz\u00fcks\u00e9ges.<\/li><\/ol>\n\n\n\n<ul class=\"wp-block-list\"><li><strong>Az adathordozhat\u00f3s\u00e1ghoz val\u00f3 jog<\/strong><\/li><\/ul>\n\n\n\n<p>Az \u00e9rintett jogosult arra,\nhogy a r\u00e1 vonatkoz\u00f3, \u00e1ltala az Adatkezel\u0151 rendelkez\u00e9s\u00e9re bocs\u00e1tott szem\u00e9lyes\nadatokat tagolt, sz\u00e9les k\u00f6rben haszn\u00e1lt, g\u00e9ppel olvashat\u00f3 form\u00e1tumban megkapja,\ntov\u00e1bb\u00e1 jogosult arra, hogy ezeket az adatokat egy m\u00e1sik adatkezel\u0151nek\ntov\u00e1bb\u00edtsa an\u00e9lk\u00fcl, hogy ezt akad\u00e1lyozn\u00e1 az az adatkezel\u0151, amelynek a szem\u00e9lyes\nadatokat a rendelkez\u00e9s\u00e9re bocs\u00e1totta, amennyiben:<\/p>\n\n\n\n<ul class=\"wp-block-list\"><li>az adatkezel\u00e9s jogalapja az\n\u00e9rintett hozz\u00e1j\u00e1rul\u00e1sa vagy az adatkezel\u00e9sre olyan szerz\u0151d\u00e9s teljes\u00edt\u00e9se\n\u00e9rdek\u00e9ben volt sz\u00fcks\u00e9g, amelyben az \u00e9rintett az egyik f\u00e9l vagy az a szerz\u0151d\u00e9s\nmegk\u00f6t\u00e9s\u00e9t megel\u0151z\u0151en az \u00e9rintett k\u00e9r\u00e9s\u00e9re t\u00f6rt\u00e9n\u0151 l\u00e9p\u00e9sek megt\u00e9tel\u00e9hez sz\u00fcks\u00e9ges\n[GDPR 6. cikk (1) bek. a) vagy b) pont, illetve 9. cikk (2) bek. a) pont]<\/li><\/ul>\n\n\n\n<p>\u00c9S<\/p>\n\n\n\n<ul class=\"wp-block-list\"><li>az adatkezel\u00e9s automatiz\u00e1lt\nm\u00f3don t\u00f6rt\u00e9nik.<\/li><\/ul>\n\n\n\n<p>Az Adatkezel\u0151 minden olyan\nc\u00edmzettet t\u00e1j\u00e9koztat valamennyi helyesb\u00edt\u00e9sr\u0151l, t\u00f6rl\u00e9sr\u0151l vagy\nadatkezel\u00e9s-korl\u00e1toz\u00e1sr\u00f3l, akivel, illetve amellyel a szem\u00e9lyes adatot\nk\u00f6z\u00f6lt\u00e9k, kiv\u00e9ve, ha ez lehetetlennek bizonyul, vagy ar\u00e1nytalanul nagy\ner\u0151fesz\u00edt\u00e9st ig\u00e9nyel. Az \u00e9rintettet k\u00e9r\u00e9s\u00e9re az adatkezel\u0151 t\u00e1j\u00e9koztatja e\nc\u00edmzettekr\u0151l.<\/p>\n\n\n\n<ul class=\"wp-block-list\"><li><strong>Hozz\u00e1j\u00e1rul\u00e1s visszavon\u00e1sa<\/strong><\/li><\/ul>\n\n\n\n<p>Az \u00e9rintett jogosult arra,\nhogy hozz\u00e1j\u00e1rul\u00e1s\u00e1t b\u00e1rmikor visszavonja. A hozz\u00e1j\u00e1rul\u00e1s visszavon\u00e1sa nem\n\u00e9rinti a hozz\u00e1j\u00e1rul\u00e1son alapul\u00f3, a visszavon\u00e1s el\u0151tti adatkezel\u00e9s\njogszer\u0171s\u00e9g\u00e9t. A hozz\u00e1j\u00e1rul\u00e1s visszavon\u00e1s\u00e1t ugyanolyan egyszer\u0171 m\u00f3don jogosult\nmegtenni, mint annak megad\u00e1s\u00e1t.<\/p>\n\n\n\n<ul class=\"wp-block-list\"><li><strong>Jogorvoslat<\/strong><\/li><\/ul>\n\n\n\n<p>Amennyiben az \u00e9rintett \u00fagy \u00edt\u00e9li meg, hogy az\nadatkezel\u00e9s a GDPR vagy az Infotv. rendelkez\u00e9seibe \u00fctk\u00f6zik, illetve s\u00e9relmesnek\nv\u00e9li, ahogy az Adatkezel\u0151 szem\u00e9lyes adatait kezeli, \u00fagy panasszal fordulhat az Adatkezel\u0151\nAdatv\u00e9delmi tisztvisel\u0151j\u00e9hez, vagy az Adatkezel\u0151h\u00f6z k\u00f6zvetlen\u00fcl.<\/p>\n\n\n\n<p>Ha a panasza ellen\u00e9re tov\u00e1bbra is s\u00e9relmezi azt,\nahogy az Adatkezel\u0151 kezeli az adatait, vagy k\u00f6zvetlen\u00fcl hat\u00f3s\u00e1ghoz szeretne\nfordulni, akkor bejelent\u00e9ssel \u00e9lhet a Nemzeti Adatv\u00e9delmi \u00e9s\nInform\u00e1ci\u00f3szabads\u00e1g Hat\u00f3s\u00e1gn\u00e1l (c\u00edm: 1125 Budapest, Szil\u00e1gyi Erzs\u00e9bet fasor\n22\/c, postac\u00edm: 1530 Budapest, Pf.: 5. E-mail: <a href=\"mailto:ugyfelszolgalat@naih.hu\">ugyfelszolgalat@naih.hu<\/a>,\nhonlap: <a href=\"http:\/\/www.naih.hu\">www.naih.hu<\/a>).<\/p>\n\n\n\n<p>Lehet\u0151s\u00e9ge van adatainak v\u00e9delme \u00e9rdek\u00e9ben b\u00edr\u00f3s\u00e1ghoz\nfordulni, amely az \u00fcgyben soron k\u00edv\u00fcl j\u00e1r el. Ebben az esetben szabadon\neld\u00f6ntheti, hogy a lak\u00f3helye (\u00e1lland\u00f3 lakc\u00edm) vagy a tart\u00f3zkod\u00e1si helye\n(ideiglenes lakc\u00edm) szerinti t\u00f6rv\u00e9nysz\u00e9kn\u00e9l (<a href=\"http:\/\/birosag.hu\/torvenyszekek\">http:\/\/birosag.hu\/torvenyszekek<\/a>)\nny\u00fajtja-e be kereset\u00e9t. A lak\u00f3helye vagy tart\u00f3zkod\u00e1si helye szerinti\nt\u00f6rv\u00e9nysz\u00e9ket megkeresheti a <a href=\"http:\/\/birosag.hu\/ugyfelkapcsolati-portal\/birosag-kereso\">http:\/\/birosag.hu\/ugyfelkapcsolati-portal\/birosag-kereso<\/a> oldalon.<\/p>\n\n\n\n<ul class=\"wp-block-list\"><li><strong>A nyilatkozat\nmegv\u00e1ltoztat\u00e1sa<\/strong><\/li><\/ul>\n\n\n\n<p>Az Adatkezel\u0151 fenntartja a\njogot, hogy a nyilatkozatot m\u00f3dos\u00edtsa. Amennyiben a m\u00f3dos\u00edt\u00e1s az \u00e9rintett \u00e1ltal\nmegadott szem\u00e9lyes adatainak felhaszn\u00e1l\u00e1s\u00e1t \u00e9rinti, \u00fagy a v\u00e1ltoztat\u00e1sokr\u00f3l a\nfelhaszn\u00e1l\u00f3t e-mailes t\u00e1j\u00e9koztat\u00f3 lev\u00e9l form\u00e1j\u00e1ban t\u00e1j\u00e9koztatja. Amennyiben a\nnyilatkozat m\u00f3dos\u00edt\u00e1s\u00e1b\u00f3l kifoly\u00f3lag az adatkezel\u00e9s r\u00e9szletei is megv\u00e1ltoznak,\naz Adatkezel\u0151 k\u00fcl\u00f6n megk\u00e9ri az \u00e9rintetti hozz\u00e1j\u00e1rul\u00e1st.<\/p>\n\n\n\n<ol class=\"wp-block-list\"><li><strong>Jelen t\u00e1j\u00e9koztat\u00f3ban nem meghat\u00e1rozott k\u00e9rd\u00e9sek<\/strong><\/li><\/ol>\n\n\n\n<p>A jelen t\u00e1j\u00e9koztat\u00f3ban nem meghat\u00e1rozott k\u00e9rd\u00e9sekben a GDPR, illetve az \u00e1ltala megengedett esetekben, kiseg\u00edt\u0151 jelleggel az Infotv. szab\u00e1lyai, valamint az egy\u00e9b vonatkoz\u00f3 \u00e1gazati jogszab\u00e1lyok rendelkez\u00e9sei az ir\u00e1nyad\u00f3k.<\/p>\n\n\n\n<p><\/p>\n\n\n\n<p>Sopron, 2019. m\u00e1jus 31.<\/p>\n\n\n\n<p style=\"text-align:right\">Hoczek L\u00e1szl\u00f3 J\u00f3zsef<\/p>\n\n\n\n<p style=\"text-align:right\">igazgat\u00f3<\/p>\n","protected":false},"excerpt":{"rendered":"<p>Adatkezel\u00e9si t\u00e1j\u00e9koztat\u00f3 Jelen adatkezel\u00e9si t\u00e1j\u00e9koztat\u00f3 a https:\/\/eugyintezes.e-kreta.hu\/kezdolap honlapon (a tov\u00e1bbiakban: \u201eHonlap\u201d) el\u00e9rhet\u0151 \u00fcgyint\u00e9z\u00e9si men\u00fcpontok haszn\u00e1lata sor\u00e1n t\u00f6rt\u00e9n\u0151 adatkezel\u00e9sekhez kapcsol\u00f3d\u00f3an k\u00e9sz\u00fclt, \u00f6sszhangban a term\u00e9szetes szem\u00e9lyeknek a szem\u00e9lyes adatok kezel\u00e9se tekintet\u00e9ben t\u00f6rt\u00e9n\u0151 v\u00e9delm\u00e9r\u0151l \u00e9s az ilyen adatok szabad \u00e1raml\u00e1s\u00e1r\u00f3l, valamint a 95\/46\/EK rendelet hat\u00e1lyon k\u00edv\u00fcl helyez\u00e9s\u00e9r\u0151l sz\u00f3l\u00f3, az Eur\u00f3pai Parlament \u00e9s a<span class=\"more-link\"><a href=\"https:\/\/new.rothszki.hu\/index.php\/ekreta-adatkezelesi-tajekoztato\/\">Tov\u00e1bb&#8230;<\/a><\/span><\/p>\n","protected":false},"author":1,"featured_media":0,"parent":0,"menu_order":0,"comment_status":"closed","ping_status":"closed","template":"","meta":{"_monsterinsights_skip_tracking":false,"_monsterinsights_sitenote_active":false,"_monsterinsights_sitenote_note":"","_monsterinsights_sitenote_category":0,"footnotes":""},"class_list":["entry","author-csendes-belarothszki-hu","post-4390","page","type-page","status-publish"],"_links":{"self":[{"href":"https:\/\/new.rothszki.hu\/index.php\/wp-json\/wp\/v2\/pages\/4390","targetHints":{"allow":["GET"]}}],"collection":[{"href":"https:\/\/new.rothszki.hu\/index.php\/wp-json\/wp\/v2\/pages"}],"about":[{"href":"https:\/\/new.rothszki.hu\/index.php\/wp-json\/wp\/v2\/types\/page"}],"author":[{"embeddable":true,"href":"https:\/\/new.rothszki.hu\/index.php\/wp-json\/wp\/v2\/users\/1"}],"replies":[{"embeddable":true,"href":"https:\/\/new.rothszki.hu\/index.php\/wp-json\/wp\/v2\/comments?post=4390"}],"version-history":[{"count":3,"href":"https:\/\/new.rothszki.hu\/index.php\/wp-json\/wp\/v2\/pages\/4390\/revisions"}],"predecessor-version":[{"id":4418,"href":"https:\/\/new.rothszki.hu\/index.php\/wp-json\/wp\/v2\/pages\/4390\/revisions\/4418"}],"wp:attachment":[{"href":"https:\/\/new.rothszki.hu\/index.php\/wp-json\/wp\/v2\/media?parent=4390"}],"curies":[{"name":"wp","href":"https:\/\/api.w.org\/{rel}","templated":true}]}}