{"id":4393,"date":"2019-05-27T06:37:38","date_gmt":"2019-05-27T06:37:38","guid":{"rendered":"https:\/\/new.rothszki.hu\/?page_id=4393"},"modified":"2019-05-28T06:02:03","modified_gmt":"2019-05-28T06:02:03","slug":"ugyfel-tajekoztato","status":"publish","type":"page","link":"https:\/\/new.rothszki.hu\/index.php\/ugyfel-tajekoztato\/","title":{"rendered":"\u00dcgyf\u00e9l t\u00e1j\u00e9koztat\u00f3"},"content":{"rendered":"\n<p><strong>Az elektronikus \u00fcgyint\u00e9z\u00e9s \u00e1ltal\u00e1nos szab\u00e1lyaival \u00f6sszef\u00fcgg\u0151 \u00fcgyf\u00e9l\nt\u00e1j\u00e9koztat\u00f3<\/strong><\/p>\n\n\n\n<p><strong>2019<\/strong><\/p>\n\n\n\n<p>Az elektronikus \u00fcgyint\u00e9z\u00e9s \u00e9s a bizalmi szolg\u00e1ltat\u00e1sok\n\u00e1ltal\u00e1nos szab\u00e1lyair\u00f3l sz\u00f3l\u00f3 2015. \u00e9vi CCXXII. t\u00f6rv\u00e9ny (a tov\u00e1bbiakban: \u201e<strong>E-\u00fcgyint\u00e9z\u00e9si tv.<\/strong>\u201d) rendelkez\u00e9seire\nfigyelemmel, az <strong>eKR\u00c9TA Informatikai Z\u00e1rtk\u00f6r\u0171en M\u0171k\u00f6d\u0151 R\u00e9szv\u00e9nyt\u00e1rsas\u00e1g<\/strong> (sz\u00e9khely: 2030 \u00c9rd, Retyez\u00e1ti utca 48.,\nc\u00e9gjegyz\u00e9ksz\u00e1m: 13-10-041619, k\u00e9pviseli: Dr. Szab\u00f3 Bal\u00e1zs vez\u00e9rigazgat\u00f3, a\ntov\u00e1bbiakban: \u201e<strong>T\u00e1rsas\u00e1g<\/strong>\u201d) az\nal\u00e1bbiak szerint ad t\u00e1j\u00e9koztat\u00e1st a <a href=\"https:\/\/eugyintezes.e-kreta.hu\/kezdolap\">https:\/\/eugyintezes.e-kreta.hu\/kezdolap<\/a> honlapon (a tov\u00e1bbiakban: \u201e<strong>Honlap<\/strong>\u201d) el\u00e9rhet\u0151 elektronikus \u00fcgyint\u00e9z\u00e9si szolg\u00e1ltat\u00e1sok \u00e1ltal\nig\u00e9nybe vehet\u0151 elektronikus kapcsolattart\u00e1si lehet\u0151s\u00e9gekr\u0151l, illetve\nszab\u00e1lyokr\u00f3l. <\/p>\n\n\n\n<p>Az elektronikus \u00fcgyint\u00e9z\u00e9s sor\u00e1n\nadatkezel\u0151nek a nemzeti k\u00f6znevel\u00e9sr\u0151l sz\u00f3l\u00f3 2011. \u00e9vi CXC. t\u00f6rv\u00e9ny (a\ntov\u00e1bbiakban: \u201e<strong>Nkt<\/strong>.\u201d), valamint a\nk\u00f6zalkalmazottak jog\u00e1ll\u00e1s\u00e1r\u00f3l sz\u00f3l\u00f3 1992. \u00e9vi XXXIII. t\u00f6rv\u00e9ny \u00e9rtelm\u00e9ben minden\nesetben a k\u00f6znevel\u00e9si int\u00e9zm\u00e9ny (a tov\u00e1bbiakban: \u201e<strong>Adatkezel\u0151<\/strong>\u201d) min\u0151s\u00fcl.<\/p>\n\n\n\n<p>Az\nelektronikus \u00fcgyint\u00e9z\u00e9s \u00e1ltal\u00e1nos szab\u00e1lyait k\u00fcl\u00f6n jogszab\u00e1lyok, \u00edgy az E-\u00fcgyint\u00e9z\u00e9si\ntv., az elektronikus \u00fcgyint\u00e9z\u00e9si szolg\u00e1ltat\u00e1sok ny\u00fajt\u00e1s\u00e1ra felhaszn\u00e1lhat\u00f3\nelektronikus al\u00e1\u00edr\u00e1shoz \u00e9s b\u00e9lyegz\u0151h\u00f6z kapcsol\u00f3d\u00f3 k\u00f6vetelm\u00e9nyekr\u0151l sz\u00f3l\u00f3 137\/2016.\n(VI. 13.) Korm. rendelet \u00e9s az elektronikus \u00fcgyint\u00e9z\u00e9s r\u00e9szletszab\u00e1lyair\u00f3l\nsz\u00f3l\u00f3 451\/2016. (XII. 19.) Korm. rendelet tartalmazza, megteremtve ez\u00e1ltal az Adatkezel\u0151\n\u00e1ltal megval\u00f3s\u00edtott elektronikus \u00fcgyint\u00e9z\u00e9s keretrendszer\u00e9t, mely elektronikus\n\u00fcgyint\u00e9z\u00e9s a T\u00e1rsas\u00e1g \u00e1ltal \u00fczemeltetett a K\u00f6znevel\u00e9si Regisztr\u00e1ci\u00f3s \u00e9s\nTanulm\u00e1nyi Alaprendszer (a tov\u00e1bbiakban: \u201e<strong>KR\u00c9TA<\/strong>\u201d)\nkeret\u00e9ben val\u00f3sul meg. <\/p>\n\n\n\n<p>Ma Magyarorsz\u00e1gon minden term\u00e9szetes szem\u00e9ly jogosult d\u00f6nteni\narr\u00f3l, hogy \u00fcgy\u00e9t elektronikus \u00faton k\u00edv\u00e1nja-e int\u00e9zni, ez\u00e1ltal elektronikus\n\u00faton k\u00edv\u00e1n-e kapcsolatba l\u00e9pni az adott k\u00f6znevel\u00e9si int\u00e9zm\u00e9nnyel, melynek\nk\u00f6vetkezm\u00e9nyek\u00e9nt az \u00fcgyint\u00e9z\u00e9ssel kapcsolatos adminisztr\u00e1ci\u00f3s k\u00f6telezetts\u00e9geit\n\u00e9s terheit cs\u00f6kkentheti, minimaliz\u00e1lhatja. <\/p>\n\n\n\n<p>Felhaszn\u00e1l\u00f3nak min\u0151s\u00fcl a KR\u00c9TA elektronikus rendszerben saj\u00e1t\nfelhaszn\u00e1l\u00f3n\u00e9vvel \u00e9s jelsz\u00f3val rendelkez\u0151, a KR\u00c9TA elektronikus rendszer\nszolg\u00e1ltat\u00e1sait megfelel\u0151 jogosults\u00e1ggal ig\u00e9nybe vev\u0151 term\u00e9szetes szem\u00e9ly (a\ntov\u00e1bbiakban: \u201e<strong>Felhaszn\u00e1l\u00f3<\/strong>\u201d).<\/p>\n\n\n\n<p>Amennyiben valamely Felhaszn\u00e1l\u00f3 nem k\u00edv\u00e1n az el\u0151bbiekben\nismertetett rendelkez\u00e9si jog\u00e1val \u00e9lni, \u00fagy lehet\u0151s\u00e9ge van hagyom\u00e1nyos \u00faton,\npap\u00edr alapon, szem\u00e9lyesen is elj\u00e1rni, \u00e9s \u00fcgyeit int\u00e9zni. A Honlapon t\u00f6rt\u00e9n\u0151\nelektronikus \u00fcgyint\u00e9z\u00e9s minden esetben \u00f6nk\u00e9ntes. <\/p>\n\n\n\n<p>A k\u00f6znevel\u00e9si int\u00e9zm\u00e9nyek a KR\u00c9TA elektronikus rendszeren\nkereszt\u00fcl biztos\u00edtj\u00e1k az elektronikus \u00fcgyint\u00e9z\u00e9s lehet\u0151s\u00e9g\u00e9t azon Felhaszn\u00e1l\u00f3k\nsz\u00e1m\u00e1ra, akik elektronikus \u00faton k\u00edv\u00e1nj\u00e1k int\u00e9zni \u00fcgyeiket.<\/p>\n\n\n\n<p>A KR\u00c9TA elektronikus rendszer haszn\u00e1lata sor\u00e1n a Felhaszn\u00e1l\u00f3k\naz al\u00e1bbi n\u00e9gy \u00fcgyint\u00e9z\u00e9si\nf\u0151men\u00fcpont k\u00f6z\u00fcl v\u00e1laszthatnak, melyeken bel\u00fcl tov\u00e1bbi almen\u00fcpontok\ntal\u00e1lhat\u00f3ak.<\/p>\n\n\n\n<p>A n\u00e9gy\n\u00fcgyint\u00e9z\u00e9si f\u0151men\u00fcpont a k\u00f6vetkez\u0151:<\/p>\n\n\n\n<ol class=\"wp-block-list\"><li>Beiratkoz\u00e1s,<\/li><li>Kiiratkoz\u00e1s,<\/li><li>Bizony\u00edtv\u00e1nnyal kapcsolatos\n\u00fcgyint\u00e9z\u00e9s,<\/li><li>Tanulm\u00e1nyokkal kapcsolatos\n\u00fcgyint\u00e9z\u00e9s.<\/li><\/ol>\n\n\n\n<p>Amennyiben\na Felhaszn\u00e1l\u00f3 a Beiratkoz\u00e1s \u00fcgyint\u00e9z\u00e9si f\u0151men\u00fcpontot v\u00e1lasztja \u00fcgyint\u00e9z\u00e9se\nsor\u00e1n, \u00fagy az al\u00e1bbi almen\u00fcpontok k\u00f6z\u00fcl v\u00e1laszthat:<\/p>\n\n\n\n<ul class=\"wp-block-list\"><li>Beiratkoz\u00e1s \u00e1ltal\u00e1nos iskol\u00e1ba (r\u00f6viden: B\u00c1I),<\/li><li>Beiratkoz\u00e1s k\u00f6z\u00e9pfok\u00fa int\u00e9zm\u00e9nybe (r\u00f6viden: BKI),<\/li><li>Beiratkoz\u00e1s a magyar k\u00f6znevel\u00e9sbe (r\u00f6viden: BMK),<\/li><li>Beiratkoz\u00e1s nem tank\u00f6telezetts\u00e9get teljes\u00edt\u0151\njogviszonnyal (r\u00f6viden: BNTTJ),<\/li><li>\u00c1tiratkoz\u00e1s int\u00e9zm\u00e9nyek k\u00f6z\u00f6tt (r\u00f6viden: \u00c1IK).<\/li><\/ul>\n\n\n\n<p>Amennyiben\na Felhaszn\u00e1l\u00f3 a Kiiratkoz\u00e1s \u00fcgyint\u00e9z\u00e9si f\u0151men\u00fcpontot v\u00e1lasztja \u00fcgyint\u00e9z\u00e9se\nsor\u00e1n, \u00fagy az al\u00e1bbi almen\u00fcpontok k\u00f6z\u00fcl v\u00e1laszthat:<\/p>\n\n\n\n<ul class=\"wp-block-list\"><li>Kiiratkoz\u00e1s a k\u00f6znevel\u00e9sb\u0151l (r\u00f6viden: KIK),<\/li><li>Kiiratkoz\u00e1s nem tank\u00f6telezetts\u00e9get teljes\u00edt\u0151\njogviszonyb\u00f3l (r\u00f6viden: KNTTJ),<\/li><li>K\u00fclf\u00f6ld\u00f6n t\u00f6lt\u00f6tt ideiglenes tanulm\u00e1nyi id\u0151szak\nbejelent\u00e9se (r\u00f6viden: KTIT),<\/li><li>Mag\u00e1ntanul\u00f3i jogviszony ir\u00e1nti k\u00e9rv\u00e9ny\nbejelent\u00e9se (r\u00f6viden: MJIK),<\/li><li>Vend\u00e9gtanul\u00f3i jogviszony ir\u00e1nti k\u00e9rv\u00e9ny\nbeny\u00fajt\u00e1sa (r\u00f6viden: VJB).<\/li><\/ul>\n\n\n\n<p>Amennyiben\na Felhaszn\u00e1l\u00f3 a Bizony\u00edtv\u00e1nnyal kapcsolatos \u00fcgyint\u00e9z\u00e9si f\u0151men\u00fcpontot v\u00e1lasztja\n\u00fcgyint\u00e9z\u00e9se sor\u00e1n, \u00fagy az al\u00e1bbi almen\u00fcpontok k\u00f6z\u00fcl v\u00e1laszthat:<\/p>\n\n\n\n<ul class=\"wp-block-list\"><li>Bizony\u00edtv\u00e1ny- vagy t\u00f6rzslapm\u00e1sodlat ig\u00e9nyl\u00e9se\n(r\u00f6viden: BTI),<\/li><li>Szem\u00e9lyes adatokban bek\u00f6vetkezett v\u00e1ltoz\u00e1s\nbejelent\u00e9se (r\u00f6viden: SZAV).<\/li><\/ul>\n\n\n\n<p>Amennyiben\na Felhaszn\u00e1l\u00f3 a Tanulm\u00e1nyokkal kapcsolatos \u00fcgyint\u00e9z\u00e9si f\u0151men\u00fcpontot v\u00e1lasztja\n\u00fcgyint\u00e9z\u00e9se sor\u00e1n, \u00fagy az al\u00e1bbi almen\u00fcpontok k\u00f6z\u00fcl v\u00e1laszthat:<\/p>\n\n\n\n<ul class=\"wp-block-list\"><li>Oszt\u00e1ly vagy tan\u00f3rai csoport v\u00e1ltoztat\u00e1si k\u00e9relem\nbeny\u00fajt\u00e1sa (r\u00f6viden: OTCSK),<\/li><li>Igazgat\u00f3i enged\u00e9ly di\u00e1k mulaszt\u00e1s\u00e1nak igazol\u00e1s\u00e1ra\ngondvisel\u0151i k\u00e9relem beny\u00fajt\u00e1sa (r\u00f6viden: IEDM),<\/li><li>Tanul\u00f3i mulaszt\u00e1s igazol\u00e1sa (r\u00f6viden: TMGI),<\/li><li>Tanul\u00f3i felment\u00e9sre, mentess\u00e9gre szolg\u00e1l\u00f3\ngondvisel\u0151i k\u00e9relem beny\u00fajt\u00e1sa (r\u00f6viden: TKST),<\/li><li>K\u00f6z\u00f6ss\u00e9gi szolg\u00e1lat teljes\u00edt\u00e9s\u00e9r\u0151l igazol\u00e1s\nbeny\u00fajt\u00e1sa (r\u00f6viden: TKST),<\/li><li>Gyakorlati hely megad\u00e1sa \u00e9s tanul\u00f3szerz\u0151d\u00e9s\nfelt\u00f6lt\u00e9se (r\u00f6viden: TSMT).<\/li><\/ul>\n\n\n\n<p>A KR\u00c9TA elektronikus rendszerbe t\u00f6rt\u00e9n\u0151 bel\u00e9p\u00e9s felt\u00e9teleir\u0151l, a regisztr\u00e1l\u00e1s folyamat\u00e1r\u00f3l, \u00e9s a felhaszn\u00e1l\u00f3n\u00e9v-jelsz\u00f3 ig\u00e9nyl\u00e9sr\u0151l \u00e9s azok szab\u00e1lyair\u00f3l az al\u00e1bbi linken tal\u00e1lhat\u00f3 b\u0151vebb inform\u00e1ci\u00f3: <\/p>\n\n\n\n<figure class=\"wp-block-embed-wordpress wp-block-embed is-type-wp-embed is-provider-roth-gyula-erdeszeti-faipari-kerteszeti-kornyezetvedelmi-szakgimnazium-szakkozepiskola-es-kollegium\"><div class=\"wp-block-embed__wrapper\">\n<blockquote class=\"wp-embedded-content\" data-secret=\"4wpSa9ZzED\"><a href=\"https:\/\/new.rothszki.hu\/index.php\/kreta-alap\/\">Kr\u00e9ta alapinform\u00e1ci\u00f3k<\/a><\/blockquote><iframe loading=\"lazy\" title=\"&#8220;Kr\u00e9ta alapinform\u00e1ci\u00f3k&#8221; &#8212; Roth Gyula Erd\u00e9szeti, Faipari, Kert\u00e9szeti, K\u00f6rnyezetv\u00e9delmi Szakgimn\u00e1zium, Szakk\u00f6z\u00e9piskola \u00e9s Koll\u00e9gium\" class=\"wp-embedded-content\" sandbox=\"allow-scripts\" security=\"restricted\" style=\"position: absolute; clip: rect(1px, 1px, 1px, 1px);\" src=\"https:\/\/new.rothszki.hu\/index.php\/kreta-alap\/embed\/#?secret=4wpSa9ZzED\" data-secret=\"4wpSa9ZzED\" width=\"600\" height=\"338\" frameborder=\"0\" marginwidth=\"0\" marginheight=\"0\" scrolling=\"no\"><\/iframe>\n<\/div><\/figure>\n\n\n\n<p>A KR\u00c9TA elektronikus rendszer haszn\u00e1lat\u00e1val \u00f6sszef\u00fcgg\u0151 adatkezel\u00e9si folyamatokr\u00f3l r\u00e9szletes t\u00e1j\u00e9koztat\u00e1s az al\u00e1bbi linken el\u00e9rhet\u0151: <\/p>\n\n\n\n<figure class=\"wp-block-embed-wordpress wp-block-embed is-type-wp-embed is-provider-roth-gyula-erdeszeti-faipari-kerteszeti-kornyezetvedelmi-szakgimnazium-szakkozepiskola-es-kollegium\"><div class=\"wp-block-embed__wrapper\">\n<blockquote class=\"wp-embedded-content\" data-secret=\"Bj0PdSzNI8\"><a href=\"https:\/\/new.rothszki.hu\/index.php\/ekreta-adatkezelesi-tajekoztato\/\">Adatkezel\u00e9si t\u00e1j\u00e9koztat\u00f3<\/a><\/blockquote><iframe loading=\"lazy\" title=\"&#8220;Adatkezel\u00e9si t\u00e1j\u00e9koztat\u00f3&#8221; &#8212; Roth Gyula Erd\u00e9szeti, Faipari, Kert\u00e9szeti, K\u00f6rnyezetv\u00e9delmi Szakgimn\u00e1zium, Szakk\u00f6z\u00e9piskola \u00e9s Koll\u00e9gium\" class=\"wp-embedded-content\" sandbox=\"allow-scripts\" security=\"restricted\" style=\"position: absolute; clip: rect(1px, 1px, 1px, 1px);\" src=\"https:\/\/new.rothszki.hu\/index.php\/ekreta-adatkezelesi-tajekoztato\/embed\/#?secret=Bj0PdSzNI8\" data-secret=\"Bj0PdSzNI8\" width=\"600\" height=\"338\" frameborder=\"0\" marginwidth=\"0\" marginheight=\"0\" scrolling=\"no\"><\/iframe>\n<\/div><\/figure>\n\n\n\n<p>A fenti elektronikus \u00fcgyint\u00e9z\u00e9si folyamatokr\u00f3l b\u0151vebb szab\u00e1lyoz\u00e1s az al\u00e1bbi linken el\u00e9rhet\u0151: <\/p>\n\n\n\n<figure class=\"wp-block-embed-wordpress wp-block-embed is-type-wp-embed is-provider-roth-gyula-erdeszeti-faipari-kerteszeti-kornyezetvedelmi-szakgimnazium-szakkozepiskola-es-kollegium\"><div class=\"wp-block-embed__wrapper\">\n<blockquote class=\"wp-embedded-content\" data-secret=\"LIMuIpqFaZ\"><a href=\"https:\/\/new.rothszki.hu\/index.php\/ugyfel-tajekoztato\/\">\u00dcgyf\u00e9l t\u00e1j\u00e9koztat\u00f3<\/a><\/blockquote><iframe loading=\"lazy\" title=\"&#8220;\u00dcgyf\u00e9l t\u00e1j\u00e9koztat\u00f3&#8221; &#8212; Roth Gyula Erd\u00e9szeti, Faipari, Kert\u00e9szeti, K\u00f6rnyezetv\u00e9delmi Szakgimn\u00e1zium, Szakk\u00f6z\u00e9piskola \u00e9s Koll\u00e9gium\" class=\"wp-embedded-content\" sandbox=\"allow-scripts\" security=\"restricted\" style=\"position: absolute; clip: rect(1px, 1px, 1px, 1px);\" src=\"https:\/\/new.rothszki.hu\/index.php\/ugyfel-tajekoztato\/embed\/#?secret=LIMuIpqFaZ\" data-secret=\"LIMuIpqFaZ\" width=\"600\" height=\"338\" frameborder=\"0\" marginwidth=\"0\" marginheight=\"0\" scrolling=\"no\"><\/iframe>\n<\/div><\/figure>\n","protected":false},"excerpt":{"rendered":"<p>Az elektronikus \u00fcgyint\u00e9z\u00e9s \u00e1ltal\u00e1nos szab\u00e1lyaival \u00f6sszef\u00fcgg\u0151 \u00fcgyf\u00e9l t\u00e1j\u00e9koztat\u00f3 2019 Az elektronikus \u00fcgyint\u00e9z\u00e9s \u00e9s a bizalmi szolg\u00e1ltat\u00e1sok \u00e1ltal\u00e1nos szab\u00e1lyair\u00f3l sz\u00f3l\u00f3 2015. \u00e9vi CCXXII. t\u00f6rv\u00e9ny (a tov\u00e1bbiakban: \u201eE-\u00fcgyint\u00e9z\u00e9si tv.\u201d) rendelkez\u00e9seire figyelemmel, az eKR\u00c9TA Informatikai Z\u00e1rtk\u00f6r\u0171en M\u0171k\u00f6d\u0151 R\u00e9szv\u00e9nyt\u00e1rsas\u00e1g (sz\u00e9khely: 2030 \u00c9rd, Retyez\u00e1ti utca 48., c\u00e9gjegyz\u00e9ksz\u00e1m: 13-10-041619, k\u00e9pviseli: Dr. Szab\u00f3 Bal\u00e1zs vez\u00e9rigazgat\u00f3, a tov\u00e1bbiakban:<span class=\"more-link\"><a href=\"https:\/\/new.rothszki.hu\/index.php\/ugyfel-tajekoztato\/\">Tov\u00e1bb&#8230;<\/a><\/span><\/p>\n","protected":false},"author":1,"featured_media":0,"parent":0,"menu_order":0,"comment_status":"closed","ping_status":"closed","template":"","meta":{"_monsterinsights_skip_tracking":false,"_monsterinsights_sitenote_active":false,"_monsterinsights_sitenote_note":"","_monsterinsights_sitenote_category":0,"footnotes":""},"class_list":["entry","author-csendes-belarothszki-hu","post-4393","page","type-page","status-publish"],"_links":{"self":[{"href":"https:\/\/new.rothszki.hu\/index.php\/wp-json\/wp\/v2\/pages\/4393","targetHints":{"allow":["GET"]}}],"collection":[{"href":"https:\/\/new.rothszki.hu\/index.php\/wp-json\/wp\/v2\/pages"}],"about":[{"href":"https:\/\/new.rothszki.hu\/index.php\/wp-json\/wp\/v2\/types\/page"}],"author":[{"embeddable":true,"href":"https:\/\/new.rothszki.hu\/index.php\/wp-json\/wp\/v2\/users\/1"}],"replies":[{"embeddable":true,"href":"https:\/\/new.rothszki.hu\/index.php\/wp-json\/wp\/v2\/comments?post=4393"}],"version-history":[{"count":3,"href":"https:\/\/new.rothszki.hu\/index.php\/wp-json\/wp\/v2\/pages\/4393\/revisions"}],"predecessor-version":[{"id":4417,"href":"https:\/\/new.rothszki.hu\/index.php\/wp-json\/wp\/v2\/pages\/4393\/revisions\/4417"}],"wp:attachment":[{"href":"https:\/\/new.rothszki.hu\/index.php\/wp-json\/wp\/v2\/media?parent=4393"}],"curies":[{"name":"wp","href":"https:\/\/api.w.org\/{rel}","templated":true}]}}